{"id":4486,"date":"2020-07-03T09:47:45","date_gmt":"2020-07-03T07:47:45","guid":{"rendered":"https:\/\/comunitaria.panelserver.org\/plan-reduccion-de-gastos\/"},"modified":"2020-07-07T20:34:02","modified_gmt":"2020-07-07T18:34:02","slug":"pla-reduccio-de-despeses","status":"publish","type":"page","link":"https:\/\/comunitaria.es\/ca\/comunitats\/pla-reduccio-de-despeses\/","title":{"rendered":"Pla reducci\u00f3 de Despeses"},"content":{"rendered":"<div class=\"wpb-content-wrapper\" id=\"wpb-content-root\"><p>[vc_row full_width=&#8221;stretch_row&#8221; bg_type=&#8221;image&#8221; css=&#8221;.vc_custom_1593764512250{padding-top: 100px !important;padding-bottom: 50px !important;background-image: url(https:\/\/comunitaria.es\/wp-content\/uploads\/2020\/06\/fondocomunitats3.jpg?id=4019) !important;}&#8221;][vc_column][vc_empty_space height=&#8221;120px&#8221;][vc_row_inner][vc_column_inner width=&#8221;1\/2&#8243;][\/vc_column_inner][vc_column_inner width=&#8221;1\/2&#8243;]<div class=\"aio-icon-component    style_1\"><div id=\"Info-box-wrap-1682\" class=\"aio-icon-box left-icon\" style=\"\"  ><div class=\"aio-icon-left\"><div class=\"ult-just-icon-wrapper  \"><div class=\"align-icon\" style=\"text-align:center;\">\n<div class=\"aio-icon-img \" style=\"font-size:60px;display:inline-block;\" >\n\t<img decoding=\"async\" class=\"img-icon\" alt=\"null\" src=\"https:\/\/comunitaria.es\/wp-content\/uploads\/2020\/04\/Logo2-1.png\"\/>\n<\/div><\/div><\/div><\/div><div class=\"aio-ibd-block\"><div class=\"aio-icon-header\" ><h3 class=\"aio-icon-title ult-responsive\"  data-ultimate-target='#Info-box-wrap-1682 .aio-icon-title'  data-responsive-json-new='{\"font-size\":\"desktop:25px;\",\"line-height\":\"desktop:25px;\"}'  style=\"font-weight:bold;\">Pla reducci\u00f3 de despeses de la seva comunitat<\/h3><\/div> <!-- header --><div class=\"aio-icon-description ult-responsive\"  data-ultimate-target='#Info-box-wrap-1682 .aio-icon-description'  data-responsive-json-new='{\"font-size\":\"\",\"line-height\":\"\"}'  style=\"\"><strong>Estudi de tots els consums corrents de la Comunitat i proposta de reducci\u00f3 de costos a trav\u00e9s de la cerca de les millors ofertes del mercat.<\/strong><\/p>\n<ul>\n<li>Ascensors<\/li>\n<li>Neteja<\/li>\n<li>Companyies el\u00e8ctriques<\/li>\n<li>Manteniments<\/li>\n<li>Segur comunitari<\/li>\n<li>Despeses banc\u00e0ries<\/li>\n<li>Obres menors<\/li>\n<\/ul>\n<p><strong>Control dels manteniments i seguiment peri\u00f2dic de tots els serveis.<\/strong><\/p>\n<p><strong>Manteniments preventius<\/strong>\u00a0a trav\u00e9s de revisions peri\u00f2diques d\u2019elements b\u00e0sics comunitaris.<\/div> <!-- description --><\/div> <!-- aio-ibd-block --><\/div> <!-- aio-icon-box --><\/div> <!-- aio-icon-component -->[\/vc_column_inner][\/vc_row_inner][vc_empty_space height=&#8221;60px&#8221;][\/vc_column][\/vc_row][vc_row][vc_column][vc_column_text]<strong>Potser estaves buscant:<\/strong><br \/>\nAdministrador de finques a Lleida, serveis immobiliaris, gesti\u00f3 de comunitats de propietaris, administraci\u00f3 de finques, consultors immobiliaris, assessorament immobiliari Lleida.[\/vc_column_text][\/vc_column][\/vc_row][vc_row full_width=&#8221;stretch_row&#8221; bg_type=&#8221;image&#8221; bg_override=&#8221;full&#8221; wrap_container=&#8221;yes&#8221; is_section=&#8221;yes&#8221; section_skin=&#8221;parallax&#8221; remove_margin_top=&#8221;yes&#8221; remove_margin_bottom=&#8221;yes&#8221; css=&#8221;.vc_custom_1594146761951{margin-bottom: 0px !important;border-bottom-width: 0px !important;padding-bottom: 0px !important;background-image: url(https:\/\/comunitaria.es\/wp-content\/uploads\/2020\/06\/fondo-contacto-footer-2.jpg?id=4061) !important;background-position: center !important;background-repeat: no-repeat !important;background-size: cover !important;}&#8221; el_class=&#8221;bg-pos-bottom&#8221;][vc_column width=&#8221;1\/2&#8243; offset=&#8221;vc_hidden-sm vc_hidden-xs&#8221;][\/vc_column][vc_column offset=&#8221;vc_col-md-6&#8243;][vc_custom_heading text=&#8221;Sol\u00b7licitar informaci\u00f3&#8221; use_theme_fonts=&#8221;yes&#8221; el_class=&#8221;m-t-lg m-b-none&#8221;][vc_column_text el_class=&#8221;m-b-none&#8221;]Consulta sobre els nostres serveis o demana pressupost sense comprom\u00eds.[\/vc_column_text][vc_separator color=&#8221;custom&#8221; align=&#8221;align_left&#8221; border_width=&#8221;3&#8243; type=&#8221;small&#8221; accent_color=&#8221;#cfa968&#8243;]\n<div class=\"wpcf7 no-js\" id=\"wpcf7-f3500-o1\" lang=\"es-ES\" dir=\"ltr\" data-wpcf7-id=\"3500\">\n<div class=\"screen-reader-response\"><p role=\"status\" aria-live=\"polite\" aria-atomic=\"true\"><\/p> <ul><\/ul><\/div>\n<form action=\"\/ca\/wp-json\/wp\/v2\/pages\/4486#wpcf7-f3500-o1\" method=\"post\" class=\"wpcf7-form init\" aria-label=\"Contact form\" novalidate=\"novalidate\" data-status=\"init\">\n<fieldset class=\"hidden-fields-container\"><input type=\"hidden\" name=\"_wpcf7\" value=\"3500\" \/><input type=\"hidden\" name=\"_wpcf7_version\" value=\"6.1.7\" \/><input type=\"hidden\" name=\"_wpcf7_locale\" value=\"es_ES\" \/><input type=\"hidden\" name=\"_wpcf7_unit_tag\" value=\"wpcf7-f3500-o1\" \/><input type=\"hidden\" name=\"_wpcf7_container_post\" value=\"0\" \/><input type=\"hidden\" name=\"_wpcf7_posted_data_hash\" value=\"\" \/><input type=\"hidden\" name=\"_wpcf7_recaptcha_response\" value=\"\" \/>\n<\/fieldset>\n<p><span class=\"wpcf7-form-control-wrap\" data-name=\"your-name\"><input size=\"40\" maxlength=\"400\" class=\"wpcf7-form-control wpcf7-text wpcf7-validates-as-required w-100\" aria-required=\"true\" aria-invalid=\"false\" placeholder=\"Nom i Cognoms*\" value=\"\" type=\"text\" name=\"your-name\" \/><\/span><br \/>\n<span class=\"wpcf7-form-control-wrap\" data-name=\"your-email\"><input size=\"40\" maxlength=\"400\" class=\"wpcf7-form-control wpcf7-email wpcf7-validates-as-required wpcf7-text wpcf7-validates-as-email w-100\" aria-required=\"true\" aria-invalid=\"false\" placeholder=\"Email*\" value=\"\" type=\"email\" name=\"your-email\" \/><\/span><br \/>\n<span class=\"wpcf7-form-control-wrap\" data-name=\"your-tel\"><input size=\"40\" maxlength=\"400\" class=\"wpcf7-form-control wpcf7-text wpcf7-validates-as-required w-100\" aria-required=\"true\" aria-invalid=\"false\" placeholder=\"Tel\u00e8fon*\" value=\"\" type=\"text\" name=\"your-tel\" \/><\/span><br \/>\n<span class=\"wpcf7-form-control-wrap\" data-name=\"your-message\"><textarea cols=\"40\" rows=\"4\" maxlength=\"2000\" class=\"wpcf7-form-control wpcf7-textarea w-100\" aria-invalid=\"false\" placeholder=\"Missatge...\" name=\"your-message\"><\/textarea><\/span>\n<\/p>\n<p><input class=\"wpcf7-form-control wpcf7-submit has-spinner btn btn-lg btn-full-rounded py-3 w-100\" type=\"submit\" value=\"Sol\u00b7licitar Informaci\u00f3\" \/>\n<\/p>\n<p><span class=\"wpcf7-form-control-wrap\" data-name=\"rgpd\"><span class=\"wpcf7-form-control wpcf7-acceptance\"><span class=\"wpcf7-list-item\"><label><input type=\"checkbox\" name=\"rgpd\" value=\"1\" aria-invalid=\"false\" \/><span class=\"wpcf7-list-item-label\"><span style=\"color:#000; text-shadow: 1px 1px 2px #fff;\"> He llegit i accepto la <\/span><a style=\"color:#000; text-shadow: 1px 1px 2px #fff;\" href=\"https:\/\/comunitaria.es\/ca\/politica-de-privacitat-avis-legal\/\">pol\u00edtica de privacitat.<\/a><\/span><\/label><\/span><\/span><\/span>\n<\/p><div class=\"wpcf7-response-output\" aria-hidden=\"true\"><\/div>\n<\/form>\n<\/div>\n[vc_empty_space][\/vc_column][\/vc_row]<\/p>\n<\/div>","protected":false},"excerpt":{"rendered":"<p>[vc_row full_width=&#8221;stretch_row&#8221; bg_type=&#8221;image&#8221; css=&#8221;.vc_custom_1593764512250{padding-top: 100px !important;padding-bottom: 50px !important;background-image: url(https:\/\/comunitaria.es\/wp-content\/uploads\/2020\/06\/fondocomunitats3.jpg?id=4019) !important;}&#8221;][vc_column][vc_empty_space height=&#8221;120px&#8221;][vc_row_inner][vc_column_inner width=&#8221;1\/2&#8243;][\/vc_column_inner][vc_column_inner width=&#8221;1\/2&#8243;][\/vc_column_inner][\/vc_row_inner][vc_empty_space height=&#8221;60px&#8221;][\/vc_column][\/vc_row][vc_row][vc_column][vc_column_text]Potser estaves buscant: Administrador de finques a Lleida, serveis immobiliaris, gesti\u00f3 de comunitats de propietaris, administraci\u00f3 de finques, consultors immobiliaris, assessorament immobiliari Lleida.[\/vc_column_text][\/vc_column][\/vc_row][vc_row full_width=&#8221;stretch_row&#8221; bg_type=&#8221;image&#8221; bg_override=&#8221;full&#8221; wrap_container=&#8221;yes&#8221; is_section=&#8221;yes&#8221; section_skin=&#8221;parallax&#8221; remove_margin_top=&#8221;yes&#8221; remove_margin_bottom=&#8221;yes&#8221; css=&#8221;.vc_custom_1594146761951{margin-bottom: 0px !important;border-bottom-width: 0px !important;padding-bottom: 0px !important;background-image: url(https:\/\/comunitaria.es\/wp-content\/uploads\/2020\/06\/fondo-contacto-footer-2.jpg?id=4061) !important;background-position: center !important;background-repeat:&hellip;<\/p>\n","protected":false},"author":2,"featured_media":0,"parent":3509,"menu_order":0,"comment_status":"closed","ping_status":"closed","template":"","meta":{"_joinchat":[],"footnotes":""},"class_list":["post-4486","page","type-page","status-publish","hentry","description-off"],"yoast_head":"<!-- This site is optimized with the Yoast SEO plugin v28.3 - https:\/\/yoast.com\/product\/yoast-seo-wordpress\/ -->\n<title>Administraci\u00f3 de comunitats Lleida, Vielha<\/title>\n<meta name=\"description\" content=\"Gesti\u00f3 de finques i administraci\u00f3 de comunitats de propietaris a Lleida i Vielha. Advocats i assessorament immobiliari.\" \/>\n<meta name=\"robots\" content=\"index, follow, max-snippet:-1, max-image-preview:large, max-video-preview:-1\" \/>\n<link rel=\"canonical\" href=\"https:\/\/comunitaria.es\/ca\/comunitats\/pla-reduccio-de-despeses\/\" \/>\n<meta property=\"og:locale\" content=\"ca_ES\" \/>\n<meta property=\"og:type\" content=\"article\" \/>\n<meta property=\"og:title\" content=\"Administraci\u00f3 de comunitats Lleida, Vielha\" \/>\n<meta property=\"og:description\" content=\"Gesti\u00f3 de finques i administraci\u00f3 de comunitats de propietaris a Lleida i Vielha. Advocats i assessorament immobiliari.\" \/>\n<meta property=\"og:url\" content=\"https:\/\/comunitaria.es\/ca\/comunitats\/pla-reduccio-de-despeses\/\" \/>\n<meta property=\"og:site_name\" content=\"Comunit\u00e0ria - Administraci\u00f3 i Serveis\" \/>\n<meta property=\"article:modified_time\" content=\"2020-07-07T18:34:02+00:00\" \/>\n<meta name=\"twitter:card\" content=\"summary_large_image\" \/>\n<meta name=\"twitter:label1\" content=\"Est. reading time\" \/>\n\t<meta name=\"twitter:data1\" content=\"2 minutes\" \/>\n<script type=\"application\/ld+json\" class=\"yoast-schema-graph\">{\"@context\":\"https:\\\/\\\/schema.org\",\"@graph\":[{\"@type\":\"WebPage\",\"@id\":\"https:\\\/\\\/comunitaria.es\\\/ca\\\/comunitats\\\/pla-reduccio-de-despeses\\\/\",\"url\":\"https:\\\/\\\/comunitaria.es\\\/ca\\\/comunitats\\\/pla-reduccio-de-despeses\\\/\",\"name\":\"Administraci\u00f3 de comunitats Lleida, Vielha\",\"isPartOf\":{\"@id\":\"https:\\\/\\\/comunitaria.es\\\/ca\\\/#website\"},\"datePublished\":\"2020-07-03T07:47:45+00:00\",\"dateModified\":\"2020-07-07T18:34:02+00:00\",\"description\":\"Gesti\u00f3 de finques i administraci\u00f3 de comunitats de propietaris a Lleida i Vielha. Advocats i assessorament immobiliari.\",\"breadcrumb\":{\"@id\":\"https:\\\/\\\/comunitaria.es\\\/ca\\\/comunitats\\\/pla-reduccio-de-despeses\\\/#breadcrumb\"},\"inLanguage\":\"ca\",\"potentialAction\":[{\"@type\":\"ReadAction\",\"target\":[\"https:\\\/\\\/comunitaria.es\\\/ca\\\/comunitats\\\/pla-reduccio-de-despeses\\\/\"]}]},{\"@type\":\"BreadcrumbList\",\"@id\":\"https:\\\/\\\/comunitaria.es\\\/ca\\\/comunitats\\\/pla-reduccio-de-despeses\\\/#breadcrumb\",\"itemListElement\":[{\"@type\":\"ListItem\",\"position\":1,\"name\":\"Portada\",\"item\":\"https:\\\/\\\/comunitaria.es\\\/ca\\\/\"},{\"@type\":\"ListItem\",\"position\":2,\"name\":\"Comunitats\",\"item\":\"https:\\\/\\\/comunitaria.es\\\/ca\\\/comunidades\\\/\"},{\"@type\":\"ListItem\",\"position\":3,\"name\":\"Pla reducci\u00f3 de Despeses\"}]},{\"@type\":\"WebSite\",\"@id\":\"https:\\\/\\\/comunitaria.es\\\/ca\\\/#website\",\"url\":\"https:\\\/\\\/comunitaria.es\\\/ca\\\/\",\"name\":\"Comunit\u00e0ria - Administraci\u00f3 i Serveis\",\"description\":\"\",\"publisher\":{\"@id\":\"https:\\\/\\\/comunitaria.es\\\/ca\\\/#organization\"},\"potentialAction\":[{\"@type\":\"SearchAction\",\"target\":{\"@type\":\"EntryPoint\",\"urlTemplate\":\"https:\\\/\\\/comunitaria.es\\\/ca\\\/?s={search_term_string}\"},\"query-input\":{\"@type\":\"PropertyValueSpecification\",\"valueRequired\":true,\"valueName\":\"search_term_string\"}}],\"inLanguage\":\"ca\"},{\"@type\":\"Organization\",\"@id\":\"https:\\\/\\\/comunitaria.es\\\/ca\\\/#organization\",\"name\":\"Comunitaria Administraci\u00f3 i Serveis SL\",\"url\":\"https:\\\/\\\/comunitaria.es\\\/ca\\\/\",\"logo\":{\"@type\":\"ImageObject\",\"inLanguage\":\"ca\",\"@id\":\"https:\\\/\\\/comunitaria.es\\\/ca\\\/#\\\/schema\\\/logo\\\/image\\\/\",\"url\":\"https:\\\/\\\/www.comunitaria.es\\\/wp-content\\\/uploads\\\/2020\\\/05\\\/logo-comunitaria-25.png\",\"contentUrl\":\"https:\\\/\\\/www.comunitaria.es\\\/wp-content\\\/uploads\\\/2020\\\/05\\\/logo-comunitaria-25.png\",\"width\":225,\"height\":104,\"caption\":\"Comunitaria Administraci\u00f3 i Serveis SL\"},\"image\":{\"@id\":\"https:\\\/\\\/comunitaria.es\\\/ca\\\/#\\\/schema\\\/logo\\\/image\\\/\"}}]}<\/script>\n<!-- \/ Yoast SEO plugin. -->","yoast_head_json":{"title":"Administraci\u00f3 de comunitats Lleida, Vielha","description":"Gesti\u00f3 de finques i administraci\u00f3 de comunitats de propietaris a Lleida i Vielha. Advocats i assessorament immobiliari.","robots":{"index":"index","follow":"follow","max-snippet":"max-snippet:-1","max-image-preview":"max-image-preview:large","max-video-preview":"max-video-preview:-1"},"canonical":"https:\/\/comunitaria.es\/ca\/comunitats\/pla-reduccio-de-despeses\/","og_locale":"ca_ES","og_type":"article","og_title":"Administraci\u00f3 de comunitats Lleida, Vielha","og_description":"Gesti\u00f3 de finques i administraci\u00f3 de comunitats de propietaris a Lleida i Vielha. Advocats i assessorament immobiliari.","og_url":"https:\/\/comunitaria.es\/ca\/comunitats\/pla-reduccio-de-despeses\/","og_site_name":"Comunit\u00e0ria - Administraci\u00f3 i Serveis","article_modified_time":"2020-07-07T18:34:02+00:00","twitter_card":"summary_large_image","twitter_misc":{"Est. reading time":"2 minutes"},"schema":{"@context":"https:\/\/schema.org","@graph":[{"@type":"WebPage","@id":"https:\/\/comunitaria.es\/ca\/comunitats\/pla-reduccio-de-despeses\/","url":"https:\/\/comunitaria.es\/ca\/comunitats\/pla-reduccio-de-despeses\/","name":"Administraci\u00f3 de comunitats Lleida, Vielha","isPartOf":{"@id":"https:\/\/comunitaria.es\/ca\/#website"},"datePublished":"2020-07-03T07:47:45+00:00","dateModified":"2020-07-07T18:34:02+00:00","description":"Gesti\u00f3 de finques i administraci\u00f3 de comunitats de propietaris a Lleida i Vielha. Advocats i assessorament immobiliari.","breadcrumb":{"@id":"https:\/\/comunitaria.es\/ca\/comunitats\/pla-reduccio-de-despeses\/#breadcrumb"},"inLanguage":"ca","potentialAction":[{"@type":"ReadAction","target":["https:\/\/comunitaria.es\/ca\/comunitats\/pla-reduccio-de-despeses\/"]}]},{"@type":"BreadcrumbList","@id":"https:\/\/comunitaria.es\/ca\/comunitats\/pla-reduccio-de-despeses\/#breadcrumb","itemListElement":[{"@type":"ListItem","position":1,"name":"Portada","item":"https:\/\/comunitaria.es\/ca\/"},{"@type":"ListItem","position":2,"name":"Comunitats","item":"https:\/\/comunitaria.es\/ca\/comunidades\/"},{"@type":"ListItem","position":3,"name":"Pla reducci\u00f3 de Despeses"}]},{"@type":"WebSite","@id":"https:\/\/comunitaria.es\/ca\/#website","url":"https:\/\/comunitaria.es\/ca\/","name":"Comunit\u00e0ria - Administraci\u00f3 i Serveis","description":"","publisher":{"@id":"https:\/\/comunitaria.es\/ca\/#organization"},"potentialAction":[{"@type":"SearchAction","target":{"@type":"EntryPoint","urlTemplate":"https:\/\/comunitaria.es\/ca\/?s={search_term_string}"},"query-input":{"@type":"PropertyValueSpecification","valueRequired":true,"valueName":"search_term_string"}}],"inLanguage":"ca"},{"@type":"Organization","@id":"https:\/\/comunitaria.es\/ca\/#organization","name":"Comunitaria Administraci\u00f3 i Serveis SL","url":"https:\/\/comunitaria.es\/ca\/","logo":{"@type":"ImageObject","inLanguage":"ca","@id":"https:\/\/comunitaria.es\/ca\/#\/schema\/logo\/image\/","url":"https:\/\/www.comunitaria.es\/wp-content\/uploads\/2020\/05\/logo-comunitaria-25.png","contentUrl":"https:\/\/www.comunitaria.es\/wp-content\/uploads\/2020\/05\/logo-comunitaria-25.png","width":225,"height":104,"caption":"Comunitaria Administraci\u00f3 i Serveis SL"},"image":{"@id":"https:\/\/comunitaria.es\/ca\/#\/schema\/logo\/image\/"}}]}},"_links":{"self":[{"href":"https:\/\/comunitaria.es\/ca\/wp-json\/wp\/v2\/pages\/4486","targetHints":{"allow":["GET"]}}],"collection":[{"href":"https:\/\/comunitaria.es\/ca\/wp-json\/wp\/v2\/pages"}],"about":[{"href":"https:\/\/comunitaria.es\/ca\/wp-json\/wp\/v2\/types\/page"}],"author":[{"embeddable":true,"href":"https:\/\/comunitaria.es\/ca\/wp-json\/wp\/v2\/users\/2"}],"replies":[{"embeddable":true,"href":"https:\/\/comunitaria.es\/ca\/wp-json\/wp\/v2\/comments?post=4486"}],"version-history":[{"count":5,"href":"https:\/\/comunitaria.es\/ca\/wp-json\/wp\/v2\/pages\/4486\/revisions"}],"predecessor-version":[{"id":4730,"href":"https:\/\/comunitaria.es\/ca\/wp-json\/wp\/v2\/pages\/4486\/revisions\/4730"}],"up":[{"embeddable":true,"href":"https:\/\/comunitaria.es\/ca\/wp-json\/wp\/v2\/pages\/3509"}],"wp:attachment":[{"href":"https:\/\/comunitaria.es\/ca\/wp-json\/wp\/v2\/media?parent=4486"}],"curies":[{"name":"wp","href":"https:\/\/api.w.org\/{rel}","templated":true}]}}