{"id":4416,"date":"2020-07-01T11:36:37","date_gmt":"2020-07-01T09:36:37","guid":{"rendered":"https:\/\/comunitaria.panelserver.org\/comunitats\/administracion\/"},"modified":"2020-07-09T09:17:32","modified_gmt":"2020-07-09T07:17:32","slug":"administracio","status":"publish","type":"page","link":"https:\/\/comunitaria.es\/ca\/comunitats\/administracio\/","title":{"rendered":"Administraci\u00f3 de Finques i Comunitats"},"content":{"rendered":"<div class=\"wpb-content-wrapper\" id=\"wpb-content-root\"><p>[vc_row full_width=&#8221;stretch_row&#8221; bg_type=&#8221;image&#8221; css=&#8221;.vc_custom_1593597309243{padding-top: 100px !important;padding-bottom: 50px !important;background-image: url(https:\/\/comunitaria.es\/wp-content\/uploads\/2020\/06\/fondocomunitats2.jpg?id=4011) !important;}&#8221;][vc_column][vc_row_inner][vc_column_inner width=&#8221;1\/6&#8243;][\/vc_column_inner][vc_column_inner width=&#8221;1\/6&#8243;][\/vc_column_inner][vc_column_inner width=&#8221;1\/6&#8243;][\/vc_column_inner][vc_column_inner width=&#8221;3\/6&#8243;]<div class=\"aio-icon-component    style_1\"><div id=\"Info-box-wrap-3361\" class=\"aio-icon-box left-icon\" style=\"\"  ><div class=\"aio-icon-left\"><div class=\"ult-just-icon-wrapper  \"><div class=\"align-icon\" style=\"text-align:center;\">\n<div class=\"aio-icon-img \" style=\"font-size:60px;display:inline-block;\" >\n\t<img decoding=\"async\" class=\"img-icon\" alt=\"null\" src=\"https:\/\/comunitaria.es\/wp-content\/uploads\/2020\/04\/Logo10.png\"\/>\n<\/div><\/div><\/div><\/div><div class=\"aio-ibd-block\"><div class=\"aio-icon-header\" ><h3 class=\"aio-icon-title ult-responsive\"  data-ultimate-target='#Info-box-wrap-3361 .aio-icon-title'  data-responsive-json-new='{\"font-size\":\"desktop:25px;\",\"line-height\":\"desktop:25px;\"}'  style=\"font-weight:bold;\">Assessorament Legal<\/h3><\/div> <!-- header --><div class=\"aio-icon-description ult-responsive\"  data-ultimate-target='#Info-box-wrap-3361 .aio-icon-description'  data-responsive-json-new='{\"font-size\":\"\",\"line-height\":\"desktop:24px;\"}'  style=\"\"><\/p>\n<ul>\n<li>Assessorament jur\u00eddic en tots els aspectes de la Comunitat.<\/li>\n<li>Gestions oficials:\n<ul>\n<li>Sol\u00b7licitud de tota mena de llic\u00e8ncies.<\/li>\n<li>Presentaci\u00f3 d&#8217;inst\u00e0ncies a organismes oficials.<\/li>\n<\/ul>\n<\/li>\n<li>Gestions fiscals, confecci\u00f3 dels models 110,190, 303, 390, 347 etc.<\/li>\n<\/ul>\n<p><\/div> <!-- description --><\/div> <!-- aio-ibd-block --><\/div> <!-- aio-icon-box --><\/div> <!-- aio-icon-component --><div class=\"aio-icon-component    style_1\"><div id=\"Info-box-wrap-2235\" class=\"aio-icon-box left-icon\" style=\"\"  ><div class=\"aio-icon-left\"><div class=\"ult-just-icon-wrapper  \"><div class=\"align-icon\" style=\"text-align:center;\">\n<div class=\"aio-icon-img \" style=\"font-size:60px;display:inline-block;\" >\n\t<img decoding=\"async\" class=\"img-icon\" alt=\"null\" src=\"https:\/\/comunitaria.es\/wp-content\/uploads\/2020\/04\/Logo1-1.png\"\/>\n<\/div><\/div><\/div><\/div><div class=\"aio-ibd-block\"><div class=\"aio-icon-header\" ><h3 class=\"aio-icon-title ult-responsive\"  data-ultimate-target='#Info-box-wrap-2235 .aio-icon-title'  data-responsive-json-new='{\"font-size\":\"desktop:25px;\",\"line-height\":\"desktop:25px;\"}'  style=\"font-weight:bold;\">Assemblees Ordin\u00e0ries i Extraordin\u00e0ries<\/h3><\/div> <!-- header --><div class=\"aio-icon-description ult-responsive\"  data-ultimate-target='#Info-box-wrap-2235 .aio-icon-description'  data-responsive-json-new='{\"font-size\":\"\",\"line-height\":\"desktop:24px;\"}'  style=\"\"><\/p>\n<ul>\n<li>Convocat\u00f2ria dintre del termini i en la forma escaient a cada copropietari per a la celebraci\u00f3 de les Assemblees Ordin\u00e0ries i\/o Extraordin\u00e0ries.<\/li>\n<li>Assist\u00e8ncia i direcci\u00f3 de les Juntes amb el corresponent assessorament legal.<\/li>\n<\/ul>\n<p><\/div> <!-- description --><\/div> <!-- aio-ibd-block --><\/div> <!-- aio-icon-box --><\/div> <!-- aio-icon-component --><div class=\"aio-icon-component    style_1\"><div id=\"Info-box-wrap-5158\" class=\"aio-icon-box left-icon\" style=\"\"  ><div class=\"aio-icon-left\"><div class=\"ult-just-icon-wrapper  \"><div class=\"align-icon\" style=\"text-align:center;\">\n<div class=\"aio-icon-img \" style=\"font-size:60px;display:inline-block;\" >\n\t<img decoding=\"async\" class=\"img-icon\" alt=\"null\" src=\"https:\/\/comunitaria.es\/wp-content\/uploads\/2020\/04\/Logo9.png\"\/>\n<\/div><\/div><\/div><\/div><div class=\"aio-ibd-block\"><div class=\"aio-icon-header\" ><h3 class=\"aio-icon-title ult-responsive\"  data-ultimate-target='#Info-box-wrap-5158 .aio-icon-title'  data-responsive-json-new='{\"font-size\":\"desktop:25px;\",\"line-height\":\"desktop:25px;\"}'  style=\"font-weight:bold;\">Llibre d'actes<\/h3><\/div> <!-- header --><div class=\"aio-icon-description ult-responsive\"  data-ultimate-target='#Info-box-wrap-5158 .aio-icon-description'  data-responsive-json-new='{\"font-size\":\"\",\"line-height\":\"desktop:24px;\"}'  style=\"\"><\/p>\n<ul>\n<li>Confecci\u00f3 de l\u2019acta de cada reuni\u00f3.<\/li>\n<li>Enviament de l\u2019acta a tots els propietaris, a trav\u00e9s de correu electr\u00f2nic o b\u00e9 per correu ordinari.<\/li>\n<\/ul>\n<p><\/div> <!-- description --><\/div> <!-- aio-ibd-block --><\/div> <!-- aio-icon-box --><\/div> <!-- aio-icon-component --><div class=\"aio-icon-component    style_1\"><div id=\"Info-box-wrap-5462\" class=\"aio-icon-box left-icon\" style=\"\"  ><div class=\"aio-icon-left\"><div class=\"ult-just-icon-wrapper  \"><div class=\"align-icon\" style=\"text-align:center;\">\n<div class=\"aio-icon-img \" style=\"font-size:60px;display:inline-block;\" >\n\t<img decoding=\"async\" class=\"img-icon\" alt=\"null\" src=\"https:\/\/comunitaria.es\/wp-content\/uploads\/2020\/04\/Logo2-1.png\"\/>\n<\/div><\/div><\/div><\/div><div class=\"aio-ibd-block\"><div class=\"aio-icon-header\" ><h3 class=\"aio-icon-title ult-responsive\"  data-ultimate-target='#Info-box-wrap-5462 .aio-icon-title'  data-responsive-json-new='{\"font-size\":\"desktop:25px;\",\"line-height\":\"desktop:25px;\"}'  style=\"font-weight:bold;\">Gesti\u00f3 econ\u00f2mica<\/h3><\/div> <!-- header --><div class=\"aio-icon-description ult-responsive\"  data-ultimate-target='#Info-box-wrap-5462 .aio-icon-description'  data-responsive-json-new='{\"font-size\":\"\",\"line-height\":\"desktop:24px;\"}'  style=\"\"><\/p>\n<ul>\n<li>Comptabilitat de la Comunitat i moviments bancaris.<\/li>\n<li>Obertura de comptes corrents i cerca de les millors condicions financeres (El President i el Secretari tindran signatura en el compte).<\/li>\n<li>C\u00e0lcul del pressupost anual de la Comunitat, emissi\u00f3 i presentaci\u00f3 dels rebuts bancaris per al seu cobrament.<\/li>\n<\/ul>\n<p><\/div> <!-- description --><\/div> <!-- aio-ibd-block --><\/div> <!-- aio-icon-box --><\/div> <!-- aio-icon-component --><div class=\"aio-icon-component    style_1\"><div id=\"Info-box-wrap-6659\" class=\"aio-icon-box left-icon\" style=\"\"  ><div class=\"aio-icon-left\"><div class=\"ult-just-icon-wrapper  \"><div class=\"align-icon\" style=\"text-align:center;\">\n<div class=\"aio-icon-img \" style=\"font-size:60px;display:inline-block;\" >\n\t<img decoding=\"async\" class=\"img-icon\" alt=\"null\" src=\"https:\/\/comunitaria.es\/wp-content\/uploads\/2020\/04\/Logo8.png\"\/>\n<\/div><\/div><\/div><\/div><div class=\"aio-ibd-block\"><div class=\"aio-icon-header\" ><h3 class=\"aio-icon-title ult-responsive\"  data-ultimate-target='#Info-box-wrap-6659 .aio-icon-title'  data-responsive-json-new='{\"font-size\":\"desktop:25px;\",\"line-height\":\"desktop:25px;\"}'  style=\"font-weight:bold;\">Comunicaci\u00f3 al propietari<\/h3><\/div> <!-- header --><div class=\"aio-icon-description ult-responsive\"  data-ultimate-target='#Info-box-wrap-6659 .aio-icon-description'  data-responsive-json-new='{\"font-size\":\"\",\"line-height\":\"desktop:24px;\"}'  style=\"\"><strong>Comunicaci\u00f3 m\u00e9s immediata amb el propietari.<\/strong><\/p>\n<p>A trav\u00e9s de l\u2019App per a m\u00f2bils \u201cTucomunidad.com\u201d els enviarem informaci\u00f3 rellevant de forma instant\u00e0nia sobre assumptes d\u2019especial import\u00e0ncia (notificacions d\u2019avaries, avisos diversos, etc.)<\/div> <!-- description --><\/div> <!-- aio-ibd-block --><\/div> <!-- aio-icon-box --><\/div> <!-- aio-icon-component -->[vc_single_image image=&#8221;3694&#8243; img_size=&#8221;full&#8221; onclick=&#8221;custom_link&#8221; img_link_target=&#8221;_blank&#8221; image_hovers=&#8221;false&#8221; link=&#8221;https:\/\/private.tucomunidad.com\/#\/login&#8221;][\/vc_column_inner][\/vc_row_inner][\/vc_column][\/vc_row][vc_row full_width=&#8221;stretch_row&#8221; css=&#8221;.vc_custom_1585738445002{padding-top: 40px !important;padding-bottom: 40px !important;}&#8221;][vc_column][vc_custom_heading text=&#8221;Altres serveis&#8221; font_container=&#8221;tag:h2|font_size:42|text_align:center|line_height:1&#8243; use_theme_fonts=&#8221;yes&#8221; el_class=&#8221;mb-3&#8243;][vc_separator color=&#8221;black&#8221; el_width=&#8221;20&#8243;][\/vc_column][\/vc_row][vc_row][vc_column][vc_empty_space height=&#8221;15px&#8221;][\/vc_column][\/vc_row][vc_row full_width=&#8221;stretch_row&#8221; css=&#8221;.vc_custom_1593597756028{padding-bottom: -40px !important;}&#8221;][vc_column width=&#8221;1\/2&#8243;]<div class=\"aio-icon-component    style_1\"><div id=\"Info-box-wrap-2644\" class=\"aio-icon-box default-icon\" style=\"\"  ><div class=\"aio-icon-default\"><div class=\"ult-just-icon-wrapper  \"><div class=\"align-icon\" style=\"text-align:center;\">\n<div class=\"aio-icon-img \" style=\"font-size:48px;display:inline-block;\" >\n\t<img decoding=\"async\" class=\"img-icon\" alt=\"null\" src=\"https:\/\/comunitaria.es\/wp-content\/uploads\/2020\/04\/Logo7.png\"\/>\n<\/div><\/div><\/div><\/div><div class=\"aio-icon-header\" ><h3 class=\"aio-icon-title ult-responsive\"  data-ultimate-target='#Info-box-wrap-2644 .aio-icon-title'  data-responsive-json-new='{\"font-size\":\"desktop:22px;\",\"line-height\":\"desktop:25px;\"}'  style=\"font-weight:bold;\">Subministraments, reparacions, sinistres i obres<\/h3><\/div> <!-- header --><div class=\"aio-icon-description ult-responsive\"  data-ultimate-target='#Info-box-wrap-2644 .aio-icon-description'  data-responsive-json-new='{\"font-size\":\"\",\"line-height\":\"desktop:24px;\"}'  style=\"\"><\/p>\n<ul>\n<li>Cerca del millor preu i servei dels diferents subministradors de la Comunitat (energia, combustibles, neteja, assegurances, vigil\u00e0ncia, piscina, portes d\u2019acc\u00e9s, etc.) analitzant i comparant les diferents propostes.<\/li>\n<li>Sol\u00b7licitud de pressupost per a qualsevol mena de reparaci\u00f3 o obra que interessi a la Comunitat.<\/li>\n<li>Av\u00eds, seguiment i control als diferents industrials per les reparacions comunit\u00e0ries.<\/li>\n<li>Gesti\u00f3 i seguiment dels sinistres amb la companyia asseguradora.<\/li>\n<\/ul>\n<p><\/div> <!-- description --><\/div> <!-- aio-icon-box --><\/div> <!-- aio-icon-component -->[\/vc_column][vc_column width=&#8221;1\/2&#8243;]<div class=\"aio-icon-component    style_1\"><div id=\"Info-box-wrap-1787\" class=\"aio-icon-box default-icon\" style=\"\"  ><div class=\"aio-icon-default\"><div class=\"ult-just-icon-wrapper  \"><div class=\"align-icon\" style=\"text-align:center;\">\n<div class=\"aio-icon-img \" style=\"font-size:55px;display:inline-block;\" >\n\t<img decoding=\"async\" class=\"img-icon\" alt=\"null\" src=\"https:\/\/comunitaria.es\/wp-content\/uploads\/2020\/07\/Logo6-1.png\"\/>\n<\/div><\/div><\/div><\/div><div class=\"aio-icon-header\" ><h3 class=\"aio-icon-title ult-responsive\"  data-ultimate-target='#Info-box-wrap-1787 .aio-icon-title'  data-responsive-json-new='{\"font-size\":\"desktop:22px;\",\"line-height\":\"desktop:25px;\"}'  style=\"font-weight:bold;\">Impagats i gesti\u00f3 de la morositat<\/h3><\/div> <!-- header --><div class=\"aio-icon-description ult-responsive\"  data-ultimate-target='#Info-box-wrap-1787 .aio-icon-description'  data-responsive-json-new='{\"font-size\":\"\",\"line-height\":\"desktop:24px;\"}'  style=\"\"><\/p>\n<ul>\n<li>Control de la cartera d\u2019impagats.<\/li>\n<li>En el moment que algun propietari deixa d\u2019abonar una quota se li reclamar\u00e0 el pagament mitjan\u00e7ant l\u2019enviament d\u2019un av\u00eds, en segon lloc se li reclamar\u00e0 a trav\u00e9s de carta certifica o similar amb justificant de recepci\u00f3 donant-li un per\u00edode curt per a efectuar el pagament.<\/li>\n<li>Acumulaci\u00f3 de rebuts impagats, acabat el termini de gr\u00e0cia la reclamaci\u00f3 s\u2019efectuar\u00e0 a trav\u00e9s de la via judicial mitjan\u00e7ant la interposici\u00f3 del Proc\u00e9s Monitori.<\/li>\n<\/ul>\n<p><\/div> <!-- description --><\/div> <!-- aio-icon-box --><\/div> <!-- aio-icon-component -->[\/vc_column][\/vc_row][vc_row][vc_column][vc_empty_space height=&#8221;15px&#8221;][\/vc_column][\/vc_row][vc_row full_width=&#8221;stretch_row&#8221; css=&#8221;.vc_custom_1593597761909{padding-bottom: -40px !important;}&#8221;][vc_column width=&#8221;1\/2&#8243;]<div class=\"aio-icon-component    style_1\"><div id=\"Info-box-wrap-1605\" class=\"aio-icon-box default-icon\" style=\"\"  ><div class=\"aio-icon-default\"><div class=\"ult-just-icon-wrapper  \"><div class=\"align-icon\" style=\"text-align:center;\">\n<div class=\"aio-icon-img \" style=\"font-size:48px;display:inline-block;\" >\n\t<img decoding=\"async\" class=\"img-icon\" alt=\"null\" src=\"https:\/\/comunitaria.es\/wp-content\/uploads\/2020\/04\/Logo11.png\"\/>\n<\/div><\/div><\/div><\/div><div class=\"aio-icon-header\" ><h3 class=\"aio-icon-title ult-responsive\"  data-ultimate-target='#Info-box-wrap-1605 .aio-icon-title'  data-responsive-json-new='{\"font-size\":\"desktop:22px;\",\"line-height\":\"desktop:25px;\"}'  style=\"font-weight:bold;\">Despatx 24 hores<\/h3><\/div> <!-- header --><div class=\"aio-icon-description ult-responsive\"  data-ultimate-target='#Info-box-wrap-1605 .aio-icon-description'  data-responsive-json-new='{\"font-size\":\"\",\"line-height\":\"desktop:24px;\"}'  style=\"\"><\/p>\n<ul>\n<li>Acc\u00e9s a trav\u00e9s de la nostra p\u00e0gina web i de manera individual a la documentaci\u00f3 de la Comunitat (actes, pressupostos, p\u00f2lisses d\u2019assegurances, etc.)<\/li>\n<li>Consulta permanent i accessible en tot moment.<\/li>\n<li>Claus d\u2019acc\u00e9s individual a cada propietari.<\/li>\n<\/ul>\n<p><\/div> <!-- description --><\/div> <!-- aio-icon-box --><\/div> <!-- aio-icon-component -->[\/vc_column][vc_column width=&#8221;1\/2&#8243;]<div class=\"aio-icon-component    style_1\"><div id=\"Info-box-wrap-6944\" class=\"aio-icon-box default-icon\" style=\"\"  ><div class=\"aio-icon-default\"><div class=\"ult-just-icon-wrapper  \"><div class=\"align-icon\" style=\"text-align:center;\">\n<div class=\"aio-icon-img \" style=\"font-size:48px;display:inline-block;\" >\n\t<img decoding=\"async\" class=\"img-icon\" alt=\"null\" src=\"https:\/\/comunitaria.es\/wp-content\/uploads\/2020\/04\/Logo5.png\"\/>\n<\/div><\/div><\/div><\/div><div class=\"aio-icon-header\" ><h3 class=\"aio-icon-title ult-responsive\"  data-ultimate-target='#Info-box-wrap-6944 .aio-icon-title'  data-responsive-json-new='{\"font-size\":\"desktop:22px;\",\"line-height\":\"desktop:25px;\"}'  style=\"font-weight:bold;\">Servei 24 hores<\/h3><\/div> <!-- header --><div class=\"aio-icon-description ult-responsive\"  data-ultimate-target='#Info-box-wrap-6944 .aio-icon-description'  data-responsive-json-new='{\"font-size\":\"\",\"line-height\":\"desktop:24px;\"}'  style=\"\"><\/p>\n<div class=\"porto-sicon-box style_1 default-icon flex-wrap\">\n<div class=\"porto-sicon-description\">\n<ul>\n<li>Servei 24 hores per a urg\u00e8ncies i caps de setmana.<\/li>\n<li>Reparacions perempt\u00f2ries per avaries del subministrament d\u2019aigua, llum, TV, porta p\u00e0rquing, etc.<\/li>\n<\/ul>\n<\/div>\n<\/div>\n<p><\/div> <!-- description --><\/div> <!-- aio-icon-box --><\/div> <!-- aio-icon-component -->[\/vc_column][\/vc_row][vc_row bg_type=&#8221;bg_color&#8221; bg_override=&#8221;full&#8221; bg_color_value=&#8221;#f4f4f4&#8243;][vc_column][vc_column_text]<strong>Potser estaves buscant:<\/strong><br \/>\nEmpresa d\u2019administraci\u00f3 de finques a Lleida, serveis immobiliaris, gesti\u00f3 de comunitats de propietaris, administraci\u00f3 de finques, consultors immobiliaris, assessorament immobiliari Lleida.[\/vc_column_text][\/vc_column][\/vc_row][vc_row full_width=&#8221;stretch_row&#8221; bg_type=&#8221;image&#8221; bg_override=&#8221;full&#8221; wrap_container=&#8221;yes&#8221; is_section=&#8221;yes&#8221; section_skin=&#8221;parallax&#8221; remove_margin_top=&#8221;yes&#8221; remove_margin_bottom=&#8221;yes&#8221; css=&#8221;.vc_custom_1594146521044{margin-bottom: 0px !important;border-bottom-width: 0px !important;padding-bottom: 0px !important;background-image: url(https:\/\/comunitaria.es\/wp-content\/uploads\/2020\/06\/fondo-contacto-footer-2.jpg?id=4061) !important;background-position: center !important;background-repeat: no-repeat !important;background-size: cover !important;}&#8221; el_class=&#8221;bg-pos-bottom&#8221;][vc_column width=&#8221;1\/2&#8243; offset=&#8221;vc_hidden-sm vc_hidden-xs&#8221;][\/vc_column][vc_column offset=&#8221;vc_col-md-6&#8243;][vc_custom_heading text=&#8221;Sol\u00b7licitar informaci\u00f3&#8221; use_theme_fonts=&#8221;yes&#8221; el_class=&#8221;m-t-lg m-b-none&#8221;][vc_column_text el_class=&#8221;m-b-none&#8221;]Consulta sobre els nostres serveis o demana pressupost sense comprom\u00eds.[\/vc_column_text][vc_separator color=&#8221;custom&#8221; align=&#8221;align_left&#8221; border_width=&#8221;3&#8243; type=&#8221;small&#8221; accent_color=&#8221;#cfa968&#8243;]\n<div class=\"wpcf7 no-js\" id=\"wpcf7-f3500-o1\" lang=\"es-ES\" dir=\"ltr\" data-wpcf7-id=\"3500\">\n<div class=\"screen-reader-response\"><p role=\"status\" aria-live=\"polite\" aria-atomic=\"true\"><\/p> <ul><\/ul><\/div>\n<form action=\"\/ca\/wp-json\/wp\/v2\/pages\/4416#wpcf7-f3500-o1\" method=\"post\" class=\"wpcf7-form init\" aria-label=\"Contact form\" novalidate=\"novalidate\" data-status=\"init\">\n<fieldset class=\"hidden-fields-container\"><input type=\"hidden\" name=\"_wpcf7\" value=\"3500\" \/><input type=\"hidden\" name=\"_wpcf7_version\" value=\"6.1.7\" \/><input type=\"hidden\" name=\"_wpcf7_locale\" value=\"es_ES\" \/><input type=\"hidden\" name=\"_wpcf7_unit_tag\" value=\"wpcf7-f3500-o1\" \/><input type=\"hidden\" name=\"_wpcf7_container_post\" value=\"0\" \/><input type=\"hidden\" name=\"_wpcf7_posted_data_hash\" value=\"\" \/><input type=\"hidden\" name=\"_wpcf7_recaptcha_response\" value=\"\" \/>\n<\/fieldset>\n<p><span class=\"wpcf7-form-control-wrap\" data-name=\"your-name\"><input size=\"40\" maxlength=\"400\" class=\"wpcf7-form-control wpcf7-text wpcf7-validates-as-required w-100\" aria-required=\"true\" aria-invalid=\"false\" placeholder=\"Nom i Cognoms*\" value=\"\" type=\"text\" name=\"your-name\" \/><\/span><br \/>\n<span class=\"wpcf7-form-control-wrap\" data-name=\"your-email\"><input size=\"40\" maxlength=\"400\" class=\"wpcf7-form-control wpcf7-email wpcf7-validates-as-required wpcf7-text wpcf7-validates-as-email w-100\" aria-required=\"true\" aria-invalid=\"false\" placeholder=\"Email*\" value=\"\" type=\"email\" name=\"your-email\" \/><\/span><br \/>\n<span class=\"wpcf7-form-control-wrap\" data-name=\"your-tel\"><input size=\"40\" maxlength=\"400\" class=\"wpcf7-form-control wpcf7-text wpcf7-validates-as-required w-100\" aria-required=\"true\" aria-invalid=\"false\" placeholder=\"Tel\u00e8fon*\" value=\"\" type=\"text\" name=\"your-tel\" \/><\/span><br \/>\n<span class=\"wpcf7-form-control-wrap\" data-name=\"your-message\"><textarea cols=\"40\" rows=\"4\" maxlength=\"2000\" class=\"wpcf7-form-control wpcf7-textarea w-100\" aria-invalid=\"false\" placeholder=\"Missatge...\" name=\"your-message\"><\/textarea><\/span>\n<\/p>\n<p><input class=\"wpcf7-form-control wpcf7-submit has-spinner btn btn-lg btn-full-rounded py-3 w-100\" type=\"submit\" value=\"Sol\u00b7licitar Informaci\u00f3\" \/>\n<\/p>\n<p><span class=\"wpcf7-form-control-wrap\" data-name=\"rgpd\"><span class=\"wpcf7-form-control wpcf7-acceptance\"><span class=\"wpcf7-list-item\"><label><input type=\"checkbox\" name=\"rgpd\" value=\"1\" aria-invalid=\"false\" \/><span class=\"wpcf7-list-item-label\"><span style=\"color:#000; text-shadow: 1px 1px 2px #fff;\"> He llegit i accepto la <\/span><a style=\"color:#000; text-shadow: 1px 1px 2px #fff;\" href=\"https:\/\/comunitaria.es\/ca\/politica-de-privacitat-avis-legal\/\">pol\u00edtica de privacitat.<\/a><\/span><\/label><\/span><\/span><\/span>\n<\/p><div class=\"wpcf7-response-output\" aria-hidden=\"true\"><\/div>\n<\/form>\n<\/div>\n[vc_empty_space][\/vc_column][\/vc_row]<\/p>\n<\/div>","protected":false},"excerpt":{"rendered":"<p>[vc_row full_width=&#8221;stretch_row&#8221; bg_type=&#8221;image&#8221; css=&#8221;.vc_custom_1593597309243{padding-top: 100px !important;padding-bottom: 50px !important;background-image: url(https:\/\/comunitaria.es\/wp-content\/uploads\/2020\/06\/fondocomunitats2.jpg?id=4011) !important;}&#8221;][vc_column][vc_row_inner][vc_column_inner width=&#8221;1\/6&#8243;][\/vc_column_inner][vc_column_inner width=&#8221;1\/6&#8243;][\/vc_column_inner][vc_column_inner width=&#8221;1\/6&#8243;][\/vc_column_inner][vc_column_inner width=&#8221;3\/6&#8243;][vc_single_image image=&#8221;3694&#8243; img_size=&#8221;full&#8221; onclick=&#8221;custom_link&#8221; img_link_target=&#8221;_blank&#8221; image_hovers=&#8221;false&#8221; link=&#8221;https:\/\/private.tucomunidad.com\/#\/login&#8221;][\/vc_column_inner][\/vc_row_inner][\/vc_column][\/vc_row][vc_row full_width=&#8221;stretch_row&#8221; css=&#8221;.vc_custom_1585738445002{padding-top: 40px !important;padding-bottom: 40px !important;}&#8221;][vc_column][vc_custom_heading text=&#8221;Altres serveis&#8221; font_container=&#8221;tag:h2|font_size:42|text_align:center|line_height:1&#8243; use_theme_fonts=&#8221;yes&#8221; el_class=&#8221;mb-3&#8243;][vc_separator color=&#8221;black&#8221; el_width=&#8221;20&#8243;][\/vc_column][\/vc_row][vc_row][vc_column][vc_empty_space height=&#8221;15px&#8221;][\/vc_column][\/vc_row][vc_row full_width=&#8221;stretch_row&#8221; css=&#8221;.vc_custom_1593597756028{padding-bottom: -40px !important;}&#8221;][vc_column width=&#8221;1\/2&#8243;][\/vc_column][vc_column width=&#8221;1\/2&#8243;][\/vc_column][\/vc_row][vc_row][vc_column][vc_empty_space height=&#8221;15px&#8221;][\/vc_column][\/vc_row][vc_row full_width=&#8221;stretch_row&#8221; css=&#8221;.vc_custom_1593597761909{padding-bottom: -40px !important;}&#8221;][vc_column width=&#8221;1\/2&#8243;][\/vc_column][vc_column width=&#8221;1\/2&#8243;][\/vc_column][\/vc_row][vc_row bg_type=&#8221;bg_color&#8221; bg_override=&#8221;full&#8221; bg_color_value=&#8221;#f4f4f4&#8243;][vc_column][vc_column_text]Potser estaves buscant: Empresa d\u2019administraci\u00f3 de&hellip;<\/p>\n","protected":false},"author":2,"featured_media":0,"parent":3509,"menu_order":0,"comment_status":"closed","ping_status":"closed","template":"","meta":{"_joinchat":[],"footnotes":""},"class_list":["post-4416","page","type-page","status-publish","hentry","description-off"],"yoast_head":"<!-- This site is optimized with the Yoast SEO plugin v28.3 - https:\/\/yoast.com\/product\/yoast-seo-wordpress\/ -->\n<title>Administraci\u00f3 de finques i comunitats Lleida<\/title>\n<meta name=\"description\" content=\"Som administradors de finques, gestionem comunitats de propietaris i som assessors immobiliaris a Lleida i Vielha. Finques i administracions\" \/>\n<meta name=\"robots\" content=\"index, follow, max-snippet:-1, max-image-preview:large, max-video-preview:-1\" \/>\n<link rel=\"canonical\" href=\"https:\/\/comunitaria.es\/ca\/comunitats\/administracio\/\" \/>\n<meta property=\"og:locale\" content=\"ca_ES\" \/>\n<meta property=\"og:type\" content=\"article\" \/>\n<meta property=\"og:title\" content=\"Administraci\u00f3 de finques i comunitats Lleida\" \/>\n<meta property=\"og:description\" content=\"Som administradors de finques, gestionem comunitats de propietaris i som assessors immobiliaris a Lleida i Vielha. Finques i administracions\" \/>\n<meta property=\"og:url\" content=\"https:\/\/comunitaria.es\/ca\/comunitats\/administracio\/\" \/>\n<meta property=\"og:site_name\" content=\"Comunit\u00e0ria - Administraci\u00f3 i Serveis\" \/>\n<meta property=\"article:modified_time\" content=\"2020-07-09T07:17:32+00:00\" \/>\n<meta name=\"twitter:card\" content=\"summary_large_image\" \/>\n<meta name=\"twitter:label1\" content=\"Est. reading time\" \/>\n\t<meta name=\"twitter:data1\" content=\"7 minutes\" \/>\n<script type=\"application\/ld+json\" class=\"yoast-schema-graph\">{\"@context\":\"https:\\\/\\\/schema.org\",\"@graph\":[{\"@type\":\"WebPage\",\"@id\":\"https:\\\/\\\/comunitaria.es\\\/ca\\\/comunitats\\\/administracio\\\/\",\"url\":\"https:\\\/\\\/comunitaria.es\\\/ca\\\/comunitats\\\/administracio\\\/\",\"name\":\"Administraci\u00f3 de finques i comunitats Lleida\",\"isPartOf\":{\"@id\":\"https:\\\/\\\/comunitaria.es\\\/ca\\\/#website\"},\"datePublished\":\"2020-07-01T09:36:37+00:00\",\"dateModified\":\"2020-07-09T07:17:32+00:00\",\"description\":\"Som administradors de finques, gestionem comunitats de propietaris i som assessors immobiliaris a Lleida i Vielha. Finques i administracions\",\"breadcrumb\":{\"@id\":\"https:\\\/\\\/comunitaria.es\\\/ca\\\/comunitats\\\/administracio\\\/#breadcrumb\"},\"inLanguage\":\"ca\",\"potentialAction\":[{\"@type\":\"ReadAction\",\"target\":[\"https:\\\/\\\/comunitaria.es\\\/ca\\\/comunitats\\\/administracio\\\/\"]}]},{\"@type\":\"BreadcrumbList\",\"@id\":\"https:\\\/\\\/comunitaria.es\\\/ca\\\/comunitats\\\/administracio\\\/#breadcrumb\",\"itemListElement\":[{\"@type\":\"ListItem\",\"position\":1,\"name\":\"Portada\",\"item\":\"https:\\\/\\\/comunitaria.es\\\/ca\\\/\"},{\"@type\":\"ListItem\",\"position\":2,\"name\":\"Comunitats\",\"item\":\"https:\\\/\\\/comunitaria.es\\\/ca\\\/comunidades\\\/\"},{\"@type\":\"ListItem\",\"position\":3,\"name\":\"Administraci\u00f3 de Finques i Comunitats\"}]},{\"@type\":\"WebSite\",\"@id\":\"https:\\\/\\\/comunitaria.es\\\/ca\\\/#website\",\"url\":\"https:\\\/\\\/comunitaria.es\\\/ca\\\/\",\"name\":\"Comunit\u00e0ria - Administraci\u00f3 i Serveis\",\"description\":\"\",\"publisher\":{\"@id\":\"https:\\\/\\\/comunitaria.es\\\/ca\\\/#organization\"},\"potentialAction\":[{\"@type\":\"SearchAction\",\"target\":{\"@type\":\"EntryPoint\",\"urlTemplate\":\"https:\\\/\\\/comunitaria.es\\\/ca\\\/?s={search_term_string}\"},\"query-input\":{\"@type\":\"PropertyValueSpecification\",\"valueRequired\":true,\"valueName\":\"search_term_string\"}}],\"inLanguage\":\"ca\"},{\"@type\":\"Organization\",\"@id\":\"https:\\\/\\\/comunitaria.es\\\/ca\\\/#organization\",\"name\":\"Comunitaria Administraci\u00f3 i Serveis SL\",\"url\":\"https:\\\/\\\/comunitaria.es\\\/ca\\\/\",\"logo\":{\"@type\":\"ImageObject\",\"inLanguage\":\"ca\",\"@id\":\"https:\\\/\\\/comunitaria.es\\\/ca\\\/#\\\/schema\\\/logo\\\/image\\\/\",\"url\":\"https:\\\/\\\/www.comunitaria.es\\\/wp-content\\\/uploads\\\/2020\\\/05\\\/logo-comunitaria-25.png\",\"contentUrl\":\"https:\\\/\\\/www.comunitaria.es\\\/wp-content\\\/uploads\\\/2020\\\/05\\\/logo-comunitaria-25.png\",\"width\":225,\"height\":104,\"caption\":\"Comunitaria Administraci\u00f3 i Serveis SL\"},\"image\":{\"@id\":\"https:\\\/\\\/comunitaria.es\\\/ca\\\/#\\\/schema\\\/logo\\\/image\\\/\"}}]}<\/script>\n<!-- \/ Yoast SEO plugin. -->","yoast_head_json":{"title":"Administraci\u00f3 de finques i comunitats Lleida","description":"Som administradors de finques, gestionem comunitats de propietaris i som assessors immobiliaris a Lleida i Vielha. Finques i administracions","robots":{"index":"index","follow":"follow","max-snippet":"max-snippet:-1","max-image-preview":"max-image-preview:large","max-video-preview":"max-video-preview:-1"},"canonical":"https:\/\/comunitaria.es\/ca\/comunitats\/administracio\/","og_locale":"ca_ES","og_type":"article","og_title":"Administraci\u00f3 de finques i comunitats Lleida","og_description":"Som administradors de finques, gestionem comunitats de propietaris i som assessors immobiliaris a Lleida i Vielha. Finques i administracions","og_url":"https:\/\/comunitaria.es\/ca\/comunitats\/administracio\/","og_site_name":"Comunit\u00e0ria - Administraci\u00f3 i Serveis","article_modified_time":"2020-07-09T07:17:32+00:00","twitter_card":"summary_large_image","twitter_misc":{"Est. reading time":"7 minutes"},"schema":{"@context":"https:\/\/schema.org","@graph":[{"@type":"WebPage","@id":"https:\/\/comunitaria.es\/ca\/comunitats\/administracio\/","url":"https:\/\/comunitaria.es\/ca\/comunitats\/administracio\/","name":"Administraci\u00f3 de finques i comunitats Lleida","isPartOf":{"@id":"https:\/\/comunitaria.es\/ca\/#website"},"datePublished":"2020-07-01T09:36:37+00:00","dateModified":"2020-07-09T07:17:32+00:00","description":"Som administradors de finques, gestionem comunitats de propietaris i som assessors immobiliaris a Lleida i Vielha. Finques i administracions","breadcrumb":{"@id":"https:\/\/comunitaria.es\/ca\/comunitats\/administracio\/#breadcrumb"},"inLanguage":"ca","potentialAction":[{"@type":"ReadAction","target":["https:\/\/comunitaria.es\/ca\/comunitats\/administracio\/"]}]},{"@type":"BreadcrumbList","@id":"https:\/\/comunitaria.es\/ca\/comunitats\/administracio\/#breadcrumb","itemListElement":[{"@type":"ListItem","position":1,"name":"Portada","item":"https:\/\/comunitaria.es\/ca\/"},{"@type":"ListItem","position":2,"name":"Comunitats","item":"https:\/\/comunitaria.es\/ca\/comunidades\/"},{"@type":"ListItem","position":3,"name":"Administraci\u00f3 de Finques i Comunitats"}]},{"@type":"WebSite","@id":"https:\/\/comunitaria.es\/ca\/#website","url":"https:\/\/comunitaria.es\/ca\/","name":"Comunit\u00e0ria - Administraci\u00f3 i Serveis","description":"","publisher":{"@id":"https:\/\/comunitaria.es\/ca\/#organization"},"potentialAction":[{"@type":"SearchAction","target":{"@type":"EntryPoint","urlTemplate":"https:\/\/comunitaria.es\/ca\/?s={search_term_string}"},"query-input":{"@type":"PropertyValueSpecification","valueRequired":true,"valueName":"search_term_string"}}],"inLanguage":"ca"},{"@type":"Organization","@id":"https:\/\/comunitaria.es\/ca\/#organization","name":"Comunitaria Administraci\u00f3 i Serveis SL","url":"https:\/\/comunitaria.es\/ca\/","logo":{"@type":"ImageObject","inLanguage":"ca","@id":"https:\/\/comunitaria.es\/ca\/#\/schema\/logo\/image\/","url":"https:\/\/www.comunitaria.es\/wp-content\/uploads\/2020\/05\/logo-comunitaria-25.png","contentUrl":"https:\/\/www.comunitaria.es\/wp-content\/uploads\/2020\/05\/logo-comunitaria-25.png","width":225,"height":104,"caption":"Comunitaria Administraci\u00f3 i Serveis SL"},"image":{"@id":"https:\/\/comunitaria.es\/ca\/#\/schema\/logo\/image\/"}}]}},"_links":{"self":[{"href":"https:\/\/comunitaria.es\/ca\/wp-json\/wp\/v2\/pages\/4416","targetHints":{"allow":["GET"]}}],"collection":[{"href":"https:\/\/comunitaria.es\/ca\/wp-json\/wp\/v2\/pages"}],"about":[{"href":"https:\/\/comunitaria.es\/ca\/wp-json\/wp\/v2\/types\/page"}],"author":[{"embeddable":true,"href":"https:\/\/comunitaria.es\/ca\/wp-json\/wp\/v2\/users\/2"}],"replies":[{"embeddable":true,"href":"https:\/\/comunitaria.es\/ca\/wp-json\/wp\/v2\/comments?post=4416"}],"version-history":[{"count":6,"href":"https:\/\/comunitaria.es\/ca\/wp-json\/wp\/v2\/pages\/4416\/revisions"}],"predecessor-version":[{"id":4763,"href":"https:\/\/comunitaria.es\/ca\/wp-json\/wp\/v2\/pages\/4416\/revisions\/4763"}],"up":[{"embeddable":true,"href":"https:\/\/comunitaria.es\/ca\/wp-json\/wp\/v2\/pages\/3509"}],"wp:attachment":[{"href":"https:\/\/comunitaria.es\/ca\/wp-json\/wp\/v2\/media?parent=4416"}],"curies":[{"name":"wp","href":"https:\/\/api.w.org\/{rel}","templated":true}]}}