{"id":3569,"date":"2020-03-30T10:02:10","date_gmt":"2020-03-30T08:02:10","guid":{"rendered":"https:\/\/comunitaria.panelserver.org\/?page_id=3569"},"modified":"2022-07-14T10:26:47","modified_gmt":"2022-07-14T08:26:47","slug":"politica-de-cookies","status":"publish","type":"page","link":"https:\/\/comunitaria.es\/ca\/politica-de-cookies\/","title":{"rendered":"Pol\u00edtica de cookies"},"content":{"rendered":"<h3>QU\u00c9 ES UNA COOKIE?<\/h3>\n<p>Aquest lloc web utilitza cookies i \/ o tecnologies similars que emmagatzemen i recuperen informaci\u00f3 quan navegues. En general, aquestes tecnologies poden servir per a finalitats molt diverses, com, per exemple, recon\u00e8ixer-te com a usuari, obtenir informaci\u00f3 sobre els teus h\u00e0bits de navegaci\u00f3 o personalitzar la forma en qu\u00e8 es mostra el contingut. Els usos concrets que fem d&#8217;aquestes tecnologies es descriuen a continuaci\u00f3.<\/p>\n<h3><\/h3>\n<h3>QUI UTILITZA LA INFORMACI\u00d3 DE LES COOKIES?<\/h3>\n<p>Les dades emmagatzemades s\u00f3n tractats per l&#8217;entitat Comunitaria Administraci\u00f3 i Serveis SL amb CIF B25517582 amb domicili social a Av.Francesc Maci\u00e0, 35\u00a0 7\u00ba &#8211; 25007 Lleida i direcci\u00f3 de correu electr\u00f2nico <a href=\"mailto:adm@comunitaria.es\">adm@comunitaria.es<\/a><\/p>\n<p>&nbsp;<\/p>\n<h3>QUINS TIPUS DE COOKIES EXISTEIXEN?<\/h3>\n<p>Les cookies poden classificar-se, en virtut de les seves caracter\u00edstiques pr\u00f2pies, dins de diverses categories.<\/p>\n<p>Segons l&#8217;entitat que la gestioni:<\/p>\n<ul>\n<li><strong>Cookies pr\u00f2pies:<\/strong> S\u00f3n aquelles que s&#8217;envien al teu ordinador i s\u00f3n gestionades exclusivament per nosaltres per al millor funcionament del Lloc Web.<\/li>\n<li><strong>Cookies de tercers:<\/strong> S\u00f3n aquelles que s&#8217;envien al teu ordinador i no s\u00f3n gestionades per nosaltres sin\u00f3 per una tercera entitat.<\/li>\n<\/ul>\n<p>Segons el termini de temps que romanen activades:<\/p>\n<ul>\n<li><strong>Cookies de sessi\u00f3<\/strong>: Aquest tipus de galetes recapten i emmagatzemen dades \u00fanicament mentre l&#8217;Usuari accedeix a al Lloc Web.<\/li>\n<li><strong>Cookies persistents:<\/strong> Mitjan\u00e7ant aquest tipus de galetes les dades segueixen emmagatzemats i poden ser accedits i tractats durant el per\u00edode definit pel responsable de la galeta, i pot anar d&#8217;uns minuts a diversos anys.<\/li>\n<\/ul>\n<p>Segons la finalitat:<\/p>\n<ul>\n<li><strong>Cookies t\u00e8cniques<\/strong>: S\u00f3n aquelles que permeten a l&#8217;usuari la navegaci\u00f3 a trav\u00e9s del lloc web, plataforma o aplicaci\u00f3 i la utilitzaci\u00f3 de les diferents opcions o serveis que el mateix ofereix, com per exemple, controlar el tr\u00e0nsit i la comunicaci\u00f3 de dades, identificar la sessi\u00f3 , accedir a parts d&#8217;acc\u00e9s restringit, recordar els elements que integren una comanda, realitzar el proc\u00e9s de compra d&#8217;una comanda, realitzar la sol\u00b7licitud d&#8217;inscripci\u00f3 o participaci\u00f3 en un esdeveniment, utilitzar elements de seguretat durant la navegaci\u00f3, emmagatzemar continguts per a la difusi\u00f3 de v\u00eddeos o so o compartir continguts a trav\u00e9s de xarxes socials.<\/li>\n<li><strong>Cookies de personalitzaci\u00f3:<\/strong> S\u00f3n aquelles que permeten a l&#8217;usuari accedeix a l&#8217;servei amb algunes caracter\u00edstiques de car\u00e0cter general predefinides, com ara l&#8217;idioma, la configuraci\u00f3 regional des d&#8217;on s&#8217;accedeix a el servei, etc.<\/li>\n<li><strong>Cookies d&#8217;an\u00e0lisi:<\/strong> S\u00f3n aquelles que permeten a l&#8217;responsable de les mateixes, el seguiment i an\u00e0lisi de l&#8217;comportament dels usuaris dels llocs web als que estan vinculades. La informaci\u00f3 recollida mitjan\u00e7ant aquest tipus de galetes s&#8217;utilitza en el mesurament de l&#8217;activitat dels llocs web, aplicaci\u00f3 o plataforma i per a l&#8217;elaboraci\u00f3 de perfils de navegaci\u00f3 dels usuaris d&#8217;aquests llocs, aplicacions i plataformes, per tal d&#8217;introduir millores en funci\u00f3 de l&#8217;an\u00e0lisi de les dades d&#8217;\u00fas que fan els usuaris de el servei.<\/li>\n<li><strong>Cookies publicit\u00e0ries:<\/strong> S\u00f3n aquelles que permeten la gesti\u00f3, de la forma m\u00e9s efica\u00e7 possible, dels espais publicitaris que, si escau, s&#8217;hagi incl\u00f2s en el lloc web, aplicaci\u00f3 o plataforma des de la qual presta el servei sol\u00b7licitat en base als criteris com el contingut editat o la freq\u00fc\u00e8ncia en qu\u00e8 es mostren els anuncis.<\/li>\n<li><strong>Cookies de publicitat comportamental:<\/strong> S\u00f3n aquelles que permeten la gesti\u00f3, de la forma m\u00e9s efica\u00e7 possible, dels espais publicitaris que, si escau, l&#8217;editor hagi incl\u00f2s a la seva p\u00e0gina web, aplicaci\u00f3 o plataforma des de la qual presta el servei sol\u00b7licitat. Aquestes galetes emmagatzemen informaci\u00f3 de l&#8217;comportament dels usuaris obtinguda a trav\u00e9s de l&#8217;observaci\u00f3 continuada dels seus h\u00e0bits de navegaci\u00f3, el que permet desenvolupar un perfil espec\u00edfic per mostrar publicitat en funci\u00f3 de la mateixa.<\/li>\n<\/ul>\n<h3>QUIN TIPUS DE COOKIES UTILITZA AQUESTA WEB?<\/h3>\n<p>A continuaci\u00f3, s&#8217;especifiquen les galetes en concret emprades en el present Lloc Web:<\/p>\n<p>&nbsp;<\/p>\n<p><strong>\u00a0<\/strong><strong>COOKIES T\u00c9CNIQUES<\/strong><\/p>\n<p>&nbsp;<\/p>\n<table width=\"100%\">\n<thead>\n<tr style=\"border-bottom: 1px solid #F2F2F2F2;\">\n<td width=\"142\"><strong>Nom<\/strong><\/td>\n<td width=\"416\"><strong>Descripci\u00f3<\/strong><\/td>\n<td colspan=\"2\" width=\"75\"><strong>Duraci\u00f3<\/strong><\/td>\n<\/tr>\n<\/thead>\n<tbody>\n<tr style=\"border-bottom: 1px solid #F2F2F2F2;\">\n<td width=\"142\">wp-settings-<\/td>\n<td width=\"416\">WordPress tamb\u00e9 estableix algunes galetes de wp-settings-[UID]. El n\u00famero al final \u00e9s el vostre ID d&#8217;usuari individual de la taula de la base de dades d&#8217;usuaris. Aix\u00f2 es fa servir per personalitzar la vostra vista de la interf\u00edcie d&#8217;administraci\u00f3 i possiblement tamb\u00e9 la interf\u00edcie del lloc principal.<\/td>\n<td colspan=\"2\" width=\"75\">1 any<\/td>\n<\/tr>\n<tr style=\"border-bottom: 1px solid #F2F2F2F2;\">\n<td width=\"142\">PHPSESSID<\/td>\n<td width=\"416\">Per identificar la vostra sessi\u00f3 \u00fanica al lloc web<\/td>\n<td colspan=\"2\" width=\"75\">sessi\u00f3<\/td>\n<\/tr>\n<tr style=\"border-bottom: 1px solid #F2F2F2F2;\">\n<td width=\"142\">SESS<\/td>\n<td width=\"416\">Per assegurar-vos que el reconegueu quan es mogui d&#8217;una p\u00e0gina a una altra dins del lloc i que es recordi qualsevol informaci\u00f3 que heu introdu\u00eft.<\/td>\n<td colspan=\"2\" width=\"75\">sessi\u00f3<\/td>\n<\/tr>\n<tr style=\"border-bottom: 1px solid #F2F2F2F2;\">\n<td width=\"142\">wordpress_<\/td>\n<td colspan=\"2\" width=\"417\">Cookie de WordPress per a un usuari que ha iniciat sessi\u00f3.<\/td>\n<td width=\"75\">sessi\u00f3<\/td>\n<\/tr>\n<tr style=\"border-bottom: 1px solid #F2F2F2F2;\">\n<td width=\"142\">wordpress_logged_in_<\/td>\n<td colspan=\"2\" width=\"417\">Cookie de WordPress per a un usuari registrat<\/td>\n<td width=\"75\">sessi\u00f3<\/td>\n<\/tr>\n<tr style=\"border-bottom: 1px solid #F2F2F2F2;\">\n<td width=\"142\">wp-settings-time-<\/td>\n<td colspan=\"2\" width=\"417\">WordPress tamb\u00e9 estableix algunes galetes de wp-settings-{time} &#8211; [UID]. El n\u00famero al final \u00e9s el vostre ID d&#8217;usuari individual de la taula de la base de dades d&#8217;usuaris. Aix\u00f2 es fa servir per personalitzar la vostra vista de la interf\u00edcie d&#8217;administraci\u00f3 i possiblement tamb\u00e9 la interf\u00edcie del lloc principal.<\/td>\n<td width=\"75\">1 any<\/td>\n<\/tr>\n<tr style=\"border-bottom: 1px solid #F2F2F2F2;\">\n<td width=\"142\">WPML<\/td>\n<td colspan=\"2\" width=\"417\">Identifica l&#8217;idioma de l&#8217;usuari<\/td>\n<td width=\"75\">sessi\u00f3<\/td>\n<\/tr>\n<tr style=\"border-bottom: 1px solid #F2F2F2F2;\">\n<td width=\"149\"><\/td>\n<td width=\"409\"><\/td>\n<td width=\"1\"><\/td>\n<td width=\"75\"><\/td>\n<\/tr>\n<\/tbody>\n<\/table>\n<p>&nbsp;<\/p>\n<p>Pol\u00edtica de cookies de Google Analytics:<\/p>\n<p><a href=\"https:\/\/developers.google.com\/analytics\/devguides\/collection\/analyticsjs\/cookie-usage?hl=es\">https:\/\/developers.google.com\/analytics\/devguides\/collection\/analyticsjs\/cookie-usage?hl=es<\/a><\/p>\n<p>&nbsp;<\/p>\n<p>Aquesta taula pot ser actualitzada d&#8217;acord amb les galetes emprades en cada moment. T&#8217;aconsellem que consultis la nostra Pol\u00edtica de Cookies de forma regular.<\/p>\n<p>&nbsp;<\/p>\n<h3>ES REALITZEN TRANFER\u00c8NCIES DE DADES A TERCERS PA\u00cfSOS?<\/h3>\n<p>Pots informar-te de les transfer\u00e8ncies a tercers pa\u00efsos que, si escau, realitzen els tercers identificats en aquesta pol\u00edtica de cookies en els seus corresponents pol\u00edtiques (Veure els enlla\u00e7os facilitats en la taula anterior, en l&#8217;apartat de cookies de tercers).<\/p>\n<p>&nbsp;<\/p>\n<h3>COM DESHABILITAR I BLOQUEJAR COOKIES?<\/h3>\n<p>T&#8217;informem que, en qualsevol cas, pots desactivar o bloquejar les cookies activant la configuraci\u00f3 del teu navegador, permetent rebutjar la instal\u00b7laci\u00f3 de totes o algunes de les cookies. En cas de no permetre la instal\u00b7laci\u00f3 de cookies \u00e9s possible que no puguis accedir a algunes de les funcionalitats de el present lloc web, i per tant, la teva experi\u00e8ncia com a usuari en el lloc web resulti menys satisfact\u00f2ria.<\/p>\n<p>Pots permetre, bloquejar o eliminar les cookies instal\u00b7lades en el teu equip mitjan\u00e7ant la configuraci\u00f3 de les opcions de el navegador instal\u00b7lat al teu ordinador. Per a m\u00e9s informaci\u00f3 sobre com ajustar les seves configuracions de cookies en els seg\u00fcents navegadors, et remetem a l&#8217;enlla\u00e7 pertinent:<\/p>\n<p>&nbsp;<\/p>\n<p>Internet Explorer<\/p>\n<ul>\n<li><a href=\"https:\/\/support.microsoft.com\/es-es\/help\/17442\/windows-internet-explorer-deletemanage-cookies\">https:\/\/support.microsoft.com\/es-es\/help\/17442\/windows-internet-explorer-deletemanage-cookies <\/a><\/li>\n<\/ul>\n<p>Firefox<\/p>\n<ul>\n<li><a href=\"https:\/\/support.mozilla.org\/es\/kb\/habilitar-y-deshabilitar-cookies-sitios-web-rastrearpreferencias?redirectlocale=es&amp;redirectslug=habilitar-y-deshabilitar-cookies-que-los-sitioswe\">https:\/\/support.mozilla.org\/es\/kb\/habilitar-y-deshabilitar-cookies-sitios-web-rastrearpreferencias?redirectlocale=es&amp;redirectslug=habilitar-y-deshabilitar-cookies-que-los-sitioswe<\/a><\/li>\n<\/ul>\n<p>&nbsp;<\/p>\n<p>Chrome<\/p>\n<ul>\n<li><a href=\"http:\/\/support.google.com\/chrome\/bin\/answer.py?hl=en&amp;answer=95647\">http:\/\/support.google.com\/chrome\/bin\/answer.py?hl=en&amp;answer=95647 <\/a><\/li>\n<\/ul>\n<p>&nbsp;<\/p>\n<p>Safari<\/p>\n<ul>\n<li><a href=\"https:\/\/support.apple.com\/kb\/PH19214?viewlocale=es_ES&amp;locale=es_ES\">https:\/\/support.apple.com\/kb\/PH19214?viewlocale=es_ES&amp;locale=es_ES <\/a><\/li>\n<\/ul>\n<p>&nbsp;<\/p>\n<p>Opera<\/p>\n<ul>\n<li><a href=\"http:\/\/help.opera.com\/Windows\/11.50\/es-ES\/cookies.html\">http:\/\/help.opera.com\/Windows\/11.50\/es-ES\/cookies.html <\/a><\/li>\n<\/ul>\n<p>&nbsp;<\/p>\n<h3>QUINS DRETS TENS SOBRE LES DADES PERSONALS APORTADES?<\/h3>\n<p>Com a usuari, pots exercitar els drets seg\u00fcents:<\/p>\n<ul>\n<li><strong>Dret d&#8217;acc\u00e9s:<\/strong> Tens dret a obtenir per part de l&#8217;empresa confirmaci\u00f3 de si s&#8217;estan tractant o no les teves dades personals que, i si \u00e9s el cas, quines dades tracta.<\/li>\n<li><strong>Dret de rectificaci\u00f3:<\/strong> Tens dret a obtenir per part de l&#8217;empresa, la rectificaci\u00f3 de les dades personals inexactes que et concerneixen. En la sol\u00b7licitud de rectificaci\u00f3 haur\u00e0s d&#8217;indicar les dades que vols que es modifiquin.<\/li>\n<li><strong>Dret d&#8217;oposici\u00f3:<\/strong> Tens dret a oposar-te en qualsevol moment, per motius relacionats amb la teva situaci\u00f3 particular, al fet que dades personals que et concerneixin siguin objecte d&#8217;un tractament basat en l&#8217;inter\u00e8s leg\u00edtim de l&#8217;empresa. En aquest cas, l&#8217;empresa deixar\u00e0 de tractar les dades personals, llevat que acreditem motius leg\u00edtims imperiosos per al tractament que prevalguin sobre els teus interessos, drets i llibertats, o per a la formulaci\u00f3, l&#8217;exercici o la defensa de reclamacions.<\/li>\n<li><strong>Dret de supressi\u00f3:<\/strong> Tens dret a obtenir per part de l&#8217;empresa, la supressi\u00f3 de les dades personals que et concerneixin.<\/li>\n<li><strong>Dret a la portabilitat de les dades:<\/strong> Tens dret al fet que l&#8217;empresa transfereixi les teves dades personals a un altre responsable de l&#8217;tractament. Nom\u00e9s \u00e9s possible exercir aquest dret quan el tractament estigui basat en l&#8217;execuci\u00f3 d&#8217;un contracte o al teu consentiment i el tractament es realitzi per mitjans automatitzats.<\/li>\n<li><strong>Dret a la limitaci\u00f3 de l&#8217;tractament:<\/strong> Tens dret a sol\u00b7licitar-nos que suspenguem el tractament de les teves dades quan: impugnes l&#8217;exactitud de les dades, mentre l&#8217;empresa verifica aquesta exactitud; hagis exercit el dret d&#8217;oposici\u00f3 a el tractament de les teves dades, mentre que es verifica si els motius leg\u00edtims de l&#8217;empresa prevalen sobre els teus com interessat.<\/li>\n<li><strong>Dret a no ser objecte de decisions individuals automatitzades, inclosa l&#8217;elaboraci\u00f3 de perfils:<\/strong> Tens dret a no ser objecte d&#8217;una decisi\u00f3 basada \u00fanicament en el tractament automatitzat, inclosa l&#8217;elaboraci\u00f3 de perfils, que produeixi efectes jur\u00eddics o et afecti significativament de manera similar.<\/li>\n<\/ul>\n<p>En qualsevol moment, podr\u00e0s exercir aquests drets, mitjan\u00e7ant un escrit i acreditant La teva personalitat dirigit a Comunit\u00e0ria Administraci\u00f3 i Serveis SL, amb adre\u00e7a a l&#8217;av. Francesc Maci\u00e0, 35 7\u00ba &#8211; 25007 Lleida o enviant un mail a adm@comunitaria.es.<\/p>\n<p>A m\u00e9s, podr\u00e0s presentar una reclamaci\u00f3 davant l&#8217;autoritat de control, en aquest cas, l&#8217;Ag\u00e8ncia Espanyola de Protecci\u00f3 de Dades, si consideres que el tractament de dades personals infringeix la legislaci\u00f3 aplicable<\/p>\n","protected":false},"excerpt":{"rendered":"<p>QU\u00c9 ES UNA COOKIE? Aquest lloc web utilitza cookies i \/ o tecnologies similars que emmagatzemen i recuperen informaci\u00f3 quan navegues. En general, aquestes tecnologies poden servir per a finalitats molt diverses, com, per exemple, recon\u00e8ixer-te com a usuari, obtenir informaci\u00f3 sobre els teus h\u00e0bits de navegaci\u00f3 o personalitzar la forma en qu\u00e8 es mostra&hellip;<\/p>\n","protected":false},"author":2,"featured_media":0,"parent":0,"menu_order":1100,"comment_status":"closed","ping_status":"closed","template":"","meta":{"_joinchat":[],"footnotes":""},"class_list":["post-3569","page","type-page","status-publish","hentry","description-off"],"yoast_head":"<!-- This site is optimized with the Yoast SEO plugin v28.3 - https:\/\/yoast.com\/product\/yoast-seo-wordpress\/ -->\n<title>Pol\u00edtica de cookies - Comunit\u00e0ria - Administraci\u00f3 i Serveis<\/title>\n<meta name=\"robots\" content=\"index, follow, max-snippet:-1, max-image-preview:large, max-video-preview:-1\" \/>\n<link rel=\"canonical\" href=\"https:\/\/comunitaria.es\/ca\/politica-de-cookies\/\" \/>\n<meta property=\"og:locale\" content=\"ca_ES\" \/>\n<meta property=\"og:type\" content=\"article\" \/>\n<meta property=\"og:title\" content=\"Pol\u00edtica de cookies - Comunit\u00e0ria - Administraci\u00f3 i Serveis\" \/>\n<meta property=\"og:description\" content=\"QU\u00c9 ES UNA COOKIE? Aquest lloc web utilitza cookies i \/ o tecnologies similars que emmagatzemen i recuperen informaci\u00f3 quan navegues. En general, aquestes tecnologies poden servir per a finalitats molt diverses, com, per exemple, recon\u00e8ixer-te com a usuari, obtenir informaci\u00f3 sobre els teus h\u00e0bits de navegaci\u00f3 o personalitzar la forma en qu\u00e8 es mostra&hellip;\" \/>\n<meta property=\"og:url\" content=\"https:\/\/comunitaria.es\/ca\/politica-de-cookies\/\" \/>\n<meta property=\"og:site_name\" content=\"Comunit\u00e0ria - Administraci\u00f3 i Serveis\" \/>\n<meta property=\"article:modified_time\" content=\"2022-07-14T08:26:47+00:00\" \/>\n<meta name=\"twitter:card\" content=\"summary_large_image\" \/>\n<meta name=\"twitter:label1\" content=\"Est. reading time\" \/>\n\t<meta name=\"twitter:data1\" content=\"8 minutes\" \/>\n<script type=\"application\/ld+json\" class=\"yoast-schema-graph\">{\"@context\":\"https:\\\/\\\/schema.org\",\"@graph\":[{\"@type\":\"WebPage\",\"@id\":\"https:\\\/\\\/comunitaria.es\\\/ca\\\/politica-de-cookies\\\/\",\"url\":\"https:\\\/\\\/comunitaria.es\\\/ca\\\/politica-de-cookies\\\/\",\"name\":\"Pol\u00edtica de cookies - Comunit\u00e0ria - Administraci\u00f3 i Serveis\",\"isPartOf\":{\"@id\":\"https:\\\/\\\/comunitaria.es\\\/ca\\\/#website\"},\"datePublished\":\"2020-03-30T08:02:10+00:00\",\"dateModified\":\"2022-07-14T08:26:47+00:00\",\"breadcrumb\":{\"@id\":\"https:\\\/\\\/comunitaria.es\\\/ca\\\/politica-de-cookies\\\/#breadcrumb\"},\"inLanguage\":\"ca\",\"potentialAction\":[{\"@type\":\"ReadAction\",\"target\":[\"https:\\\/\\\/comunitaria.es\\\/ca\\\/politica-de-cookies\\\/\"]}]},{\"@type\":\"BreadcrumbList\",\"@id\":\"https:\\\/\\\/comunitaria.es\\\/ca\\\/politica-de-cookies\\\/#breadcrumb\",\"itemListElement\":[{\"@type\":\"ListItem\",\"position\":1,\"name\":\"Portada\",\"item\":\"https:\\\/\\\/comunitaria.es\\\/ca\\\/\"},{\"@type\":\"ListItem\",\"position\":2,\"name\":\"Pol\u00edtica de cookies\"}]},{\"@type\":\"WebSite\",\"@id\":\"https:\\\/\\\/comunitaria.es\\\/ca\\\/#website\",\"url\":\"https:\\\/\\\/comunitaria.es\\\/ca\\\/\",\"name\":\"Comunit\u00e0ria - Administraci\u00f3 i Serveis\",\"description\":\"\",\"publisher\":{\"@id\":\"https:\\\/\\\/comunitaria.es\\\/ca\\\/#organization\"},\"potentialAction\":[{\"@type\":\"SearchAction\",\"target\":{\"@type\":\"EntryPoint\",\"urlTemplate\":\"https:\\\/\\\/comunitaria.es\\\/ca\\\/?s={search_term_string}\"},\"query-input\":{\"@type\":\"PropertyValueSpecification\",\"valueRequired\":true,\"valueName\":\"search_term_string\"}}],\"inLanguage\":\"ca\"},{\"@type\":\"Organization\",\"@id\":\"https:\\\/\\\/comunitaria.es\\\/ca\\\/#organization\",\"name\":\"Comunitaria Administraci\u00f3 i Serveis SL\",\"url\":\"https:\\\/\\\/comunitaria.es\\\/ca\\\/\",\"logo\":{\"@type\":\"ImageObject\",\"inLanguage\":\"ca\",\"@id\":\"https:\\\/\\\/comunitaria.es\\\/ca\\\/#\\\/schema\\\/logo\\\/image\\\/\",\"url\":\"https:\\\/\\\/www.comunitaria.es\\\/wp-content\\\/uploads\\\/2020\\\/05\\\/logo-comunitaria-25.png\",\"contentUrl\":\"https:\\\/\\\/www.comunitaria.es\\\/wp-content\\\/uploads\\\/2020\\\/05\\\/logo-comunitaria-25.png\",\"width\":225,\"height\":104,\"caption\":\"Comunitaria Administraci\u00f3 i Serveis SL\"},\"image\":{\"@id\":\"https:\\\/\\\/comunitaria.es\\\/ca\\\/#\\\/schema\\\/logo\\\/image\\\/\"}}]}<\/script>\n<!-- \/ Yoast SEO plugin. -->","yoast_head_json":{"title":"Pol\u00edtica de cookies - Comunit\u00e0ria - Administraci\u00f3 i Serveis","robots":{"index":"index","follow":"follow","max-snippet":"max-snippet:-1","max-image-preview":"max-image-preview:large","max-video-preview":"max-video-preview:-1"},"canonical":"https:\/\/comunitaria.es\/ca\/politica-de-cookies\/","og_locale":"ca_ES","og_type":"article","og_title":"Pol\u00edtica de cookies - Comunit\u00e0ria - Administraci\u00f3 i Serveis","og_description":"QU\u00c9 ES UNA COOKIE? Aquest lloc web utilitza cookies i \/ o tecnologies similars que emmagatzemen i recuperen informaci\u00f3 quan navegues. En general, aquestes tecnologies poden servir per a finalitats molt diverses, com, per exemple, recon\u00e8ixer-te com a usuari, obtenir informaci\u00f3 sobre els teus h\u00e0bits de navegaci\u00f3 o personalitzar la forma en qu\u00e8 es mostra&hellip;","og_url":"https:\/\/comunitaria.es\/ca\/politica-de-cookies\/","og_site_name":"Comunit\u00e0ria - Administraci\u00f3 i Serveis","article_modified_time":"2022-07-14T08:26:47+00:00","twitter_card":"summary_large_image","twitter_misc":{"Est. reading time":"8 minutes"},"schema":{"@context":"https:\/\/schema.org","@graph":[{"@type":"WebPage","@id":"https:\/\/comunitaria.es\/ca\/politica-de-cookies\/","url":"https:\/\/comunitaria.es\/ca\/politica-de-cookies\/","name":"Pol\u00edtica de cookies - Comunit\u00e0ria - Administraci\u00f3 i Serveis","isPartOf":{"@id":"https:\/\/comunitaria.es\/ca\/#website"},"datePublished":"2020-03-30T08:02:10+00:00","dateModified":"2022-07-14T08:26:47+00:00","breadcrumb":{"@id":"https:\/\/comunitaria.es\/ca\/politica-de-cookies\/#breadcrumb"},"inLanguage":"ca","potentialAction":[{"@type":"ReadAction","target":["https:\/\/comunitaria.es\/ca\/politica-de-cookies\/"]}]},{"@type":"BreadcrumbList","@id":"https:\/\/comunitaria.es\/ca\/politica-de-cookies\/#breadcrumb","itemListElement":[{"@type":"ListItem","position":1,"name":"Portada","item":"https:\/\/comunitaria.es\/ca\/"},{"@type":"ListItem","position":2,"name":"Pol\u00edtica de cookies"}]},{"@type":"WebSite","@id":"https:\/\/comunitaria.es\/ca\/#website","url":"https:\/\/comunitaria.es\/ca\/","name":"Comunit\u00e0ria - Administraci\u00f3 i Serveis","description":"","publisher":{"@id":"https:\/\/comunitaria.es\/ca\/#organization"},"potentialAction":[{"@type":"SearchAction","target":{"@type":"EntryPoint","urlTemplate":"https:\/\/comunitaria.es\/ca\/?s={search_term_string}"},"query-input":{"@type":"PropertyValueSpecification","valueRequired":true,"valueName":"search_term_string"}}],"inLanguage":"ca"},{"@type":"Organization","@id":"https:\/\/comunitaria.es\/ca\/#organization","name":"Comunitaria Administraci\u00f3 i Serveis SL","url":"https:\/\/comunitaria.es\/ca\/","logo":{"@type":"ImageObject","inLanguage":"ca","@id":"https:\/\/comunitaria.es\/ca\/#\/schema\/logo\/image\/","url":"https:\/\/www.comunitaria.es\/wp-content\/uploads\/2020\/05\/logo-comunitaria-25.png","contentUrl":"https:\/\/www.comunitaria.es\/wp-content\/uploads\/2020\/05\/logo-comunitaria-25.png","width":225,"height":104,"caption":"Comunitaria Administraci\u00f3 i Serveis SL"},"image":{"@id":"https:\/\/comunitaria.es\/ca\/#\/schema\/logo\/image\/"}}]}},"_links":{"self":[{"href":"https:\/\/comunitaria.es\/ca\/wp-json\/wp\/v2\/pages\/3569","targetHints":{"allow":["GET"]}}],"collection":[{"href":"https:\/\/comunitaria.es\/ca\/wp-json\/wp\/v2\/pages"}],"about":[{"href":"https:\/\/comunitaria.es\/ca\/wp-json\/wp\/v2\/types\/page"}],"author":[{"embeddable":true,"href":"https:\/\/comunitaria.es\/ca\/wp-json\/wp\/v2\/users\/2"}],"replies":[{"embeddable":true,"href":"https:\/\/comunitaria.es\/ca\/wp-json\/wp\/v2\/comments?post=3569"}],"version-history":[{"count":14,"href":"https:\/\/comunitaria.es\/ca\/wp-json\/wp\/v2\/pages\/3569\/revisions"}],"predecessor-version":[{"id":7848,"href":"https:\/\/comunitaria.es\/ca\/wp-json\/wp\/v2\/pages\/3569\/revisions\/7848"}],"wp:attachment":[{"href":"https:\/\/comunitaria.es\/ca\/wp-json\/wp\/v2\/media?parent=3569"}],"curies":[{"name":"wp","href":"https:\/\/api.w.org\/{rel}","templated":true}]}}