{"id":3567,"date":"2020-03-30T10:07:02","date_gmt":"2020-03-30T08:07:02","guid":{"rendered":"https:\/\/comunitaria.panelserver.org\/?page_id=3567"},"modified":"2020-07-08T18:06:52","modified_gmt":"2020-07-08T16:06:52","slug":"politica-de-privacitat-avis-legal","status":"publish","type":"page","link":"https:\/\/comunitaria.es\/ca\/politica-de-privacitat-avis-legal\/","title":{"rendered":"Pol\u00edtica de Privacitat &#8211; Av\u00eds Legal"},"content":{"rendered":"<div class=\"wpb-content-wrapper\" id=\"wpb-content-root\"><p>[vc_row][vc_column][vc_empty_space][vc_column_text]<\/p>\n<p class=\"p1\"><span class=\"s1\"><b>PROTECCI\u00d3 DE DADES RA\u00d3 SOCIAL.<\/b><\/span><\/p>\n<p>L&#8217;empresa garanteix als usuaris de la p\u00e0gina web que compleix amb el Reglament General de Protecci\u00f3 de Dades (UE) 2016\/679, i que ha establert les mesures de seguretat exigides per les lleis i reglaments destinats a preservar el secret, confidencialitat i integritat en el tractament de les seves dades personals.<\/p>\n<p>Aquestes dades personals seran utilitzades en la forma i amb les limitacions i drets que concedeix la protecci\u00f3 de dades de car\u00e0cter personal.<\/p>\n<p>La recollida i tractament de les dades personals sol\u00b7licitades t\u00e9 com a finalitat l&#8217;atenci\u00f3 a l&#8217;usuari, tant administrativa com comercial. Ra\u00f3 Social es compromet a guardar la m\u00e0xima reserva, secret i confidencialitat sobre la informaci\u00f3 de les dades personals que t\u00e9 a la seva disposici\u00f3. Vost\u00e8 t\u00e9 dret a obtenir confirmaci\u00f3 sobre si en Ra\u00f3 Social. estem tractant les seves dades personals per tant t\u00e9 dret a accedir a les seves dades personals, rectificar les dades inexacte o sol\u00b7licitar la seva supressi\u00f3 quan les dades ja no siguin necessaris per als fins que van ser recollides.<\/p>\n<p class=\"p1\"><span class=\"s1\"><b>AV\u00cdS LEGAL LSSI &#8211; CE<\/b><\/span><\/p>\n<p>En compliment de la Llei 34\/2002, de 11 de juliol, de Serveis de la Societat de la Informaci\u00f3 i de Comer\u00e7 Electr\u00f2nic (LSSI-CE), l&#8217;entitat Ra\u00f3 Social li informa que \u00e9s titular del lloc web. D&#8217;acord amb l&#8217;exig\u00e8ncia de l&#8217;article 10 de l&#8217;esmentada Llei, informa de les seg\u00fcents dades:<\/p>\n<p>El titular d&#8217;aquest lloc web \u00e9s: COMUNIT\u00c0RIA ADMINISTRACIO I SERVEIS, SL<\/p>\n<p>NIF: B25517582<\/p>\n<p>Domicili social: AVDA. FRANCESC MACIA, 35 7\u00ba LLEIDA<\/p>\n<p class=\"p1\"><span class=\"s1\"><b>USUARIS<\/b><\/span><\/p>\n<p class=\"p1\">L&#8217;acc\u00e9s i \/ o \u00fas d&#8217;aquest portal li atribueix la condici\u00f3 d&#8217;USUARI, que accepta, des d&#8217;aquest acc\u00e9s i \/ o \u00fas, les Condicions Generals d&#8217;\u00das aqu\u00ed reflectides. Les esmentades Condicions s&#8217;aplicaran independentment de les Condicions Generals de Contractaci\u00f3 que si escau resultin d&#8217;obligat compliment.<\/p>\n<p class=\"p1\"><span class=\"s1\"><b>\u00daS DEL PORTAL<\/b><\/span><\/p>\n<p>La p\u00e0gina web proporciona l&#8217;acc\u00e9s a multitud d&#8217;informacions, serveis, programes o dades (des d&#8217;ara, &#8220;els continguts&#8221;) a Internet pertanyents a COMUNIT\u00c0RIA ADMINISTRACIO I SERVEIS, SL o als seus llicenciants als quals l&#8217;usuari pugui tenir acc\u00e9s. L&#8217;usuari assumeix la responsabilitat de l&#8217;\u00fas de l&#8217;portal. Aquesta responsabilitat s&#8217;est\u00e9n a l&#8217;registre que fos necessari per accedir a determinats serveis o continguts.<\/p>\n<p>En aquest registre l&#8217;USUARI ser\u00e0 responsable d&#8217;aportar informaci\u00f3 vera\u00e7 i l\u00edcita. Com a conseq\u00fc\u00e8ncia d&#8217;aquest registre, a l&#8217;USUARI se li pot proporcionar una contrasenya de la qual ser\u00e0 responsable, comprometent-se a fer un \u00fas diligent i confidencial de la mateixa. L&#8217;usuari es compromet a fer un \u00fas adequat dels continguts i serveis que COMUNIT\u00c0RIA ADMINISTRACIO I SERVEIS, SL ofereix a trav\u00e9s del seu portal i amb car\u00e0cter enunciatiu per\u00f2 no limitador, a no emprar-los per:<\/p>\n<ul>\n<li class=\"p6\">inc\u00f3rrer en activitats il\u00b7l\u00edcites, il\u00b7legals o contr\u00e0ries a la bona fe ia l&#8217;ordre p\u00fablic<\/li>\n<li class=\"li7\">difondre continguts o propaganda de car\u00e0cter racista, xen\u00f2fob, pornogr\u00e0fic-il\u00b7legal, d&#8217;apologia de terrorisme o que atempti contra els drets humans<\/li>\n<li class=\"li7\">provocar danys en els sistemes f\u00edsics i l\u00f2gics de COMUNIT\u00c0RIA ADMINISTRACIO I SERVEIS, SL, dels seus prove\u00efdors o de terceres persones, introduir o difondre a la xarxa virus inform\u00e0tics o qualssevol altres sistemes f\u00edsics o l\u00f2gics que siguin susceptibles de provocar els danys anteriorment esmentats;<\/li>\n<li class=\"li7\">intentar accedir i, si s&#8217;escau, utilitzar els comptes de correu electr\u00f2nic d&#8217;altres usuaris i modificar manipular els seus missatges. COMUNIT\u00c0RIA ADMINISTRACIO I SERVEIS, SL es reserva el dret de retirar tots aquells comentaris i aportacions que vulnerin el respecte a la dignitat de la persona, que siguin discriminatoris, xen\u00f2fobs, racistes, pornogr\u00e0fics, que atemptin contra la joventut o la inf\u00e0ncia, l&#8217;ordre o la seguretat p\u00fablica o que, al seu parer, no resultessin adequats per a la seva publicaci\u00f3. En qualsevol cas, COMUNIT\u00c0RIA ADMINISTRACIO I SERVEIS, SL no ser\u00e0 responsable de les opinions abocades pels usuaris a trav\u00e9s dels f\u00f2rums, xats, o altres eines de participaci\u00f3.<\/li>\n<\/ul>\n<p class=\"p9\"><span class=\"s1\"><b>PROPIETAT INTEL\u00b7LECTUAL I INDUSTRIAL<\/b><\/span><\/p>\n<p>COMUNIT\u00c0RIA ADMINISTRACIO I SERVEIS, SL ser\u00e0 titular de tots els drets de propietat intel\u00b7lectual i industrial de la seva p\u00e0gina web, aix\u00ed com dels elements continguts en la mateixa (a t\u00edtol enunciatiu, imatges, so, \u00e0udio, v\u00eddeo, programari o textos; marques o logotips, combinacions de colors, estructura i disseny, selecci\u00f3 de materials usats, programes d&#8217;ordinador necessaris per al seu funcionament, acc\u00e9s i \u00fas, etc.) ..<\/p>\n<p>Tots els drets reservats. En virtut del que disposen els articles 8 i 32.1, par\u00e0graf segon, de la Llei de Propietat Intel\u00b7lectual, queden expressament prohibides la reproducci\u00f3, la distribuci\u00f3 i la comunicaci\u00f3 p\u00fablica, inclosa la seva modalitat de posada a disposici\u00f3, de la totalitat o part dels continguts d&#8217;aquesta p\u00e0gina web, amb fins comercials, en qualsevol suport i per qualsevol mitj\u00e0 t\u00e8cnic, sense l&#8217;autoritzaci\u00f3 de COMUNIT\u00c0RIA ADMINISTRACIO i SERVEIS, SL. L&#8217;usuari es compromet a respectar els drets de Propietat Intel\u00b7lectual i Industrial titularitat de COMUNIT\u00c0RIA ADMINISTRACIO I SERVEIS, SL. Podr\u00e0 visualitzar els elements de el portal i fins i tot imprimir-los, copiar-los i emmagatzemar-los al disc dur del seu ordinador o en qualsevol altre suport f\u00edsic sempre que sigui, \u00fanica i exclusivament, per al seu \u00fas personal i privat. L&#8217;usuari haur\u00e0 d&#8217;abstenir-se de suprimir, alterar, eludir o manipular qualsevol dispositiu de protecci\u00f3 o sistema de seguretat que estigu\u00e9s instal\u00b7lat al les p\u00e0gines de COMUNIT\u00c0RIA ADMINISTRACIO I SERVEIS, SL.<\/p>\n<p class=\"p9\"><span class=\"s1\"><b>EXCLUSI\u00d3 DE GARANTIES I RESPONSABILITAT<\/b><\/span><\/p>\n<p class=\"p5\">COMUNIT\u00c0RIA ADMINISTRACIO I SERVEIS, SL no es fa responsable, en cap cas, dels danys i perjudicis de qualsevol naturalesa que poguessin ocasionar, a t\u00edtol enunciatiu: errors o omissions en els continguts, falta de disponibilitat de l&#8217;portal o la transmissi\u00f3 de virus o programes maliciosos o lesius en els continguts, malgrat haver adoptat totes les mesures tecnol\u00f2giques necess\u00e0ries per evitar-ho.<\/p>\n<p class=\"p9\"><span class=\"s1\"><b>MODIFICACIONS<\/b><\/span><\/p>\n<p class=\"p5\">COMUNIT\u00c0RIA ADMINISTRACIO I SERVEIS, SL es reserva el dret d&#8217;efectuar sense previ av\u00eds les modificacions que consideri oportunes al seu portal, podent canviar, suprimir o afegir tant els continguts i serveis que es prestin a trav\u00e9s de la mateixa com la forma en qu\u00e8 aquests apareguin presentats o localitzats al seu portal.<\/p>\n<p class=\"p6\"><span class=\"s1\"><b>ENLLA\u00c7OS<\/b><\/span><\/p>\n<p class=\"p5\">En el cas que a la p\u00e0gina web es disposessin enlla\u00e7os o hipervincles cap a altres llocs d&#8217;Internet, COMUNIT\u00c0RIA ADMINISTRACIO I SERVEIS, SL no exercir\u00e0 cap tipus de control sobre aquests llocs i continguts. En cap cas COMUNIT\u00c0RIA ADMINISTRACIO I SERVEIS, SL assumir\u00e0 responsabilitat alguna pels continguts d&#8217;algun enlla\u00e7 pertanyent a un lloc web ali\u00e8, ni garantir\u00e0 la disponibilitat t\u00e8cnica, qualitat, fiabilitat, exactitud, amplitud, veracitat, validesa i constitucionalitat de qualsevol material o informaci\u00f3 continguda en cap d&#8217;aquests hipervincles o altres llocs d&#8217;Internet.<\/p>\n<p class=\"p5\">Igualment, la inclusi\u00f3 d&#8217;aquestes connexions externes no implicar\u00e0 cap tipus d&#8217;associaci\u00f3, fusi\u00f3 o participaci\u00f3 amb les entitats connectades.<\/p>\n<p class=\"p9\"><span class=\"s1\"><b>DRET D&#8217;EXCLUSI\u00d3<\/b><\/span><\/p>\n<p class=\"p5\">COMUNIT\u00c0RIA ADMINISTRACIO I SERVEIS, SL es reserva el dret a denegar o retirar l&#8217;acc\u00e9s a portal i \/ o els serveis oferts sense necessitat de preav\u00eds, a inst\u00e0ncia pr\u00f2pia o d&#8217;un tercer, a aquells usuaris que incompleixin les presents Condicions Generals d&#8217;\u00das.<\/p>\n<p class=\"p9\"><span class=\"s1\"><b>GENERALITATS<\/b><\/span><\/p>\n<p class=\"p5\">COMUNIT\u00c0RIA ADMINISTRACIO I SERVEIS, SL perseguir\u00e0 l&#8217;incompliment de les presents condicions, aix\u00ed com qualsevol utilitzaci\u00f3 indeguda del seu portal exercint totes les accions civils i penals que li puguin correspondre en dret.<\/p>\n<p class=\"p9\"><span class=\"s1\"><b>MODIFICACI\u00d3 DE LES PRESENTS CONDICIONS I DURADA<\/b><\/span><\/p>\n<p>COMUNIT\u00c0RIA ADMINISTRACIO I SERVEIS, SL podr\u00e0 modificar en qualsevol moment les condicions aqu\u00ed determinades, sent degudament publicades com aqu\u00ed apareixen.<\/p>\n<p>La vig\u00e8ncia de les citades condicions anir\u00e0 en funci\u00f3 de la seva exposici\u00f3 i estaran vigents fins degudament publicades. que siguin modificades per unes altres.<\/p>\n<p class=\"p9\"><span class=\"s1\"><b>LEGISLACI\u00d3 APLICABLE I JURISDICCI\u00d3<\/b><\/span><\/p>\n<p class=\"p5\">La relaci\u00f3 entre COMUNIT\u00c0RIA ADMINISTRACIO I SERVEIS, SL i l&#8217;USUARI es regir\u00e0 per la normativa espanyola vigent i qualsevol controv\u00e8rsia se sotmetr\u00e0 als Jutjats i tribunals de la ciutat anteriorment indicada.<\/p>\n<p class=\"p10\"><span class=\"s1\"><b>POL\u00cdTICA DE COOKIES<\/b><\/span><\/p>\n<p>Pel que fa a la pol\u00edtica de cookies del web, en cas que la p\u00e0gina web disposi d&#8217;elles i aquestes no siguin inherents a l&#8217;funcionament de la WEB o com aix\u00ed refereix l&#8217;esmentat apartat 2 de l&#8217;article 22 LSSI &#8220;a el sol fi d&#8217;efectuar la transmissi\u00f3 d&#8217;una comunicaci\u00f3 per una xarxa de comunicacions electr\u00f2nica &#8220;:<\/p>\n<p>Una galeta \u00e9s un arxiu d&#8217;informaci\u00f3 que el servidor d&#8217;aquest lloc web envia a el dispositiu (ordinador, smartphone, tablet, etc.) de qui accedeix a la p\u00e0gina per emmagatzemar i recuperar informaci\u00f3 sobre la navegaci\u00f3 que s&#8217;efectua des d&#8217;aquest equip.<\/p>\n<p>COMUNIT\u00c0RIA ADMINISTRACIO I SERVEIS, SL utilitza diversos tipus de cookies (t\u00e8cniques, anal\u00edtiques i socials) \u00fanicament amb la finalitat de millorar la navegaci\u00f3 de l&#8217;usuari en el lloc web, sense cap tipus d&#8217;objecte publicitari o similar.<\/p>\n<p>COMUNIT\u00c0RIA ADMINISTRACIO I SERVEIS, SL, a trav\u00e9s de les galetes no recull dada personal algun. Totes les galetes, excepte les utilitzades pel sistema d&#8217;estad\u00edstiques Google Analytics s\u00f3n temporals i desapareixen a l&#8217;acabar la sessi\u00f3.<\/p>\n<p>COMUNIT\u00c0RIA ADMINISTRACIO I SERVEIS, SL utilitza en aquest lloc web les galetes que es detallen a continuaci\u00f3:<\/p>\n<table>\n<tbody>\n<tr>\n<td>Nom de la cookie<\/td>\n<td>Tipus de cookie<\/td>\n<td>Prop\u00f2sit de la cookie<\/td>\n<\/tr>\n<tr>\n<td>PHPSESSID<\/td>\n<td>Sessi\u00f3<\/td>\n<td>Aquesta cookie \u00e9s usada pel llenguatge de encriptat PHP per permetre que les variables de sessi\u00f3 siguin guardades al servidor web. Aquesta galetes \u00e9s essencial per al funcionament del web.<\/td>\n<\/tr>\n<tr>\n<td>_utma, _utmb,<br \/>\n_ubmc, _utmz<\/td>\n<td>Duradera<\/td>\n<td>Aquestes cookies s\u00f3n establertes per Google Analytic per rastrejar l&#8217;\u00fas de la web. Aquestes cookies no s&#8217;estableixen si les desconnectes per aquest web.<\/td>\n<\/tr>\n<\/tbody>\n<\/table>\n<p class=\"p12\"><span class=\"s1\"><br \/>\na) La configuraci\u00f3 del <b>navegador<\/b>; (indicar enlla\u00e7 a cada navegador per habilitar o inhabilitar cookies)L&#8217;usuari podr\u00e0, en qualsevol moment, triar quines cookies vol que funcionin en aquest lloc web mitjan\u00e7ant:<\/span><\/p>\n<p class=\"p12\"><span class=\"s1\">b) Eines de tercers, disponibles on line, que permeten als usuaris detectar les galetes en cada lloc web que visita i gestionar la seva desactivaci\u00f3.<\/span><\/p>\n<p class=\"p12\"><span class=\"s1\">Ni aquesta web, ni els seus representants legals es fan responsables ni de contingut ni de la veracitat de les pol\u00edtiques de privacitat que puguin tenir els tercers esmentats en aquesta pol\u00edtica de cookies.<\/span><\/p>\n<p class=\"p5\"><span class=\"s1\">L&#8217;acceptaci\u00f3 de la present pol\u00edtica implica que l&#8217;usuari ha estat informat d&#8217;una forma clara i completa sobre l&#8217;\u00fas de dispositius d&#8217;emmagatzematge i recuperaci\u00f3 de dades (cookies) aix\u00ed com que COMUNIT\u00c0RIA ADMINISTRACIO I SERVEIS, SL disposa d&#8217;el consentiment de l&#8217;usuari per a l&#8217;\u00fas de les mateixes tal com estableix l&#8217;article 22 de la Llei 34\/2002, de 11 de juliol, de Serveis de la Societat de la Informaci\u00f3 i Comer\u00e7 Electr\u00f2nic (LSSI-CE).<\/span><\/p>\n<p>[\/vc_column_text][\/vc_column][\/vc_row]<\/p>\n<\/div>","protected":false},"excerpt":{"rendered":"<p>[vc_row][vc_column][vc_empty_space][vc_column_text] PROTECCI\u00d3 DE DADES RA\u00d3 SOCIAL. L&#8217;empresa garanteix als usuaris de la p\u00e0gina web que compleix amb el Reglament General de Protecci\u00f3 de Dades (UE) 2016\/679, i que ha establert les mesures de seguretat exigides per les lleis i reglaments destinats a preservar el secret, confidencialitat i integritat en el tractament de les seves dades&hellip;<\/p>\n","protected":false},"author":2,"featured_media":0,"parent":0,"menu_order":1000,"comment_status":"closed","ping_status":"closed","template":"","meta":{"_joinchat":[],"footnotes":""},"class_list":["post-3567","page","type-page","status-publish","hentry","description-off"],"yoast_head":"<!-- This site is optimized with the Yoast SEO plugin v28.3 - https:\/\/yoast.com\/product\/yoast-seo-wordpress\/ -->\n<title>Pol\u00edtica de Privacitat - Av\u00eds Legal - Comunit\u00e0ria - Administraci\u00f3 i Serveis<\/title>\n<meta name=\"robots\" content=\"index, follow, max-snippet:-1, max-image-preview:large, max-video-preview:-1\" \/>\n<link rel=\"canonical\" href=\"https:\/\/comunitaria.es\/ca\/politica-de-privacitat-avis-legal\/\" \/>\n<meta property=\"og:locale\" content=\"ca_ES\" \/>\n<meta property=\"og:type\" content=\"article\" \/>\n<meta property=\"og:title\" content=\"Pol\u00edtica de Privacitat - Av\u00eds Legal - Comunit\u00e0ria - Administraci\u00f3 i Serveis\" \/>\n<meta property=\"og:description\" content=\"[vc_row][vc_column][vc_empty_space][vc_column_text] PROTECCI\u00d3 DE DADES RA\u00d3 SOCIAL. L&#8217;empresa garanteix als usuaris de la p\u00e0gina web que compleix amb el Reglament General de Protecci\u00f3 de Dades (UE) 2016\/679, i que ha establert les mesures de seguretat exigides per les lleis i reglaments destinats a preservar el secret, confidencialitat i integritat en el tractament de les seves dades&hellip;\" \/>\n<meta property=\"og:url\" content=\"https:\/\/comunitaria.es\/ca\/politica-de-privacitat-avis-legal\/\" \/>\n<meta property=\"og:site_name\" content=\"Comunit\u00e0ria - Administraci\u00f3 i Serveis\" \/>\n<meta property=\"article:modified_time\" content=\"2020-07-08T16:06:52+00:00\" \/>\n<meta name=\"twitter:card\" content=\"summary_large_image\" \/>\n<meta name=\"twitter:label1\" content=\"Est. reading time\" \/>\n\t<meta name=\"twitter:data1\" content=\"9 minutes\" \/>\n<script type=\"application\/ld+json\" class=\"yoast-schema-graph\">{\"@context\":\"https:\\\/\\\/schema.org\",\"@graph\":[{\"@type\":\"WebPage\",\"@id\":\"https:\\\/\\\/comunitaria.es\\\/ca\\\/politica-de-privacitat-avis-legal\\\/\",\"url\":\"https:\\\/\\\/comunitaria.es\\\/ca\\\/politica-de-privacitat-avis-legal\\\/\",\"name\":\"Pol\u00edtica de Privacitat - Av\u00eds Legal - Comunit\u00e0ria - Administraci\u00f3 i Serveis\",\"isPartOf\":{\"@id\":\"https:\\\/\\\/comunitaria.es\\\/ca\\\/#website\"},\"datePublished\":\"2020-03-30T08:07:02+00:00\",\"dateModified\":\"2020-07-08T16:06:52+00:00\",\"breadcrumb\":{\"@id\":\"https:\\\/\\\/comunitaria.es\\\/ca\\\/politica-de-privacitat-avis-legal\\\/#breadcrumb\"},\"inLanguage\":\"ca\",\"potentialAction\":[{\"@type\":\"ReadAction\",\"target\":[\"https:\\\/\\\/comunitaria.es\\\/ca\\\/politica-de-privacitat-avis-legal\\\/\"]}]},{\"@type\":\"BreadcrumbList\",\"@id\":\"https:\\\/\\\/comunitaria.es\\\/ca\\\/politica-de-privacitat-avis-legal\\\/#breadcrumb\",\"itemListElement\":[{\"@type\":\"ListItem\",\"position\":1,\"name\":\"Portada\",\"item\":\"https:\\\/\\\/comunitaria.es\\\/ca\\\/\"},{\"@type\":\"ListItem\",\"position\":2,\"name\":\"Pol\u00edtica de Privacitat &#8211; Av\u00eds Legal\"}]},{\"@type\":\"WebSite\",\"@id\":\"https:\\\/\\\/comunitaria.es\\\/ca\\\/#website\",\"url\":\"https:\\\/\\\/comunitaria.es\\\/ca\\\/\",\"name\":\"Comunit\u00e0ria - Administraci\u00f3 i Serveis\",\"description\":\"\",\"publisher\":{\"@id\":\"https:\\\/\\\/comunitaria.es\\\/ca\\\/#organization\"},\"potentialAction\":[{\"@type\":\"SearchAction\",\"target\":{\"@type\":\"EntryPoint\",\"urlTemplate\":\"https:\\\/\\\/comunitaria.es\\\/ca\\\/?s={search_term_string}\"},\"query-input\":{\"@type\":\"PropertyValueSpecification\",\"valueRequired\":true,\"valueName\":\"search_term_string\"}}],\"inLanguage\":\"ca\"},{\"@type\":\"Organization\",\"@id\":\"https:\\\/\\\/comunitaria.es\\\/ca\\\/#organization\",\"name\":\"Comunitaria Administraci\u00f3 i Serveis SL\",\"url\":\"https:\\\/\\\/comunitaria.es\\\/ca\\\/\",\"logo\":{\"@type\":\"ImageObject\",\"inLanguage\":\"ca\",\"@id\":\"https:\\\/\\\/comunitaria.es\\\/ca\\\/#\\\/schema\\\/logo\\\/image\\\/\",\"url\":\"https:\\\/\\\/www.comunitaria.es\\\/wp-content\\\/uploads\\\/2020\\\/05\\\/logo-comunitaria-25.png\",\"contentUrl\":\"https:\\\/\\\/www.comunitaria.es\\\/wp-content\\\/uploads\\\/2020\\\/05\\\/logo-comunitaria-25.png\",\"width\":225,\"height\":104,\"caption\":\"Comunitaria Administraci\u00f3 i Serveis SL\"},\"image\":{\"@id\":\"https:\\\/\\\/comunitaria.es\\\/ca\\\/#\\\/schema\\\/logo\\\/image\\\/\"}}]}<\/script>\n<!-- \/ Yoast SEO plugin. -->","yoast_head_json":{"title":"Pol\u00edtica de Privacitat - Av\u00eds Legal - Comunit\u00e0ria - Administraci\u00f3 i Serveis","robots":{"index":"index","follow":"follow","max-snippet":"max-snippet:-1","max-image-preview":"max-image-preview:large","max-video-preview":"max-video-preview:-1"},"canonical":"https:\/\/comunitaria.es\/ca\/politica-de-privacitat-avis-legal\/","og_locale":"ca_ES","og_type":"article","og_title":"Pol\u00edtica de Privacitat - Av\u00eds Legal - Comunit\u00e0ria - Administraci\u00f3 i Serveis","og_description":"[vc_row][vc_column][vc_empty_space][vc_column_text] PROTECCI\u00d3 DE DADES RA\u00d3 SOCIAL. L&#8217;empresa garanteix als usuaris de la p\u00e0gina web que compleix amb el Reglament General de Protecci\u00f3 de Dades (UE) 2016\/679, i que ha establert les mesures de seguretat exigides per les lleis i reglaments destinats a preservar el secret, confidencialitat i integritat en el tractament de les seves dades&hellip;","og_url":"https:\/\/comunitaria.es\/ca\/politica-de-privacitat-avis-legal\/","og_site_name":"Comunit\u00e0ria - Administraci\u00f3 i Serveis","article_modified_time":"2020-07-08T16:06:52+00:00","twitter_card":"summary_large_image","twitter_misc":{"Est. reading time":"9 minutes"},"schema":{"@context":"https:\/\/schema.org","@graph":[{"@type":"WebPage","@id":"https:\/\/comunitaria.es\/ca\/politica-de-privacitat-avis-legal\/","url":"https:\/\/comunitaria.es\/ca\/politica-de-privacitat-avis-legal\/","name":"Pol\u00edtica de Privacitat - Av\u00eds Legal - Comunit\u00e0ria - Administraci\u00f3 i Serveis","isPartOf":{"@id":"https:\/\/comunitaria.es\/ca\/#website"},"datePublished":"2020-03-30T08:07:02+00:00","dateModified":"2020-07-08T16:06:52+00:00","breadcrumb":{"@id":"https:\/\/comunitaria.es\/ca\/politica-de-privacitat-avis-legal\/#breadcrumb"},"inLanguage":"ca","potentialAction":[{"@type":"ReadAction","target":["https:\/\/comunitaria.es\/ca\/politica-de-privacitat-avis-legal\/"]}]},{"@type":"BreadcrumbList","@id":"https:\/\/comunitaria.es\/ca\/politica-de-privacitat-avis-legal\/#breadcrumb","itemListElement":[{"@type":"ListItem","position":1,"name":"Portada","item":"https:\/\/comunitaria.es\/ca\/"},{"@type":"ListItem","position":2,"name":"Pol\u00edtica de Privacitat &#8211; Av\u00eds Legal"}]},{"@type":"WebSite","@id":"https:\/\/comunitaria.es\/ca\/#website","url":"https:\/\/comunitaria.es\/ca\/","name":"Comunit\u00e0ria - Administraci\u00f3 i Serveis","description":"","publisher":{"@id":"https:\/\/comunitaria.es\/ca\/#organization"},"potentialAction":[{"@type":"SearchAction","target":{"@type":"EntryPoint","urlTemplate":"https:\/\/comunitaria.es\/ca\/?s={search_term_string}"},"query-input":{"@type":"PropertyValueSpecification","valueRequired":true,"valueName":"search_term_string"}}],"inLanguage":"ca"},{"@type":"Organization","@id":"https:\/\/comunitaria.es\/ca\/#organization","name":"Comunitaria Administraci\u00f3 i Serveis SL","url":"https:\/\/comunitaria.es\/ca\/","logo":{"@type":"ImageObject","inLanguage":"ca","@id":"https:\/\/comunitaria.es\/ca\/#\/schema\/logo\/image\/","url":"https:\/\/www.comunitaria.es\/wp-content\/uploads\/2020\/05\/logo-comunitaria-25.png","contentUrl":"https:\/\/www.comunitaria.es\/wp-content\/uploads\/2020\/05\/logo-comunitaria-25.png","width":225,"height":104,"caption":"Comunitaria Administraci\u00f3 i Serveis SL"},"image":{"@id":"https:\/\/comunitaria.es\/ca\/#\/schema\/logo\/image\/"}}]}},"_links":{"self":[{"href":"https:\/\/comunitaria.es\/ca\/wp-json\/wp\/v2\/pages\/3567","targetHints":{"allow":["GET"]}}],"collection":[{"href":"https:\/\/comunitaria.es\/ca\/wp-json\/wp\/v2\/pages"}],"about":[{"href":"https:\/\/comunitaria.es\/ca\/wp-json\/wp\/v2\/types\/page"}],"author":[{"embeddable":true,"href":"https:\/\/comunitaria.es\/ca\/wp-json\/wp\/v2\/users\/2"}],"replies":[{"embeddable":true,"href":"https:\/\/comunitaria.es\/ca\/wp-json\/wp\/v2\/comments?post=3567"}],"version-history":[{"count":4,"href":"https:\/\/comunitaria.es\/ca\/wp-json\/wp\/v2\/pages\/3567\/revisions"}],"predecessor-version":[{"id":4754,"href":"https:\/\/comunitaria.es\/ca\/wp-json\/wp\/v2\/pages\/3567\/revisions\/4754"}],"wp:attachment":[{"href":"https:\/\/comunitaria.es\/ca\/wp-json\/wp\/v2\/media?parent=3567"}],"curies":[{"name":"wp","href":"https:\/\/api.w.org\/{rel}","templated":true}]}}