{"id":3522,"date":"2019-05-09T22:11:07","date_gmt":"2019-05-09T20:11:07","guid":{"rendered":"https:\/\/comunitaria.panelserver.org\/?page_id=3522"},"modified":"2023-12-22T13:11:58","modified_gmt":"2023-12-22T12:11:58","slug":"qui-som","status":"publish","type":"page","link":"https:\/\/comunitaria.es\/ca\/qui-som\/","title":{"rendered":"Qui som"},"content":{"rendered":"<div class=\"wpb-content-wrapper\" id=\"wpb-content-root\"><p>[vc_row wrap_container=&#8221;yes&#8221; css=&#8221;.vc_custom_1544198523006{padding-top: 80px !important;padding-bottom: 80px !important;}&#8221;][vc_column width=&#8221;5\/6&#8243; offset=&#8221;vc_col-sm-offset-1&#8243;]<div id=\"uvc-type-wrap-1023\"  data-ultimate-target='#uvc-type-wrap-1023'  data-responsive-json-new='{\"font-size\":\"desktop:38px;\",\"line-height\":\"desktop:42px;\"}'  class=\"uvc-type-wrap  ult-adjust-bottom-margin ult-responsive  uvc-type-align-center  uvc-wrap-41028991856a967c674f13e\" style=\"text-align:center;\"><span  data-ultimate-target='#uvc-type-wrap-1023 .mycustfancy'  data-responsive-json-new='{\"font-size\":\"desktop:36px;\",\"line-height\":\"desktop:39px;\"}'  class=\"ultimate-ticker-prefix mycustfancy ult-responsive\" style=\"font-weight:normal; text-transform: unset;\">Comunit\u00e0ria es<\/span><div id=\"vticker-41028991856a967c674f13e\"  data-ultimate-target=&#039;#uvc-type-wrap-1023&#039;  data-responsive-json-new=&#039;{&quot;font-size&quot;:&quot;desktop:38px;&quot;,&quot;line-height&quot;:&quot;desktop:42px;&quot;}&#039;  class=\"ultimate-vticker ticker fancytext-background-enabled ultimate-fancy-text-inherit\" style=\"color:#ffffff;background:#0088cc; font-weight:bold; text-transform: unset;\"><ul><li style=&quot;opacity:1&quot;>Professionalitat<\/li><li style=&quot;opacity:0&quot;>Confian\u00e7a<\/li><li style=&quot;opacity:0&quot;>Qualitat<\/li><li style=&quot;opacity:0&quot;>Transpar\u00e8ncia<\/li><\/ul><\/div><script type=\"text\/javascript\">\n\t\t\t\t\t\tjQuery(function($){\n\t\t\t\t\t\t\t$(document).ready(function(){\n\t\t\t\t\t\t\t\tif( typeof jQuery(\"#vticker-41028991856a967c674f13e\").easyTicker == \"function\"){\n\t\t\t\t\t\t\t\t\t$(\"#vticker-41028991856a967c674f13e\").find(\"li\").css(\"opacity\",\"1\");\n\t\t\t\t\t\t\t\t\t\n\t\t\t\t\t\t\t\t\t$(\"#vticker-41028991856a967c674f13e\").easyTicker({\n\t\t\t\t\t\t\t\t\t\tdirection: \"up\",\n\t\t\t\t\t\t\t\t\t\teasing: \"swing\",\n\t\t\t\t\t\t\t\t\t\tspeed: \"200\",\n\t\t\t\t\t\t\t\t\t\tinterval: \"3000\",\n\t\t\t\t\t\t\t\t\t\theight: \"auto\",\n\t\t\t\t\t\t\t\t\t\tvisible: \"1\",\n\t\t\t\t\t\t\t\t\t\tmousePause: \"0\",\n\t\t\t\t\t\t\t\t\t\tcontrols: {\n\t\t\t\t\t\t\t\t\t\t\tup: \"\",\n\t\t\t\t\t\t\t\t\t\t\tdown: \"\",\n\t\t\t\t\t\t\t\t\t\t\ttoggle: \"\",\n\t\t\t\t\t\t\t\t\t\t\tplayText: \"Play\",\n\t\t\t\t\t\t\t\t\t\t\tstopText: \"Stop\"\n\t\t\t\t\t\t\t\t\t\t}\n\t\t\t\t\t\t\t\t\t});\n\t\t\t\t\t\t\t\t}\n\t\t\t\t\t\t\t});\n\t\t\t\t\t\t});\n\t\t\t\t\t<\/script><\/div><div id=\"uvc-type-wrap-6456\"  data-ultimate-target='#uvc-type-wrap-6456'  data-responsive-json-new='{\"font-size\":\"desktop:38px;\",\"line-height\":\"desktop:42px;\"}'  class=\"uvc-type-wrap  ult-adjust-bottom-margin ult-responsive  uvc-type-align-center  uvc-wrap-30607799606a967c674f461\" style=\"text-align:center;\"><span  data-ultimate-target='#uvc-type-wrap-6456 .mycustfancy'  data-responsive-json-new='{\"font-size\":\"desktop:36px;\",\"line-height\":\"desktop:39px;\"}'  class=\"ultimate-ticker-prefix mycustfancy ult-responsive\" style=\"font-weight:normal; text-transform: unset;\">Administraci\u00f3 de Comunitats de Propietaris i de Finques<\/span><div id=\"vticker-30607799606a967c674f461\"  data-ultimate-target=&#039;#uvc-type-wrap-6456&#039;  data-responsive-json-new=&#039;{&quot;font-size&quot;:&quot;desktop:38px;&quot;,&quot;line-height&quot;:&quot;desktop:42px;&quot;}&#039;  class=\"ultimate-vticker ticker fancytext-background-enabled ultimate-fancy-text-inherit\" style=\"color:#ffffff;background:#0088cc; font-weight:bold; text-transform: unset;\"><ul><li style=&quot;opacity:1&quot;><\/li><\/ul><\/div><script type=\"text\/javascript\">\n\t\t\t\t\t\tjQuery(function($){\n\t\t\t\t\t\t\t$(document).ready(function(){\n\t\t\t\t\t\t\t\tif( typeof jQuery(\"#vticker-30607799606a967c674f461\").easyTicker == \"function\"){\n\t\t\t\t\t\t\t\t\t$(\"#vticker-30607799606a967c674f461\").find(\"li\").css(\"opacity\",\"1\");\n\t\t\t\t\t\t\t\t\t\n\t\t\t\t\t\t\t\t\t$(\"#vticker-30607799606a967c674f461\").easyTicker({\n\t\t\t\t\t\t\t\t\t\tdirection: \"up\",\n\t\t\t\t\t\t\t\t\t\teasing: \"swing\",\n\t\t\t\t\t\t\t\t\t\tspeed: \"200\",\n\t\t\t\t\t\t\t\t\t\tinterval: \"3000\",\n\t\t\t\t\t\t\t\t\t\theight: \"auto\",\n\t\t\t\t\t\t\t\t\t\tvisible: \"1\",\n\t\t\t\t\t\t\t\t\t\tmousePause: \"0\",\n\t\t\t\t\t\t\t\t\t\tcontrols: {\n\t\t\t\t\t\t\t\t\t\t\tup: \"\",\n\t\t\t\t\t\t\t\t\t\t\tdown: \"\",\n\t\t\t\t\t\t\t\t\t\t\ttoggle: \"\",\n\t\t\t\t\t\t\t\t\t\t\tplayText: \"Play\",\n\t\t\t\t\t\t\t\t\t\t\tstopText: \"Stop\"\n\t\t\t\t\t\t\t\t\t\t}\n\t\t\t\t\t\t\t\t\t});\n\t\t\t\t\t\t\t\t}\n\t\t\t\t\t\t\t});\n\t\t\t\t\t\t});\n\t\t\t\t\t<\/script><\/div>[vc_column_text css_animation=&#8221;fadeInUp&#8221;]<\/p>\n<p style=\"text-align: center;\">La nostra Empresa es dedica, des de 1995, a l&#8217;Administraci\u00f3 de Comunitats de Propietaris i de Finques, al capdavant de la mateixa es troba Carmen Gil Alos, Advocada i Administradora de Finques col\u00b7legiada amb una dilatada experi\u00e8ncia en el sector immobiliari i un equip de professionals especialistes en \u00a0serveis de la \u00a0Propietat Horitzontal<\/p>\n<p>[\/vc_column_text][\/vc_column][\/vc_row][vc_row full_width=&#8221;stretch_row&#8221; css=&#8221;.vc_custom_1593770912509{background-color: #f4f4f4 !important;}&#8221;][vc_column width=&#8221;1\/2&#8243;][vc_empty_space height=&#8221;60px&#8221;][vc_custom_heading text=&#8221;<b>Comunit\u00e0ria<\/b> Administraci\u00f3 i Serveis&#8221; font_container=&#8221;tag:h2|font_size:25|text_align:left|line_height:1&#8243; use_theme_fonts=&#8221;yes&#8221; el_class=&#8221;mb-3&#8243;][vc_column_text]<\/p>\n<p class=\"lead\">Des de 1995 ens dediquem a l&#8217;Administraci\u00f3 de Comunitats de Propietaris i de Finques, d&#8217;una banda comptem amb una gran experi\u00e8ncia en aquest sector i de l&#8217;altra ens adaptem a les normatives modernes per oferir-te els nostres millors serveis.<\/p>\n<p>[\/vc_column_text][\/vc_column][vc_column width=&#8221;1\/2&#8243;][vc_single_image image=&#8221;4543&#8243; img_size=&#8221;full&#8221;][\/vc_column][\/vc_row][vc_row wrap_container=&#8221;yes&#8221; css=&#8221;.vc_custom_1594144641633{padding-top: 6.5rem !important;}&#8221;][vc_column][vc_row_inner][vc_column_inner width=&#8221;1\/4&#8243;][vc_single_image image=&#8221;3711&#8243; img_size=&#8221;full&#8221;][\/vc_column_inner][vc_column_inner width=&#8221;1\/4&#8243;][vc_column_text]<\/p>\n<h2 class=\"vc_custom_heading\">Oficina Lleida<\/h2>\n<p>[\/vc_column_text][vc_column_text]Avinguda Francesc Maci\u00e0, n\u00ba35 7a planta<br \/>\n25007 Lleida<\/p>\n<p><img loading=\"lazy\" decoding=\"async\" class=\"alignleft wp-image-4509 iconcontacto\" src=\"https:\/\/comunitaria.es\/wp-content\/uploads\/2020\/07\/emailicon-300x300.png\" alt=\"\" width=\"15\" height=\"15\" srcset=\"https:\/\/comunitaria.es\/wp-content\/uploads\/2020\/07\/emailicon-300x300.png 300w, https:\/\/comunitaria.es\/wp-content\/uploads\/2020\/07\/emailicon-150x150.png 150w, https:\/\/comunitaria.es\/wp-content\/uploads\/2020\/07\/emailicon.png 512w\" sizes=\"auto, (max-width: 15px) 100vw, 15px\" \/>\u00a0<a href=\"mailto:adm@comunitaria.es\">adm@comunitaria.es<\/a><\/p>\n<p><img loading=\"lazy\" decoding=\"async\" class=\"alignleft wp-image-4509 iconcontacto\" src=\"https:\/\/comunitaria.es\/wp-content\/uploads\/2020\/07\/emailicon-300x300.png\" alt=\"\" width=\"15\" height=\"15\" srcset=\"https:\/\/comunitaria.es\/wp-content\/uploads\/2020\/07\/emailicon-300x300.png 300w, https:\/\/comunitaria.es\/wp-content\/uploads\/2020\/07\/emailicon-150x150.png 150w, https:\/\/comunitaria.es\/wp-content\/uploads\/2020\/07\/emailicon.png 512w\" sizes=\"auto, (max-width: 15px) 100vw, 15px\" \/>\u00a0<a href=\"mailto:carmengil@comunitaria.es\">carmengil@comunitaria.es<\/a><\/p>\n<p><img loading=\"lazy\" decoding=\"async\" class=\"alignleft wp-image-4514 iconcontacto\" src=\"https:\/\/comunitaria.es\/wp-content\/uploads\/2020\/07\/phoneicon-222x300.png\" alt=\"\" width=\"12\" height=\"15\" srcset=\"https:\/\/comunitaria.es\/wp-content\/uploads\/2020\/07\/phoneicon-222x300.png 222w, https:\/\/comunitaria.es\/wp-content\/uploads\/2020\/07\/phoneicon-759x1024.png 759w, https:\/\/comunitaria.es\/wp-content\/uploads\/2020\/07\/phoneicon-768x1036.png 768w, https:\/\/comunitaria.es\/wp-content\/uploads\/2020\/07\/phoneicon-1138x1536.png 1138w, https:\/\/comunitaria.es\/wp-content\/uploads\/2020\/07\/phoneicon.png 1423w\" sizes=\"auto, (max-width: 12px) 100vw, 12px\" \/> \u00a0 <a href=\"tel:973678367\">973 67 83 67<\/a>[\/vc_column_text][\/vc_column_inner][vc_column_inner width=&#8221;1\/4&#8243;][vc_single_image image=&#8221;3713&#8243; img_size=&#8221;full&#8221;][\/vc_column_inner][vc_column_inner width=&#8221;1\/4&#8243;][vc_column_text]<\/p>\n<h2 class=\"vc_custom_heading\">Oficina Val d&#8217;Aran<\/h2>\n<p>[\/vc_column_text][vc_column_text]C\/ Maladeta n\u00ba 5<br \/>\n25530 Vielha e Mijaran<\/p>\n<p><img loading=\"lazy\" decoding=\"async\" class=\"alignleft wp-image-4509 iconcontacto\" src=\"https:\/\/comunitaria.es\/wp-content\/uploads\/2020\/07\/emailicon-300x300.png\" alt=\"\" width=\"15\" height=\"15\" srcset=\"https:\/\/comunitaria.es\/wp-content\/uploads\/2020\/07\/emailicon-300x300.png 300w, https:\/\/comunitaria.es\/wp-content\/uploads\/2020\/07\/emailicon-150x150.png 150w, https:\/\/comunitaria.es\/wp-content\/uploads\/2020\/07\/emailicon.png 512w\" sizes=\"auto, (max-width: 15px) 100vw, 15px\" \/>\u00a0<a href=\"mailto:ruda@comunitaria.es\">ruda@comunitaria.es<\/a><\/p>\n<p><img loading=\"lazy\" decoding=\"async\" class=\"alignleft wp-image-4509 iconcontacto\" src=\"https:\/\/comunitaria.es\/wp-content\/uploads\/2020\/07\/emailicon-300x300.png\" alt=\"\" width=\"15\" height=\"15\" srcset=\"https:\/\/comunitaria.es\/wp-content\/uploads\/2020\/07\/emailicon-300x300.png 300w, https:\/\/comunitaria.es\/wp-content\/uploads\/2020\/07\/emailicon-150x150.png 150w, https:\/\/comunitaria.es\/wp-content\/uploads\/2020\/07\/emailicon.png 512w\" sizes=\"auto, (max-width: 15px) 100vw, 15px\" \/>\u00a0<a href=\"mailto:tanau@comunitaria.es\" target=\"_blank\" rel=\"noopener noreferrer\">tanau@comunitaria.es<\/a><\/p>\n<p><img loading=\"lazy\" decoding=\"async\" class=\"alignleft wp-image-4509 iconcontacto\" src=\"https:\/\/comunitaria.es\/wp-content\/uploads\/2020\/07\/emailicon-300x300.png\" alt=\"\" width=\"15\" height=\"15\" srcset=\"https:\/\/comunitaria.es\/wp-content\/uploads\/2020\/07\/emailicon-300x300.png 300w, https:\/\/comunitaria.es\/wp-content\/uploads\/2020\/07\/emailicon-150x150.png 150w, https:\/\/comunitaria.es\/wp-content\/uploads\/2020\/07\/emailicon.png 512w\" sizes=\"auto, (max-width: 15px) 100vw, 15px\" \/>\u00a0<a href=\"mailto:aran@comunitaria.es\" target=\"_blank\" rel=\"noopener noreferrer\">aran@comunitaria.es<\/a><\/p>\n<p><img loading=\"lazy\" decoding=\"async\" class=\"alignleft wp-image-4514 iconcontacto\" src=\"https:\/\/comunitaria.es\/wp-content\/uploads\/2020\/07\/phoneicon-222x300.png\" alt=\"\" width=\"12\" height=\"15\" srcset=\"https:\/\/comunitaria.es\/wp-content\/uploads\/2020\/07\/phoneicon-222x300.png 222w, https:\/\/comunitaria.es\/wp-content\/uploads\/2020\/07\/phoneicon-759x1024.png 759w, https:\/\/comunitaria.es\/wp-content\/uploads\/2020\/07\/phoneicon-768x1036.png 768w, https:\/\/comunitaria.es\/wp-content\/uploads\/2020\/07\/phoneicon-1138x1536.png 1138w, https:\/\/comunitaria.es\/wp-content\/uploads\/2020\/07\/phoneicon.png 1423w\" sizes=\"auto, (max-width: 12px) 100vw, 12px\" \/> \u00a0 <a href=\"tel:973678367\">973 67 83 67<\/a>[\/vc_column_text][\/vc_column_inner][\/vc_row_inner][\/vc_column][\/vc_row][vc_row full_width=&#8221;stretch_row&#8221; bg_type=&#8221;image&#8221; wrap_container=&#8221;yes&#8221; is_section=&#8221;yes&#8221; remove_margin_top=&#8221;yes&#8221; remove_margin_bottom=&#8221;yes&#8221; remove_border=&#8221;yes&#8221; css=&#8221;.vc_custom_1594144488674{padding-top: 80px !important;padding-bottom: 20px !important;background: #f4f4f4 url(https:\/\/comunitaria.es\/wp-content\/uploads\/2020\/07\/fondo-gris-blanco2.png?id=4704) !important;}&#8221;][vc_column][vc_row_inner content_placement=&#8221;middle&#8221; el_class=&#8221;justify-content-center&#8221;][vc_column_inner width=&#8221;1\/2&#8243; animation_type=&#8221;fadeInLeft&#8221;][vc_custom_heading text=&#8221;<b>25 anys<\/b> al seu servei&#8221; font_container=&#8221;tag:h2|font_size:25px|text_align:left&#8221; use_theme_fonts=&#8221;yes&#8221; css=&#8221;.vc_custom_1585589793284{margin-bottom: 20px !important;}&#8221;][vc_column_text]<\/p>\n<div class=\"mt_style_row \">\n<div class=\"container mt-madza-container\">\n<div class=\"row\">\n<div class=\"wpb_column vc_column_container vc_col-sm-12\">\n<div class=\"vc_column-inner \">\n<div class=\"wpb_wrapper\">\n<div class=\"wpb_text_column wpb_content_element \">\n<div class=\"wpb_wrapper\">\n<ul>\n<li>Equip amb \u00e0mplia experi\u00e8ncia i professionalitat.<\/li>\n<li>Les nostres oficines estan situades al centre urb\u00e0 de la ciutat de Lleida, i disposem dels darrers aven\u00e7os inform\u00e0tics i tecnol\u00f2gics per prestar un millor servei als nostres clients.<\/li>\n<li>Inscrit al Col\u00b7legi d&#8217;Administradors de Finques de Lleida i Barcelona n\u00fam. 4943<\/li>\n<li>Registre d&#8217;agents immobiliaris de la Generalitat de Catalunya AICAT n\u00fam. 2020<\/li>\n<li>Col\u00b7legi d&#8217;Advocats de Lleida ICA n\u00ba667<\/li>\n<li>Disposem de les Assegurances de Responsabilitat Civil i posem a la vostra disposici\u00f3 la informaci\u00f3 sobre la nostra solv\u00e8ncia per donar la m\u00e0xima seguretat i garantia als nostres clients.<\/li>\n<\/ul>\n<\/div>\n<\/div>\n<\/div>\n<\/div>\n<\/div>\n<\/div>\n<\/div>\n<\/div>\n<p>[\/vc_column_text][vc_empty_space][\/vc_column_inner][vc_column_inner el_class=&#8221;order-md-2&#8243; width=&#8221;1\/2&#8243; animation_delay=&#8221;300&#8243; offset=&#8221;vc_col-xs-9&#8243; animation_type=&#8221;fadeInLeft&#8221;][vc_single_image image=&#8221;4234&#8243; img_size=&#8221;full&#8221; el_class=&#8221;scale-mac&#8221; css=&#8221;.vc_custom_1593771289979{margin-bottom: 80px !important;}&#8221; label=&#8221;&#8221;][\/vc_column_inner][\/vc_row_inner][\/vc_column][\/vc_row][vc_row wrap_container=&#8221;yes&#8221; css=&#8221;.vc_custom_1594141637367{background-color: #ffffff !important;}&#8221;][vc_column][vc_column_text]<strong>Potser estaves buscant:<\/strong><br \/>\nExperts en administraci\u00f3 de finques a Lleida, empresa de serveis immobiliaris, gesti\u00f3 de comunitats de propietaris, administrador de finques, consultors immobiliaris, assessorament immobiliari Lleida.[\/vc_column_text][\/vc_column][\/vc_row][vc_row full_width=&#8221;stretch_row&#8221; bg_type=&#8221;image&#8221; bg_override=&#8221;full&#8221; wrap_container=&#8221;yes&#8221; is_section=&#8221;yes&#8221; section_skin=&#8221;parallax&#8221; remove_margin_top=&#8221;yes&#8221; remove_margin_bottom=&#8221;yes&#8221; css=&#8221;.vc_custom_1594142332783{margin-bottom: 0px !important;border-bottom-width: 0px !important;padding-bottom: 0px !important;background-image: url(https:\/\/comunitaria.es\/wp-content\/uploads\/2020\/06\/fondo-contacto-footer-2.jpg?id=4060) !important;}&#8221; el_class=&#8221;bg-pos-bottom&#8221;][vc_column width=&#8221;1\/2&#8243; offset=&#8221;vc_hidden-sm vc_hidden-xs&#8221;][\/vc_column][vc_column offset=&#8221;vc_col-md-6&#8243;][vc_custom_heading text=&#8221;Solicitar informaci\u00f3n&#8221; use_theme_fonts=&#8221;yes&#8221; el_class=&#8221;m-t-lg m-b-none&#8221;][vc_column_text el_class=&#8221;m-b-none&#8221;]Consulta sobre els nostres serveis o demana pressupost sense cap comprom\u00eds.[\/vc_column_text][vc_separator color=&#8221;custom&#8221; align=&#8221;align_left&#8221; border_width=&#8221;3&#8243; type=&#8221;small&#8221; accent_color=&#8221;#cfa968&#8243;]\n<div class=\"wpcf7 no-js\" id=\"wpcf7-f3500-o1\" lang=\"es-ES\" dir=\"ltr\" data-wpcf7-id=\"3500\">\n<div class=\"screen-reader-response\"><p role=\"status\" aria-live=\"polite\" aria-atomic=\"true\"><\/p> <ul><\/ul><\/div>\n<form action=\"\/ca\/wp-json\/wp\/v2\/pages\/3522#wpcf7-f3500-o1\" method=\"post\" class=\"wpcf7-form init\" aria-label=\"Contact form\" novalidate=\"novalidate\" data-status=\"init\">\n<fieldset class=\"hidden-fields-container\"><input type=\"hidden\" name=\"_wpcf7\" value=\"3500\" \/><input type=\"hidden\" name=\"_wpcf7_version\" value=\"6.1.7\" \/><input type=\"hidden\" name=\"_wpcf7_locale\" value=\"es_ES\" \/><input type=\"hidden\" name=\"_wpcf7_unit_tag\" value=\"wpcf7-f3500-o1\" \/><input type=\"hidden\" name=\"_wpcf7_container_post\" value=\"0\" \/><input type=\"hidden\" name=\"_wpcf7_posted_data_hash\" value=\"\" \/><input type=\"hidden\" name=\"_wpcf7_recaptcha_response\" value=\"\" \/>\n<\/fieldset>\n<p><span class=\"wpcf7-form-control-wrap\" data-name=\"your-name\"><input size=\"40\" maxlength=\"400\" class=\"wpcf7-form-control wpcf7-text wpcf7-validates-as-required w-100\" aria-required=\"true\" aria-invalid=\"false\" placeholder=\"Nom i Cognoms*\" value=\"\" type=\"text\" name=\"your-name\" \/><\/span><br \/>\n<span class=\"wpcf7-form-control-wrap\" data-name=\"your-email\"><input size=\"40\" maxlength=\"400\" class=\"wpcf7-form-control wpcf7-email wpcf7-validates-as-required wpcf7-text wpcf7-validates-as-email w-100\" aria-required=\"true\" aria-invalid=\"false\" placeholder=\"Email*\" value=\"\" type=\"email\" name=\"your-email\" \/><\/span><br \/>\n<span class=\"wpcf7-form-control-wrap\" data-name=\"your-tel\"><input size=\"40\" maxlength=\"400\" class=\"wpcf7-form-control wpcf7-text wpcf7-validates-as-required w-100\" aria-required=\"true\" aria-invalid=\"false\" placeholder=\"Tel\u00e8fon*\" value=\"\" type=\"text\" name=\"your-tel\" \/><\/span><br \/>\n<span class=\"wpcf7-form-control-wrap\" data-name=\"your-message\"><textarea cols=\"40\" rows=\"4\" maxlength=\"2000\" class=\"wpcf7-form-control wpcf7-textarea w-100\" aria-invalid=\"false\" placeholder=\"Missatge...\" name=\"your-message\"><\/textarea><\/span>\n<\/p>\n<p><input class=\"wpcf7-form-control wpcf7-submit has-spinner btn btn-lg btn-full-rounded py-3 w-100\" type=\"submit\" value=\"Sol\u00b7licitar Informaci\u00f3\" \/>\n<\/p>\n<p><span class=\"wpcf7-form-control-wrap\" data-name=\"rgpd\"><span class=\"wpcf7-form-control wpcf7-acceptance\"><span class=\"wpcf7-list-item\"><label><input type=\"checkbox\" name=\"rgpd\" value=\"1\" aria-invalid=\"false\" \/><span class=\"wpcf7-list-item-label\"><span style=\"color:#000; text-shadow: 1px 1px 2px #fff;\"> He llegit i accepto la <\/span><a style=\"color:#000; text-shadow: 1px 1px 2px #fff;\" href=\"https:\/\/comunitaria.es\/ca\/politica-de-privacitat-avis-legal\/\">pol\u00edtica de privacitat.<\/a><\/span><\/label><\/span><\/span><\/span>\n<\/p><div class=\"wpcf7-response-output\" aria-hidden=\"true\"><\/div>\n<\/form>\n<\/div>\n[vc_empty_space][\/vc_column][\/vc_row]<\/p>\n<\/div>","protected":false},"excerpt":{"rendered":"<p>[vc_row wrap_container=&#8221;yes&#8221; css=&#8221;.vc_custom_1544198523006{padding-top: 80px !important;padding-bottom: 80px !important;}&#8221;][vc_column width=&#8221;5\/6&#8243; offset=&#8221;vc_col-sm-offset-1&#8243;][vc_column_text css_animation=&#8221;fadeInUp&#8221;] La nostra Empresa es dedica, des de 1995, a l&#8217;Administraci\u00f3 de Comunitats de Propietaris i de Finques, al capdavant de la mateixa es troba Carmen Gil Alos, Advocada i Administradora de Finques col\u00b7legiada amb una dilatada experi\u00e8ncia en el sector immobiliari i un equip de&hellip;<\/p>\n","protected":false},"author":2,"featured_media":0,"parent":0,"menu_order":200,"comment_status":"closed","ping_status":"closed","template":"","meta":{"_joinchat":[],"footnotes":""},"class_list":["post-3522","page","type-page","status-publish","hentry","description-off"],"yoast_head":"<!-- This site is optimized with the Yoast SEO plugin v28.3 - https:\/\/yoast.com\/product\/yoast-seo-wordpress\/ -->\n<title>Gesti\u00f3 de comunitats de propietaris Lleida<\/title>\n<meta name=\"description\" content=\"Disposem d&#039;un equip expert en administraci\u00f3 de finques i comunitats de propietaris. Oferim serveis de gesti\u00f3 immobili\u00e0ria a Lleida.\" \/>\n<meta name=\"robots\" content=\"index, follow, max-snippet:-1, max-image-preview:large, max-video-preview:-1\" \/>\n<link rel=\"canonical\" href=\"https:\/\/comunitaria.es\/ca\/qui-som\/\" \/>\n<meta property=\"og:locale\" content=\"ca_ES\" \/>\n<meta property=\"og:type\" content=\"article\" \/>\n<meta property=\"og:title\" content=\"Gesti\u00f3 de comunitats de propietaris Lleida\" \/>\n<meta property=\"og:description\" content=\"Disposem d&#039;un equip expert en administraci\u00f3 de finques i comunitats de propietaris. Oferim serveis de gesti\u00f3 immobili\u00e0ria a Lleida.\" \/>\n<meta property=\"og:url\" content=\"https:\/\/comunitaria.es\/ca\/qui-som\/\" \/>\n<meta property=\"og:site_name\" content=\"Comunit\u00e0ria - Administraci\u00f3 i Serveis\" \/>\n<meta property=\"article:modified_time\" content=\"2023-12-22T12:11:58+00:00\" \/>\n<meta property=\"og:image\" content=\"https:\/\/comunitaria.es\/wp-content\/uploads\/2020\/07\/emailicon.png\" \/>\n\t<meta property=\"og:image:width\" content=\"512\" \/>\n\t<meta property=\"og:image:height\" content=\"512\" \/>\n\t<meta property=\"og:image:type\" content=\"image\/png\" \/>\n<meta name=\"twitter:card\" content=\"summary_large_image\" \/>\n<meta name=\"twitter:label1\" content=\"Est. reading time\" \/>\n\t<meta name=\"twitter:data1\" content=\"4 minutes\" \/>\n<script type=\"application\/ld+json\" class=\"yoast-schema-graph\">{\"@context\":\"https:\\\/\\\/schema.org\",\"@graph\":[{\"@type\":\"WebPage\",\"@id\":\"https:\\\/\\\/comunitaria.es\\\/ca\\\/qui-som\\\/\",\"url\":\"https:\\\/\\\/comunitaria.es\\\/ca\\\/qui-som\\\/\",\"name\":\"Gesti\u00f3 de comunitats de propietaris Lleida\",\"isPartOf\":{\"@id\":\"https:\\\/\\\/comunitaria.es\\\/ca\\\/#website\"},\"primaryImageOfPage\":{\"@id\":\"https:\\\/\\\/comunitaria.es\\\/ca\\\/qui-som\\\/#primaryimage\"},\"image\":{\"@id\":\"https:\\\/\\\/comunitaria.es\\\/ca\\\/qui-som\\\/#primaryimage\"},\"thumbnailUrl\":\"https:\\\/\\\/comunitaria.es\\\/wp-content\\\/uploads\\\/2020\\\/07\\\/emailicon-300x300.png\",\"datePublished\":\"2019-05-09T20:11:07+00:00\",\"dateModified\":\"2023-12-22T12:11:58+00:00\",\"description\":\"Disposem d'un equip expert en administraci\u00f3 de finques i comunitats de propietaris. Oferim serveis de gesti\u00f3 immobili\u00e0ria a Lleida.\",\"breadcrumb\":{\"@id\":\"https:\\\/\\\/comunitaria.es\\\/ca\\\/qui-som\\\/#breadcrumb\"},\"inLanguage\":\"ca\",\"potentialAction\":[{\"@type\":\"ReadAction\",\"target\":[\"https:\\\/\\\/comunitaria.es\\\/ca\\\/qui-som\\\/\"]}]},{\"@type\":\"ImageObject\",\"inLanguage\":\"ca\",\"@id\":\"https:\\\/\\\/comunitaria.es\\\/ca\\\/qui-som\\\/#primaryimage\",\"url\":\"https:\\\/\\\/comunitaria.es\\\/wp-content\\\/uploads\\\/2020\\\/07\\\/emailicon-300x300.png\",\"contentUrl\":\"https:\\\/\\\/comunitaria.es\\\/wp-content\\\/uploads\\\/2020\\\/07\\\/emailicon-300x300.png\"},{\"@type\":\"BreadcrumbList\",\"@id\":\"https:\\\/\\\/comunitaria.es\\\/ca\\\/qui-som\\\/#breadcrumb\",\"itemListElement\":[{\"@type\":\"ListItem\",\"position\":1,\"name\":\"Portada\",\"item\":\"https:\\\/\\\/comunitaria.es\\\/ca\\\/\"},{\"@type\":\"ListItem\",\"position\":2,\"name\":\"Qui som\"}]},{\"@type\":\"WebSite\",\"@id\":\"https:\\\/\\\/comunitaria.es\\\/ca\\\/#website\",\"url\":\"https:\\\/\\\/comunitaria.es\\\/ca\\\/\",\"name\":\"Comunit\u00e0ria - Administraci\u00f3 i Serveis\",\"description\":\"\",\"publisher\":{\"@id\":\"https:\\\/\\\/comunitaria.es\\\/ca\\\/#organization\"},\"potentialAction\":[{\"@type\":\"SearchAction\",\"target\":{\"@type\":\"EntryPoint\",\"urlTemplate\":\"https:\\\/\\\/comunitaria.es\\\/ca\\\/?s={search_term_string}\"},\"query-input\":{\"@type\":\"PropertyValueSpecification\",\"valueRequired\":true,\"valueName\":\"search_term_string\"}}],\"inLanguage\":\"ca\"},{\"@type\":\"Organization\",\"@id\":\"https:\\\/\\\/comunitaria.es\\\/ca\\\/#organization\",\"name\":\"Comunitaria Administraci\u00f3 i Serveis SL\",\"url\":\"https:\\\/\\\/comunitaria.es\\\/ca\\\/\",\"logo\":{\"@type\":\"ImageObject\",\"inLanguage\":\"ca\",\"@id\":\"https:\\\/\\\/comunitaria.es\\\/ca\\\/#\\\/schema\\\/logo\\\/image\\\/\",\"url\":\"https:\\\/\\\/www.comunitaria.es\\\/wp-content\\\/uploads\\\/2020\\\/05\\\/logo-comunitaria-25.png\",\"contentUrl\":\"https:\\\/\\\/www.comunitaria.es\\\/wp-content\\\/uploads\\\/2020\\\/05\\\/logo-comunitaria-25.png\",\"width\":225,\"height\":104,\"caption\":\"Comunitaria Administraci\u00f3 i Serveis SL\"},\"image\":{\"@id\":\"https:\\\/\\\/comunitaria.es\\\/ca\\\/#\\\/schema\\\/logo\\\/image\\\/\"}}]}<\/script>\n<!-- \/ Yoast SEO plugin. -->","yoast_head_json":{"title":"Gesti\u00f3 de comunitats de propietaris Lleida","description":"Disposem d'un equip expert en administraci\u00f3 de finques i comunitats de propietaris. Oferim serveis de gesti\u00f3 immobili\u00e0ria a Lleida.","robots":{"index":"index","follow":"follow","max-snippet":"max-snippet:-1","max-image-preview":"max-image-preview:large","max-video-preview":"max-video-preview:-1"},"canonical":"https:\/\/comunitaria.es\/ca\/qui-som\/","og_locale":"ca_ES","og_type":"article","og_title":"Gesti\u00f3 de comunitats de propietaris Lleida","og_description":"Disposem d'un equip expert en administraci\u00f3 de finques i comunitats de propietaris. Oferim serveis de gesti\u00f3 immobili\u00e0ria a Lleida.","og_url":"https:\/\/comunitaria.es\/ca\/qui-som\/","og_site_name":"Comunit\u00e0ria - Administraci\u00f3 i Serveis","article_modified_time":"2023-12-22T12:11:58+00:00","og_image":[{"width":512,"height":512,"url":"https:\/\/comunitaria.es\/wp-content\/uploads\/2020\/07\/emailicon.png","type":"image\/png"}],"twitter_card":"summary_large_image","twitter_misc":{"Est. reading time":"4 minutes"},"schema":{"@context":"https:\/\/schema.org","@graph":[{"@type":"WebPage","@id":"https:\/\/comunitaria.es\/ca\/qui-som\/","url":"https:\/\/comunitaria.es\/ca\/qui-som\/","name":"Gesti\u00f3 de comunitats de propietaris Lleida","isPartOf":{"@id":"https:\/\/comunitaria.es\/ca\/#website"},"primaryImageOfPage":{"@id":"https:\/\/comunitaria.es\/ca\/qui-som\/#primaryimage"},"image":{"@id":"https:\/\/comunitaria.es\/ca\/qui-som\/#primaryimage"},"thumbnailUrl":"https:\/\/comunitaria.es\/wp-content\/uploads\/2020\/07\/emailicon-300x300.png","datePublished":"2019-05-09T20:11:07+00:00","dateModified":"2023-12-22T12:11:58+00:00","description":"Disposem d'un equip expert en administraci\u00f3 de finques i comunitats de propietaris. Oferim serveis de gesti\u00f3 immobili\u00e0ria a Lleida.","breadcrumb":{"@id":"https:\/\/comunitaria.es\/ca\/qui-som\/#breadcrumb"},"inLanguage":"ca","potentialAction":[{"@type":"ReadAction","target":["https:\/\/comunitaria.es\/ca\/qui-som\/"]}]},{"@type":"ImageObject","inLanguage":"ca","@id":"https:\/\/comunitaria.es\/ca\/qui-som\/#primaryimage","url":"https:\/\/comunitaria.es\/wp-content\/uploads\/2020\/07\/emailicon-300x300.png","contentUrl":"https:\/\/comunitaria.es\/wp-content\/uploads\/2020\/07\/emailicon-300x300.png"},{"@type":"BreadcrumbList","@id":"https:\/\/comunitaria.es\/ca\/qui-som\/#breadcrumb","itemListElement":[{"@type":"ListItem","position":1,"name":"Portada","item":"https:\/\/comunitaria.es\/ca\/"},{"@type":"ListItem","position":2,"name":"Qui som"}]},{"@type":"WebSite","@id":"https:\/\/comunitaria.es\/ca\/#website","url":"https:\/\/comunitaria.es\/ca\/","name":"Comunit\u00e0ria - Administraci\u00f3 i Serveis","description":"","publisher":{"@id":"https:\/\/comunitaria.es\/ca\/#organization"},"potentialAction":[{"@type":"SearchAction","target":{"@type":"EntryPoint","urlTemplate":"https:\/\/comunitaria.es\/ca\/?s={search_term_string}"},"query-input":{"@type":"PropertyValueSpecification","valueRequired":true,"valueName":"search_term_string"}}],"inLanguage":"ca"},{"@type":"Organization","@id":"https:\/\/comunitaria.es\/ca\/#organization","name":"Comunitaria Administraci\u00f3 i Serveis SL","url":"https:\/\/comunitaria.es\/ca\/","logo":{"@type":"ImageObject","inLanguage":"ca","@id":"https:\/\/comunitaria.es\/ca\/#\/schema\/logo\/image\/","url":"https:\/\/www.comunitaria.es\/wp-content\/uploads\/2020\/05\/logo-comunitaria-25.png","contentUrl":"https:\/\/www.comunitaria.es\/wp-content\/uploads\/2020\/05\/logo-comunitaria-25.png","width":225,"height":104,"caption":"Comunitaria Administraci\u00f3 i Serveis SL"},"image":{"@id":"https:\/\/comunitaria.es\/ca\/#\/schema\/logo\/image\/"}}]}},"_links":{"self":[{"href":"https:\/\/comunitaria.es\/ca\/wp-json\/wp\/v2\/pages\/3522","targetHints":{"allow":["GET"]}}],"collection":[{"href":"https:\/\/comunitaria.es\/ca\/wp-json\/wp\/v2\/pages"}],"about":[{"href":"https:\/\/comunitaria.es\/ca\/wp-json\/wp\/v2\/types\/page"}],"author":[{"embeddable":true,"href":"https:\/\/comunitaria.es\/ca\/wp-json\/wp\/v2\/users\/2"}],"replies":[{"embeddable":true,"href":"https:\/\/comunitaria.es\/ca\/wp-json\/wp\/v2\/comments?post=3522"}],"version-history":[{"count":59,"href":"https:\/\/comunitaria.es\/ca\/wp-json\/wp\/v2\/pages\/3522\/revisions"}],"predecessor-version":[{"id":12195,"href":"https:\/\/comunitaria.es\/ca\/wp-json\/wp\/v2\/pages\/3522\/revisions\/12195"}],"wp:attachment":[{"href":"https:\/\/comunitaria.es\/ca\/wp-json\/wp\/v2\/media?parent=3522"}],"curies":[{"name":"wp","href":"https:\/\/api.w.org\/{rel}","templated":true}]}}