{"id":3517,"date":"2019-05-09T22:21:29","date_gmt":"2019-05-09T20:21:29","guid":{"rendered":"https:\/\/comunitaria.panelserver.org\/?page_id=3517"},"modified":"2020-10-13T13:01:44","modified_gmt":"2020-10-13T11:01:44","slug":"contactar","status":"publish","type":"page","link":"https:\/\/comunitaria.es\/ca\/contactar\/","title":{"rendered":"Contactar"},"content":{"rendered":"<div class=\"wpb-content-wrapper\" id=\"wpb-content-root\"><p>[vc_row full_width=&#8221;stretch_row&#8221; bg_type=&#8221;image&#8221; css=&#8221;.vc_custom_1593767624550{padding-top: 100px !important;padding-bottom: 50px !important;background-image: url(https:\/\/comunitaria.es\/wp-content\/uploads\/2020\/06\/servicios-1.jpg?id=3928) !important;}&#8221;][vc_column][vc_empty_space height=&#8221;120px&#8221;][vc_row_inner][vc_column_inner width=&#8221;1\/2&#8243;][\/vc_column_inner][vc_column_inner width=&#8221;1\/2&#8243;]<div class=\"aio-icon-component    style_1\"><div id=\"Info-box-wrap-4812\" class=\"aio-icon-box left-icon\" style=\"\"  ><div class=\"aio-ibd-block\"><div class=\"aio-icon-header\" ><h3 class=\"aio-icon-title ult-responsive\"  data-ultimate-target='#Info-box-wrap-4812 .aio-icon-title'  data-responsive-json-new='{\"font-size\":\"desktop:25px;\",\"line-height\":\"desktop:25px;\"}'  style=\"font-weight:bold;\">Comunitaria Administraci\u00f3 i Serveis<\/h3><\/div> <!-- header --><div class=\"aio-icon-description ult-responsive\"  data-ultimate-target='#Info-box-wrap-4812 .aio-icon-description'  data-responsive-json-new='{\"font-size\":\"\",\"line-height\":\"\"}'  style=\"\">Avinguda Francesc Maci\u00e0, n\u00ba35 7a planta<\/p>\n<p>25007 Lleida<\/p>\n<p><img loading=\"lazy\" decoding=\"async\" class=\"alignleft wp-image-4509 iconcontacto\" src=\"https:\/\/comunitaria.es\/wp-content\/uploads\/2020\/07\/emailicon-300x300.png\" alt=\"\" width=\"15\" height=\"15\" srcset=\"https:\/\/comunitaria.es\/wp-content\/uploads\/2020\/07\/emailicon-300x300.png 300w, https:\/\/comunitaria.es\/wp-content\/uploads\/2020\/07\/emailicon-150x150.png 150w, https:\/\/comunitaria.es\/wp-content\/uploads\/2020\/07\/emailicon.png 512w\" sizes=\"auto, (max-width: 15px) 100vw, 15px\" \/><a href=\"mailto:adm@comunitaria.es\">adm@comunitaria.es<\/a><\/p>\n<p><img loading=\"lazy\" decoding=\"async\" class=\"alignleft wp-image-4509 iconcontacto\" src=\"https:\/\/comunitaria.es\/wp-content\/uploads\/2020\/07\/emailicon-300x300.png\" alt=\"\" width=\"15\" height=\"15\" srcset=\"https:\/\/comunitaria.es\/wp-content\/uploads\/2020\/07\/emailicon-300x300.png 300w, https:\/\/comunitaria.es\/wp-content\/uploads\/2020\/07\/emailicon-150x150.png 150w, https:\/\/comunitaria.es\/wp-content\/uploads\/2020\/07\/emailicon.png 512w\" sizes=\"auto, (max-width: 15px) 100vw, 15px\" \/><a href=\"mailto:carmengil@comunitaria.es\">carmengil@comunitaria.es<\/a><\/p>\n<p><img loading=\"lazy\" decoding=\"async\" class=\"alignleft wp-image-4514 iconcontacto\" src=\"https:\/\/comunitaria.es\/wp-content\/uploads\/2020\/07\/phoneicon-222x300.png\" alt=\"\" width=\"15\" height=\"20\" srcset=\"https:\/\/comunitaria.es\/wp-content\/uploads\/2020\/07\/phoneicon-222x300.png 222w, https:\/\/comunitaria.es\/wp-content\/uploads\/2020\/07\/phoneicon-759x1024.png 759w, https:\/\/comunitaria.es\/wp-content\/uploads\/2020\/07\/phoneicon-768x1036.png 768w, https:\/\/comunitaria.es\/wp-content\/uploads\/2020\/07\/phoneicon-1138x1536.png 1138w, https:\/\/comunitaria.es\/wp-content\/uploads\/2020\/07\/phoneicon.png 1423w\" sizes=\"auto, (max-width: 15px) 100vw, 15px\" \/><a href=\"tel:973678367\"> 973 67 83 67<\/a><\/div> <!-- description --><\/div> <!-- aio-ibd-block --><\/div> <!-- aio-icon-box --><\/div> <!-- aio-icon-component -->[\/vc_column_inner][\/vc_row_inner][vc_empty_space height=&#8221;60px&#8221;][\/vc_column][\/vc_row][vc_row css=&#8221;.vc_custom_1593767751175{padding-top: 80px !important;padding-bottom: 20px !important;}&#8221;][vc_column width=&#8221;1\/6&#8243;][\/vc_column][vc_column width=&#8221;2\/3&#8243;][vc_empty_space height=&#8221;60px&#8221;][vc_custom_heading text=&#8221;Vols m\u00e9s informaci\u00f3? Deixa&#8217;ns les teves dades i nosaltres et truquem!&#8221; font_container=&#8221;tag:h3|text_align:left&#8221; use_theme_fonts=&#8221;yes&#8221; el_class=&#8221;lead&#8221;]\n<div class=\"wpcf7 no-js\" id=\"wpcf7-f3586-o1\" lang=\"en-US\" dir=\"ltr\" data-wpcf7-id=\"3586\">\n<div class=\"screen-reader-response\"><p role=\"status\" aria-live=\"polite\" aria-atomic=\"true\"><\/p> <ul><\/ul><\/div>\n<form action=\"\/ca\/wp-json\/wp\/v2\/pages\/3517#wpcf7-f3586-o1\" method=\"post\" class=\"wpcf7-form init\" aria-label=\"Contact form\" novalidate=\"novalidate\" data-status=\"init\">\n<fieldset class=\"hidden-fields-container\"><input type=\"hidden\" name=\"_wpcf7\" value=\"3586\" \/><input type=\"hidden\" name=\"_wpcf7_version\" value=\"6.1.7\" \/><input type=\"hidden\" name=\"_wpcf7_locale\" value=\"en_US\" \/><input type=\"hidden\" name=\"_wpcf7_unit_tag\" value=\"wpcf7-f3586-o1\" \/><input type=\"hidden\" name=\"_wpcf7_container_post\" value=\"0\" \/><input type=\"hidden\" name=\"_wpcf7_posted_data_hash\" value=\"\" \/><input type=\"hidden\" name=\"_wpcf7_recaptcha_response\" value=\"\" \/>\n<\/fieldset>\n<div class=\"form-group\">\n\t<p><span class=\"wpcf7-form-control-wrap\" data-name=\"your-name\"><input size=\"40\" maxlength=\"400\" class=\"wpcf7-form-control wpcf7-text wpcf7-validates-as-required form-control\" aria-required=\"true\" aria-invalid=\"false\" placeholder=\"Nom i cognoms\" value=\"\" type=\"text\" name=\"your-name\" \/><\/span>\n\t<\/p>\n<\/div>\n<div class=\"form-group\">\n\t<p><span class=\"wpcf7-form-control-wrap\" data-name=\"your-email\"><input size=\"40\" maxlength=\"400\" class=\"wpcf7-form-control wpcf7-email wpcf7-validates-as-required wpcf7-text wpcf7-validates-as-email form-control\" aria-required=\"true\" aria-invalid=\"false\" placeholder=\"Correu electr\u00f2nic\" value=\"\" type=\"email\" name=\"your-email\" \/><\/span>\n\t<\/p>\n<\/div>\n<div class=\"form-group\">\n\t<p><span class=\"wpcf7-form-control-wrap\" data-name=\"your-tel\"><input size=\"40\" maxlength=\"400\" class=\"wpcf7-form-control wpcf7-text wpcf7-validates-as-required form-control\" aria-required=\"true\" aria-invalid=\"false\" placeholder=\"Tel\u00e8fon\" value=\"\" type=\"text\" name=\"your-tel\" \/><\/span>\n\t<\/p>\n<\/div>\n<div class=\"form-group\">\n\t<p><span class=\"wpcf7-form-control-wrap\" data-name=\"your-message\"><textarea cols=\"40\" rows=\"10\" maxlength=\"2000\" class=\"wpcf7-form-control wpcf7-textarea form-control\" aria-invalid=\"false\" placeholder=\"En qu\u00e8 et podem ajudar?\" name=\"your-message\"><\/textarea><\/span>\n\t<\/p>\n<\/div>\n<p style=\"font-size:13px;line-height:13px;\" align=\"justify\">Responsable: COMUNIT\u00c0RIA ADMINISTRACIO I SERVEIS, SL- NIF: B25517582 Dir. Postal: AV. FRANCESC MACIA, 35 7\u00e8 LLEIDA \u201cEn nom de l'empresa tractem la informaci\u00f3 que ens facilita amb la finalitat d'enviar-li publicitat relacionada amb els nostres productes i serveis per qualsevol mitj\u00e0 (Postal, email o tel\u00e8fon) i convidar-li a esdeveniments organitzats per l'empresa. Les dades proporcionades es conservaran mentre no sol\u00b7liciti el cessament de l'activitat. Les dades no se cediran a tercers excepte en els casos en qu\u00e8 existeixi una obligaci\u00f3 legal. Vost\u00e8 t\u00e9 dret a obtenir confirmaci\u00f3 sobre si en COMUNIT\u00c0RIA ADMINISTRACIO I SERVEIS, SL estem tractant les seves dades personals per tant t\u00e9 dret a accedir a les seves dades personals, rectificar les dades inexacte o sol\u00b7licitar la seva supressi\u00f3 quan les dades ja no siguin necessaris per a les finalitats que van ser recollits\u201d\n<\/p>\n<p><span class=\"wpcf7-form-control-wrap\" data-name=\"acceptance-986\"><span class=\"wpcf7-form-control wpcf7-acceptance\"><span class=\"wpcf7-list-item\"><label><input type=\"checkbox\" name=\"acceptance-986\" value=\"1\" aria-invalid=\"false\" \/><span class=\"wpcf7-list-item-label\"><a href=\"\/ca\/politica-de-privacitat-avis-legal\/\">He llegit i accepto la pol\u00edtica de privacitat<\/a><\/span><\/label><\/span><\/span><\/span>\n<\/p>\n<div class=\"form-group\">\n\t<p><input class=\"wpcf7-form-control wpcf7-submit has-spinner btn btn-primary btn-modern font-size-sm font-weight-normal\" type=\"submit\" value=\"Enviar\" \/>\n\t<\/p>\n<\/div><div class=\"wpcf7-response-output\" aria-hidden=\"true\"><\/div>\n<\/form>\n<\/div>\n[vc_empty_space][\/vc_column][vc_column width=&#8221;1\/6&#8243;][\/vc_column][\/vc_row][vc_row full_width=&#8221;stretch_row_content_no_spaces&#8221; css=&#8221;.vc_custom_1585553365658{margin-bottom: -35px !important;}&#8221;][vc_column][vc_gmaps link=&#8221;#E-8_JTNDaWZyYW1lJTIwc3JjJTNEJTIyaHR0cHMlM0ElMkYlMkZ3d3cuZ29vZ2xlLmNvbSUyRm1hcHMlMkZlbWJlZCUzRnBiJTNEJTIxMW0xOCUyMTFtMTIlMjExbTMlMjExZDI5ODIuODA3MTQ5Mzg4MjY0JTIxMmQwLjYyNjYyNzYxNTQzMjkzMzglMjEzZDQxLjYxNjY4MTc3OTI0Mzc1NiUyMTJtMyUyMTFmMCUyMTJmMCUyMTNmMCUyMTNtMiUyMTFpMTAyNCUyMTJpNzY4JTIxNGYxMy4xJTIxM20zJTIxMW0yJTIxMXMweDEyYTZlMDY4OGI4MjAyOGIlMjUzQTB4Njg2YmIxZjVhNmNlNzljMSUyMTJzQXYuJTI1MjBGcmFuY2VzYyUyNTIwTWFjaSUyNUMzJTI1QTAlMjUyQyUyNTIwMzUlMjUyQyUyNTIwMjUwMDclMjUyMExsZWlkYSUyMTVlMCUyMTNtMiUyMTFzZXMlMjEyc2VzJTIxNHYxNTg1NTUyNjkyNzQ0JTIxNW0yJTIxMXNlcyUyMTJzZXMlMjIlMjB3aWR0aCUzRCUyMjEwMCUyNSUyMiUyMGhlaWdodCUzRCUyMjQwMCUyMiUyMGZyYW1lYm9yZGVyJTNEJTIyMCUyMiUyMHN0eWxlJTNEJTIyYm9yZGVyJTNBMCUzQiUyMiUyMGFsbG93ZnVsbHNjcmVlbiUzRCUyMiUyMiUyMGFyaWEtaGlkZGVuJTNEJTIyZmFsc2UlMjIlMjB0YWJpbmRleCUzRCUyMjAlMjIlM0UlM0MlMkZpZnJhbWUlM0U=&#8221;][\/vc_column][\/vc_row]<\/p>\n<\/div>","protected":false},"excerpt":{"rendered":"<p>[vc_row full_width=&#8221;stretch_row&#8221; bg_type=&#8221;image&#8221; css=&#8221;.vc_custom_1593767624550{padding-top: 100px !important;padding-bottom: 50px !important;background-image: url(https:\/\/comunitaria.es\/wp-content\/uploads\/2020\/06\/servicios-1.jpg?id=3928) !important;}&#8221;][vc_column][vc_empty_space height=&#8221;120px&#8221;][vc_row_inner][vc_column_inner width=&#8221;1\/2&#8243;][\/vc_column_inner][vc_column_inner width=&#8221;1\/2&#8243;][\/vc_column_inner][\/vc_row_inner][vc_empty_space height=&#8221;60px&#8221;][\/vc_column][\/vc_row][vc_row css=&#8221;.vc_custom_1593767751175{padding-top: 80px !important;padding-bottom: 20px !important;}&#8221;][vc_column width=&#8221;1\/6&#8243;][\/vc_column][vc_column width=&#8221;2\/3&#8243;][vc_empty_space height=&#8221;60px&#8221;][vc_custom_heading text=&#8221;Vols m\u00e9s informaci\u00f3? Deixa&#8217;ns les teves dades i nosaltres et truquem!&#8221; font_container=&#8221;tag:h3|text_align:left&#8221; use_theme_fonts=&#8221;yes&#8221; el_class=&#8221;lead&#8221;][vc_empty_space][\/vc_column][vc_column width=&#8221;1\/6&#8243;][\/vc_column][\/vc_row][vc_row full_width=&#8221;stretch_row_content_no_spaces&#8221; css=&#8221;.vc_custom_1585553365658{margin-bottom: -35px !important;}&#8221;][vc_column][vc_gmaps link=&#8221;#E-8_JTNDaWZyYW1lJTIwc3JjJTNEJTIyaHR0cHMlM0ElMkYlMkZ3d3cuZ29vZ2xlLmNvbSUyRm1hcHMlMkZlbWJlZCUzRnBiJTNEJTIxMW0xOCUyMTFtMTIlMjExbTMlMjExZDI5ODIuODA3MTQ5Mzg4MjY0JTIxMmQwLjYyNjYyNzYxNTQzMjkzMzglMjEzZDQxLjYxNjY4MTc3OTI0Mzc1NiUyMTJtMyUyMTFmMCUyMTJmMCUyMTNmMCUyMTNtMiUyMTFpMTAyNCUyMTJpNzY4JTIxNGYxMy4xJTIxM20zJTIxMW0yJTIxMXMweDEyYTZlMDY4OGI4MjAyOGIlMjUzQTB4Njg2YmIxZjVhNmNlNzljMSUyMTJzQXYuJTI1MjBGcmFuY2VzYyUyNTIwTWFjaSUyNUMzJTI1QTAlMjUyQyUyNTIwMzUlMjUyQyUyNTIwMjUwMDclMjUyMExsZWlkYSUyMTVlMCUyMTNtMiUyMTFzZXMlMjEyc2VzJTIxNHYxNTg1NTUyNjkyNzQ0JTIxNW0yJTIxMXNlcyUyMTJzZXMlMjIlMjB3aWR0aCUzRCUyMjEwMCUyNSUyMiUyMGhlaWdodCUzRCUyMjQwMCUyMiUyMGZyYW1lYm9yZGVyJTNEJTIyMCUyMiUyMHN0eWxlJTNEJTIyYm9yZGVyJTNBMCUzQiUyMiUyMGFsbG93ZnVsbHNjcmVlbiUzRCUyMiUyMiUyMGFyaWEtaGlkZGVuJTNEJTIyZmFsc2UlMjIlMjB0YWJpbmRleCUzRCUyMjAlMjIlM0UlM0MlMkZpZnJhbWUlM0U=&#8221;][\/vc_column][\/vc_row]<\/p>\n","protected":false},"author":2,"featured_media":0,"parent":0,"menu_order":600,"comment_status":"closed","ping_status":"closed","template":"","meta":{"_joinchat":[],"footnotes":""},"class_list":["post-3517","page","type-page","status-publish","hentry","description-off"],"yoast_head":"<!-- This site is optimized with the Yoast SEO plugin v28.3 - https:\/\/yoast.com\/product\/yoast-seo-wordpress\/ -->\n<title>Comunitaria Lleida<\/title>\n<meta name=\"description\" content=\"Contacta amb el teu administrador de finques a Lleida. Comunitaria Administraci\u00f3 i Serveis. Truca&#039;ns i t&#039;assessorem amb la teva Comunitat de Ve\u00efns.\" \/>\n<meta name=\"robots\" content=\"index, follow, max-snippet:-1, max-image-preview:large, max-video-preview:-1\" \/>\n<link rel=\"canonical\" href=\"https:\/\/comunitaria.es\/ca\/contactar\/\" \/>\n<meta property=\"og:locale\" content=\"ca_ES\" \/>\n<meta property=\"og:type\" content=\"article\" \/>\n<meta property=\"og:title\" content=\"Comunitaria Lleida\" \/>\n<meta property=\"og:description\" content=\"Contacta amb el teu administrador de finques a Lleida. Comunitaria Administraci\u00f3 i Serveis. Truca&#039;ns i t&#039;assessorem amb la teva Comunitat de Ve\u00efns.\" \/>\n<meta property=\"og:url\" content=\"https:\/\/comunitaria.es\/ca\/contactar\/\" \/>\n<meta property=\"og:site_name\" content=\"Comunit\u00e0ria - Administraci\u00f3 i Serveis\" \/>\n<meta property=\"article:modified_time\" content=\"2020-10-13T11:01:44+00:00\" \/>\n<meta property=\"og:image\" content=\"https:\/\/comunitaria.es\/wp-content\/uploads\/2020\/07\/emailicon-300x300.png\" \/>\n<meta name=\"twitter:card\" content=\"summary_large_image\" \/>\n<meta name=\"twitter:label1\" content=\"Est. reading time\" \/>\n\t<meta name=\"twitter:data1\" content=\"1 minute\" \/>\n<script type=\"application\/ld+json\" class=\"yoast-schema-graph\">{\"@context\":\"https:\\\/\\\/schema.org\",\"@graph\":[{\"@type\":\"WebPage\",\"@id\":\"https:\\\/\\\/comunitaria.es\\\/ca\\\/contactar\\\/\",\"url\":\"https:\\\/\\\/comunitaria.es\\\/ca\\\/contactar\\\/\",\"name\":\"Comunitaria Lleida\",\"isPartOf\":{\"@id\":\"https:\\\/\\\/comunitaria.es\\\/ca\\\/#website\"},\"primaryImageOfPage\":{\"@id\":\"https:\\\/\\\/comunitaria.es\\\/ca\\\/contactar\\\/#primaryimage\"},\"image\":{\"@id\":\"https:\\\/\\\/comunitaria.es\\\/ca\\\/contactar\\\/#primaryimage\"},\"thumbnailUrl\":\"https:\\\/\\\/comunitaria.es\\\/wp-content\\\/uploads\\\/2020\\\/07\\\/emailicon-300x300.png\",\"datePublished\":\"2019-05-09T20:21:29+00:00\",\"dateModified\":\"2020-10-13T11:01:44+00:00\",\"description\":\"Contacta amb el teu administrador de finques a Lleida. Comunitaria Administraci\u00f3 i Serveis. Truca'ns i t'assessorem amb la teva Comunitat de Ve\u00efns.\",\"breadcrumb\":{\"@id\":\"https:\\\/\\\/comunitaria.es\\\/ca\\\/contactar\\\/#breadcrumb\"},\"inLanguage\":\"ca\",\"potentialAction\":[{\"@type\":\"ReadAction\",\"target\":[\"https:\\\/\\\/comunitaria.es\\\/ca\\\/contactar\\\/\"]}]},{\"@type\":\"ImageObject\",\"inLanguage\":\"ca\",\"@id\":\"https:\\\/\\\/comunitaria.es\\\/ca\\\/contactar\\\/#primaryimage\",\"url\":\"https:\\\/\\\/comunitaria.es\\\/wp-content\\\/uploads\\\/2020\\\/07\\\/emailicon-300x300.png\",\"contentUrl\":\"https:\\\/\\\/comunitaria.es\\\/wp-content\\\/uploads\\\/2020\\\/07\\\/emailicon-300x300.png\"},{\"@type\":\"BreadcrumbList\",\"@id\":\"https:\\\/\\\/comunitaria.es\\\/ca\\\/contactar\\\/#breadcrumb\",\"itemListElement\":[{\"@type\":\"ListItem\",\"position\":1,\"name\":\"Portada\",\"item\":\"https:\\\/\\\/comunitaria.es\\\/ca\\\/\"},{\"@type\":\"ListItem\",\"position\":2,\"name\":\"Contactar\"}]},{\"@type\":\"WebSite\",\"@id\":\"https:\\\/\\\/comunitaria.es\\\/ca\\\/#website\",\"url\":\"https:\\\/\\\/comunitaria.es\\\/ca\\\/\",\"name\":\"Comunit\u00e0ria - Administraci\u00f3 i Serveis\",\"description\":\"\",\"publisher\":{\"@id\":\"https:\\\/\\\/comunitaria.es\\\/ca\\\/#organization\"},\"potentialAction\":[{\"@type\":\"SearchAction\",\"target\":{\"@type\":\"EntryPoint\",\"urlTemplate\":\"https:\\\/\\\/comunitaria.es\\\/ca\\\/?s={search_term_string}\"},\"query-input\":{\"@type\":\"PropertyValueSpecification\",\"valueRequired\":true,\"valueName\":\"search_term_string\"}}],\"inLanguage\":\"ca\"},{\"@type\":\"Organization\",\"@id\":\"https:\\\/\\\/comunitaria.es\\\/ca\\\/#organization\",\"name\":\"Comunitaria Administraci\u00f3 i Serveis SL\",\"url\":\"https:\\\/\\\/comunitaria.es\\\/ca\\\/\",\"logo\":{\"@type\":\"ImageObject\",\"inLanguage\":\"ca\",\"@id\":\"https:\\\/\\\/comunitaria.es\\\/ca\\\/#\\\/schema\\\/logo\\\/image\\\/\",\"url\":\"https:\\\/\\\/www.comunitaria.es\\\/wp-content\\\/uploads\\\/2020\\\/05\\\/logo-comunitaria-25.png\",\"contentUrl\":\"https:\\\/\\\/www.comunitaria.es\\\/wp-content\\\/uploads\\\/2020\\\/05\\\/logo-comunitaria-25.png\",\"width\":225,\"height\":104,\"caption\":\"Comunitaria Administraci\u00f3 i Serveis SL\"},\"image\":{\"@id\":\"https:\\\/\\\/comunitaria.es\\\/ca\\\/#\\\/schema\\\/logo\\\/image\\\/\"}}]}<\/script>\n<!-- \/ Yoast SEO plugin. -->","yoast_head_json":{"title":"Comunitaria Lleida","description":"Contacta amb el teu administrador de finques a Lleida. Comunitaria Administraci\u00f3 i Serveis. Truca'ns i t'assessorem amb la teva Comunitat de Ve\u00efns.","robots":{"index":"index","follow":"follow","max-snippet":"max-snippet:-1","max-image-preview":"max-image-preview:large","max-video-preview":"max-video-preview:-1"},"canonical":"https:\/\/comunitaria.es\/ca\/contactar\/","og_locale":"ca_ES","og_type":"article","og_title":"Comunitaria Lleida","og_description":"Contacta amb el teu administrador de finques a Lleida. Comunitaria Administraci\u00f3 i Serveis. Truca'ns i t'assessorem amb la teva Comunitat de Ve\u00efns.","og_url":"https:\/\/comunitaria.es\/ca\/contactar\/","og_site_name":"Comunit\u00e0ria - Administraci\u00f3 i Serveis","article_modified_time":"2020-10-13T11:01:44+00:00","og_image":[{"url":"https:\/\/comunitaria.es\/wp-content\/uploads\/2020\/07\/emailicon-300x300.png","type":"","width":"","height":""}],"twitter_card":"summary_large_image","twitter_misc":{"Est. reading time":"1 minute"},"schema":{"@context":"https:\/\/schema.org","@graph":[{"@type":"WebPage","@id":"https:\/\/comunitaria.es\/ca\/contactar\/","url":"https:\/\/comunitaria.es\/ca\/contactar\/","name":"Comunitaria Lleida","isPartOf":{"@id":"https:\/\/comunitaria.es\/ca\/#website"},"primaryImageOfPage":{"@id":"https:\/\/comunitaria.es\/ca\/contactar\/#primaryimage"},"image":{"@id":"https:\/\/comunitaria.es\/ca\/contactar\/#primaryimage"},"thumbnailUrl":"https:\/\/comunitaria.es\/wp-content\/uploads\/2020\/07\/emailicon-300x300.png","datePublished":"2019-05-09T20:21:29+00:00","dateModified":"2020-10-13T11:01:44+00:00","description":"Contacta amb el teu administrador de finques a Lleida. Comunitaria Administraci\u00f3 i Serveis. Truca'ns i t'assessorem amb la teva Comunitat de Ve\u00efns.","breadcrumb":{"@id":"https:\/\/comunitaria.es\/ca\/contactar\/#breadcrumb"},"inLanguage":"ca","potentialAction":[{"@type":"ReadAction","target":["https:\/\/comunitaria.es\/ca\/contactar\/"]}]},{"@type":"ImageObject","inLanguage":"ca","@id":"https:\/\/comunitaria.es\/ca\/contactar\/#primaryimage","url":"https:\/\/comunitaria.es\/wp-content\/uploads\/2020\/07\/emailicon-300x300.png","contentUrl":"https:\/\/comunitaria.es\/wp-content\/uploads\/2020\/07\/emailicon-300x300.png"},{"@type":"BreadcrumbList","@id":"https:\/\/comunitaria.es\/ca\/contactar\/#breadcrumb","itemListElement":[{"@type":"ListItem","position":1,"name":"Portada","item":"https:\/\/comunitaria.es\/ca\/"},{"@type":"ListItem","position":2,"name":"Contactar"}]},{"@type":"WebSite","@id":"https:\/\/comunitaria.es\/ca\/#website","url":"https:\/\/comunitaria.es\/ca\/","name":"Comunit\u00e0ria - Administraci\u00f3 i Serveis","description":"","publisher":{"@id":"https:\/\/comunitaria.es\/ca\/#organization"},"potentialAction":[{"@type":"SearchAction","target":{"@type":"EntryPoint","urlTemplate":"https:\/\/comunitaria.es\/ca\/?s={search_term_string}"},"query-input":{"@type":"PropertyValueSpecification","valueRequired":true,"valueName":"search_term_string"}}],"inLanguage":"ca"},{"@type":"Organization","@id":"https:\/\/comunitaria.es\/ca\/#organization","name":"Comunitaria Administraci\u00f3 i Serveis SL","url":"https:\/\/comunitaria.es\/ca\/","logo":{"@type":"ImageObject","inLanguage":"ca","@id":"https:\/\/comunitaria.es\/ca\/#\/schema\/logo\/image\/","url":"https:\/\/www.comunitaria.es\/wp-content\/uploads\/2020\/05\/logo-comunitaria-25.png","contentUrl":"https:\/\/www.comunitaria.es\/wp-content\/uploads\/2020\/05\/logo-comunitaria-25.png","width":225,"height":104,"caption":"Comunitaria Administraci\u00f3 i Serveis SL"},"image":{"@id":"https:\/\/comunitaria.es\/ca\/#\/schema\/logo\/image\/"}}]}},"_links":{"self":[{"href":"https:\/\/comunitaria.es\/ca\/wp-json\/wp\/v2\/pages\/3517","targetHints":{"allow":["GET"]}}],"collection":[{"href":"https:\/\/comunitaria.es\/ca\/wp-json\/wp\/v2\/pages"}],"about":[{"href":"https:\/\/comunitaria.es\/ca\/wp-json\/wp\/v2\/types\/page"}],"author":[{"embeddable":true,"href":"https:\/\/comunitaria.es\/ca\/wp-json\/wp\/v2\/users\/2"}],"replies":[{"embeddable":true,"href":"https:\/\/comunitaria.es\/ca\/wp-json\/wp\/v2\/comments?post=3517"}],"version-history":[{"count":21,"href":"https:\/\/comunitaria.es\/ca\/wp-json\/wp\/v2\/pages\/3517\/revisions"}],"predecessor-version":[{"id":4770,"href":"https:\/\/comunitaria.es\/ca\/wp-json\/wp\/v2\/pages\/3517\/revisions\/4770"}],"wp:attachment":[{"href":"https:\/\/comunitaria.es\/ca\/wp-json\/wp\/v2\/media?parent=3517"}],"curies":[{"name":"wp","href":"https:\/\/api.w.org\/{rel}","templated":true}]}}