{"id":3509,"date":"2020-03-30T13:25:49","date_gmt":"2020-03-30T11:25:49","guid":{"rendered":"https:\/\/comunitaria.panelserver.org\/?page_id=3509"},"modified":"2020-07-07T13:11:34","modified_gmt":"2020-07-07T11:11:34","slug":"comunitats","status":"publish","type":"page","link":"https:\/\/comunitaria.es\/ca\/comunitats\/","title":{"rendered":"Comunitats"},"content":{"rendered":"<div class=\"wpb-content-wrapper\" id=\"wpb-content-root\"><p>[vc_row full_width=&#8221;stretch_row&#8221; bg_type=&#8221;image&#8221; css=&#8221;.vc_custom_1593590438682{margin-top: -70px !important;padding-top: 100px !important;padding-bottom: 50px !important;background-image: url(https:\/\/comunitaria.es\/wp-content\/uploads\/2020\/06\/fondocomunitats.jpg?id=4006) !important;}&#8221;][vc_column][vc_row_inner][vc_column_inner width=&#8221;1\/6&#8243;][\/vc_column_inner][vc_column_inner width=&#8221;1\/6&#8243;][\/vc_column_inner][vc_column_inner width=&#8221;1\/6&#8243;][\/vc_column_inner][vc_column_inner width=&#8221;3\/6&#8243;]<div class=\"aio-icon-component    style_1\"><div id=\"Info-box-wrap-7498\" class=\"aio-icon-box left-icon\" style=\"\"  ><div class=\"aio-icon-left\"><div class=\"ult-just-icon-wrapper  \"><div class=\"align-icon\" style=\"text-align:center;\">\n<div class=\"aio-icon-img \" style=\"font-size:60px;display:inline-block;\" >\n\t<img decoding=\"async\" class=\"img-icon\" alt=\"null\" src=\"https:\/\/comunitaria.es\/wp-content\/uploads\/2020\/04\/Logo1-1.png\"\/>\n<\/div><\/div><\/div><\/div><div class=\"aio-ibd-block\"><div class=\"aio-icon-header\" ><h3 class=\"aio-icon-title ult-responsive\"  data-ultimate-target='#Info-box-wrap-7498 .aio-icon-title'  data-responsive-json-new='{\"font-size\":\"desktop:25px;\",\"line-height\":\"desktop:25px;\"}'  style=\"font-weight:bold;\">Administraci\u00f3 de comunitats<\/h3><\/div> <!-- header --><div class=\"aio-icon-description ult-responsive\"  data-ultimate-target='#Info-box-wrap-7498 .aio-icon-description'  data-responsive-json-new='{\"font-size\":\"\",\"line-height\":\"\"}'  style=\"\"><\/p>\n<ul>\n<li>Gesti\u00f3 econ\u00f2mica i financera<\/li>\n<li>Assessorament Jur\u00eddic<\/li>\n<li>Assemblees ordin\u00e0ries y extraordin\u00e0ries<\/li>\n<li>Gesti\u00f3 i reclamaci\u00f3 d\u2019impagaments<\/li>\n<li>Servei d\u2019Urg\u00e8ncies<\/li>\n<\/ul>\n<p><\/div> <!-- description --><\/div> <!-- aio-ibd-block --><\/div> <!-- aio-icon-box --><\/div> <!-- aio-icon-component --><div class=\"aio-icon-component    style_1\"><div id=\"Info-box-wrap-6722\" class=\"aio-icon-box left-icon\" style=\"\"  ><div class=\"aio-icon-left\"><div class=\"ult-just-icon-wrapper  \"><div class=\"align-icon\" style=\"text-align:center;\">\n<div class=\"aio-icon-img \" style=\"font-size:60px;display:inline-block;\" >\n\t<img decoding=\"async\" class=\"img-icon\" alt=\"null\" src=\"https:\/\/comunitaria.es\/wp-content\/uploads\/2020\/04\/Logo2-1.png\"\/>\n<\/div><\/div><\/div><\/div><div class=\"aio-ibd-block\"><div class=\"aio-icon-header\" ><h3 class=\"aio-icon-title ult-responsive\"  data-ultimate-target='#Info-box-wrap-6722 .aio-icon-title'  data-responsive-json-new='{\"font-size\":\"desktop:25px;\",\"line-height\":\"desktop:25px;\"}'  style=\"font-weight:bold;\">Pla de reducci\u00f3 de despeses<\/h3><\/div> <!-- header --><div class=\"aio-icon-description ult-responsive\"  data-ultimate-target='#Info-box-wrap-6722 .aio-icon-description'  data-responsive-json-new='{\"font-size\":\"\",\"line-height\":\"\"}'  style=\"\"><\/p>\n<ul>\n<li>An\u00e0lisis de despeses comunit\u00e0ries<\/li>\n<li>Renegociaci\u00f3 de preus\/serveis<\/li>\n<li>Cerca dels millors preus\/ serveis<\/li>\n<\/ul>\n<p><\/div> <!-- description --><\/div> <!-- aio-ibd-block --><\/div> <!-- aio-icon-box --><\/div> <!-- aio-icon-component --><div class=\"aio-icon-component    style_1\"><div id=\"Info-box-wrap-5371\" class=\"aio-icon-box left-icon\" style=\"\"  ><div class=\"aio-icon-left\"><div class=\"ult-just-icon-wrapper  \"><div class=\"align-icon\" style=\"text-align:center;\">\n<div class=\"aio-icon-img \" style=\"font-size:60px;display:inline-block;\" >\n\t<img decoding=\"async\" class=\"img-icon\" alt=\"null\" src=\"https:\/\/comunitaria.es\/wp-content\/uploads\/2020\/04\/Logo-3.png\"\/>\n<\/div><\/div><\/div><\/div><div class=\"aio-ibd-block\"><div class=\"aio-icon-header\" ><h3 class=\"aio-icon-title ult-responsive\"  data-ultimate-target='#Info-box-wrap-5371 .aio-icon-title'  data-responsive-json-new='{\"font-size\":\"desktop:25px;\",\"line-height\":\"desktop:25px;\"}'  style=\"font-weight:bold;\">Administraci\u00f3 a mida<\/h3><\/div> <!-- header --><div class=\"aio-icon-description ult-responsive\"  data-ultimate-target='#Info-box-wrap-5371 .aio-icon-description'  data-responsive-json-new='{\"font-size\":\"\",\"line-height\":\"\"}'  style=\"\"><strong>PCC Pack Consultor Comunitat<\/strong>\u2026<\/p>\n<p>Inclou:<\/p>\n<ul>\n<li>Assessorament legal<\/li>\n<li>Fiscal<\/li>\n<li>Comptable<\/li>\n<li>Fitxers obligatoris de Protecci\u00f3 de dades<\/li>\n<li>Normatives diverses<\/li>\n<li>Assist\u00e8ncia a Juntes, mediaci\u00f3 ve\u00efnal, etc.<\/li>\n<\/ul>\n<p><\/div> <!-- description --><\/div> <!-- aio-ibd-block --><\/div> <!-- aio-icon-box --><\/div> <!-- aio-icon-component -->[\/vc_column_inner][\/vc_row_inner][\/vc_column][\/vc_row][vc_row full_width=&#8221;stretch_row&#8221; css=&#8221;.vc_custom_1585738445002{padding-top: 40px !important;padding-bottom: 40px !important;}&#8221;][vc_column][vc_custom_heading text=&#8221;Altres Serveis&#8221; font_container=&#8221;tag:h2|font_size:42|text_align:center|line_height:1&#8243; use_theme_fonts=&#8221;yes&#8221; el_class=&#8221;mb-3&#8243;][vc_separator style=&#8221;solid&#8221; el_width=&#8221;20&#8243;][\/vc_column][\/vc_row][vc_row full_width=&#8221;stretch_row&#8221; equal_height=&#8221;yes&#8221; css=&#8221;.vc_custom_1593594695412{padding-bottom: -40px !important;}&#8221;][vc_column width=&#8221;1\/2&#8243;]<div class=\"aio-icon-component    style_1\"><div id=\"Info-box-wrap-7132\" class=\"aio-icon-box default-icon\" style=\"\"  ><div class=\"aio-icon-default\"><div class=\"ult-just-icon-wrapper  \"><div class=\"align-icon\" style=\"text-align:center;\">\n<div class=\"aio-icon-img \" style=\"font-size:48px;display:inline-block;\" >\n\t<img decoding=\"async\" class=\"img-icon\" alt=\"null\" src=\"https:\/\/comunitaria.es\/wp-content\/uploads\/2020\/04\/Logo15.png\"\/>\n<\/div><\/div><\/div><\/div><div class=\"aio-icon-header\" ><h3 class=\"aio-icon-title ult-responsive\"  data-ultimate-target='#Info-box-wrap-7132 .aio-icon-title'  data-responsive-json-new='{\"font-size\":\"desktop:22px;\",\"line-height\":\"desktop:25px;\"}'  style=\"font-weight:bold;\">Administraci\u00f3 de Finques<\/h3><\/div> <!-- header --><div class=\"aio-icon-description ult-responsive\"  data-ultimate-target='#Info-box-wrap-7132 .aio-icon-description'  data-responsive-json-new='{\"font-size\":\"\",\"line-height\":\"\"}'  style=\"\"><\/p>\n<p style=\"text-align: left;\">Assessorament legal<br \/>\nRedacci\u00f3 de contractes de lloguer<br \/>\nLloguers amb opcions de compra<br \/>\nGesti\u00f3 de cobrament peri\u00f2dic\u00a0rebuts<br \/>\n\u2026<\/p>\n<p><\/div> <!-- description --><\/div> <!-- aio-icon-box --><\/div> <!-- aio-icon-component --><div class=\" ubtn-ctn-left \"><a class=\"ubtn-link ult-adjust-bottom-margin ubtn-left ubtn-custom \" href=\"https:\/\/comunitaria.panelserver.org\/ca\/altres-serveis\/\" ><button type=\"button\" id=\"ubtn-6605\"  class=\"ubtn ult-adjust-bottom-margin ult-responsive ubtn-custom ubtn-fade-bg  none  ubtn-left   tooltip-6a968a5f92535\"  data-hover=\"#ffffff\" data-border-color=\"\" data-bg=\"#a4afd4\" data-hover-bg=\"#c9d1e0\" data-border-hover=\"\" data-shadow-hover=\"\" data-shadow-click=\"none\" data-shadow=\"\" data-shd-shadow=\"\"  data-ultimate-target='#ubtn-6605'  data-responsive-json-new='{\"font-size\":\"\",\"line-height\":\"\"}'  style=\"font-weight:normal;width:150px;min-height:50px;padding:px 0px;border:none;background: #a4afd4;color: #ffffff;\"><span class=\"ubtn-hover\" style=\"background-color:#c9d1e0\"><\/span><span class=\"ubtn-data ubtn-text \" >Llegir Mes<\/span><\/button><\/a><\/div>[\/vc_column][vc_column width=&#8221;1\/2&#8243;]<div class=\"aio-icon-component    style_1\"><div id=\"Info-box-wrap-3258\" class=\"aio-icon-box default-icon\" style=\"\"  ><div class=\"aio-icon-default\"><div class=\"ult-just-icon-wrapper  \"><div class=\"align-icon\" style=\"text-align:center;\">\n<div class=\"aio-icon-img \" style=\"font-size:48px;display:inline-block;\" >\n\t<img decoding=\"async\" class=\"img-icon\" alt=\"null\" src=\"https:\/\/comunitaria.es\/wp-content\/uploads\/2020\/04\/Logo12.png\"\/>\n<\/div><\/div><\/div><\/div><div class=\"aio-icon-header\" ><h3 class=\"aio-icon-title ult-responsive\"  data-ultimate-target='#Info-box-wrap-3258 .aio-icon-title'  data-responsive-json-new='{\"font-size\":\"desktop:22px;\",\"line-height\":\"desktop:25px;\"}'  style=\"font-weight:bold;\">Aparcaments<\/h3><\/div> <!-- header --><div class=\"aio-icon-description ult-responsive\"  data-ultimate-target='#Info-box-wrap-3258 .aio-icon-description'  data-responsive-json-new='{\"font-size\":\"\",\"line-height\":\"\"}'  style=\"\"><\/p>\n<p style=\"text-align: left;\">Constitucions inicials<br \/>\nManteniments<br \/>\nAuditoria de serveis comuns (accessos, neteja, etc.)<br \/>\nAssemblees<br \/>\n\u2026<\/p>\n<p><\/div> <!-- description --><\/div> <!-- aio-icon-box --><\/div> <!-- aio-icon-component --><div class=\" ubtn-ctn-left \"><a class=\"ubtn-link ult-adjust-bottom-margin ubtn-left ubtn-custom \" href=\"https:\/\/comunitaria.panelserver.org\/ca\/altres-serveis\/\" ><button type=\"button\" id=\"ubtn-7002\"  class=\"ubtn ult-adjust-bottom-margin ult-responsive ubtn-custom ubtn-fade-bg  none  ubtn-left   tooltip-6a968a5f928ad\"  data-hover=\"#ffffff\" data-border-color=\"\" data-bg=\"#a4afd4\" data-hover-bg=\"#c9d1e0\" data-border-hover=\"\" data-shadow-hover=\"\" data-shadow-click=\"none\" data-shadow=\"\" data-shd-shadow=\"\"  data-ultimate-target='#ubtn-7002'  data-responsive-json-new='{\"font-size\":\"\",\"line-height\":\"\"}'  style=\"font-weight:normal;width:150px;min-height:50px;padding:px 0px;border:none;background: #a4afd4;color: #ffffff;\"><span class=\"ubtn-hover\" style=\"background-color:#c9d1e0\"><\/span><span class=\"ubtn-data ubtn-text \" >Llegir Mes<\/span><\/button><\/a><\/div>[\/vc_column][\/vc_row][vc_row][vc_column][vc_empty_space height=&#8221;15px&#8221;][\/vc_column][\/vc_row][vc_row full_width=&#8221;stretch_row&#8221; equal_height=&#8221;yes&#8221; css=&#8221;.vc_custom_1594119040733{padding-bottom: -40px !important;background-position: center !important;background-repeat: no-repeat !important;background-size: cover !important;}&#8221;][vc_column width=&#8221;1\/2&#8243;]<div class=\"aio-icon-component    style_1\"><div id=\"Info-box-wrap-9191\" class=\"aio-icon-box default-icon\" style=\"\"  ><div class=\"aio-icon-default\"><div class=\"ult-just-icon-wrapper  \"><div class=\"align-icon\" style=\"text-align:center;\">\n<div class=\"aio-icon-img \" style=\"font-size:48px;display:inline-block;\" >\n\t<img decoding=\"async\" class=\"img-icon\" alt=\"null\" src=\"https:\/\/comunitaria.es\/wp-content\/uploads\/2020\/04\/Logo13.png\"\/>\n<\/div><\/div><\/div><\/div><div class=\"aio-icon-header\" ><h3 class=\"aio-icon-title ult-responsive\"  data-ultimate-target='#Info-box-wrap-9191 .aio-icon-title'  data-responsive-json-new='{\"font-size\":\"desktop:22px;\",\"line-height\":\"desktop:25px;\"}'  style=\"font-weight:bold;\">Pol\u00edgons Industrials<\/h3><\/div> <!-- header --><div class=\"aio-icon-description ult-responsive\"  data-ultimate-target='#Info-box-wrap-9191 .aio-icon-description'  data-responsive-json-new='{\"font-size\":\"\",\"line-height\":\"\"}'  style=\"\"><\/p>\n<p style=\"text-align: left;\">Altes i subministraments comuns<br \/>\nGesti\u00f3 econ\u00f2mica i financera<br \/>\nEmissi\u00f3 de rebuts<br \/>\nBalan\u00e7os<br \/>\n\u2026<\/p>\n<p><\/div> <!-- description --><\/div> <!-- aio-icon-box --><\/div> <!-- aio-icon-component --><div class=\" ubtn-ctn-left \"><a class=\"ubtn-link ult-adjust-bottom-margin ubtn-left ubtn-custom \" href=\"https:\/\/comunitaria.panelserver.org\/ca\/altres-serveis\/\" ><button type=\"button\" id=\"ubtn-3480\"  class=\"ubtn ult-adjust-bottom-margin ult-responsive ubtn-custom ubtn-fade-bg  none  ubtn-left   tooltip-6a968a5f92c04\"  data-hover=\"#ffffff\" data-border-color=\"\" data-bg=\"#a4afd4\" data-hover-bg=\"#c9d1e0\" data-border-hover=\"\" data-shadow-hover=\"\" data-shadow-click=\"none\" data-shadow=\"\" data-shd-shadow=\"\"  data-ultimate-target='#ubtn-3480'  data-responsive-json-new='{\"font-size\":\"\",\"line-height\":\"\"}'  style=\"font-weight:normal;width:150px;min-height:50px;padding:px 0px;border:none;background: #a4afd4;color: #ffffff;\"><span class=\"ubtn-hover\" style=\"background-color:#c9d1e0\"><\/span><span class=\"ubtn-data ubtn-text \" >Llegir Mes<\/span><\/button><\/a><\/div>[\/vc_column][vc_column width=&#8221;1\/2&#8243;]<div class=\"aio-icon-component    style_1\"><div id=\"Info-box-wrap-4551\" class=\"aio-icon-box default-icon\" style=\"\"  ><div class=\"aio-icon-default\"><div class=\"ult-just-icon-wrapper  \"><div class=\"align-icon\" style=\"text-align:center;\">\n<div class=\"aio-icon-img \" style=\"font-size:48px;display:inline-block;\" >\n\t<img decoding=\"async\" class=\"img-icon\" alt=\"null\" src=\"https:\/\/comunitaria.es\/wp-content\/uploads\/2020\/04\/Logo14.png\"\/>\n<\/div><\/div><\/div><\/div><div class=\"aio-icon-header\" ><h3 class=\"aio-icon-title ult-responsive\"  data-ultimate-target='#Info-box-wrap-4551 .aio-icon-title'  data-responsive-json-new='{\"font-size\":\"desktop:22px;\",\"line-height\":\"desktop:25px;\"}'  style=\"font-weight:bold;\">Oficines<\/h3><\/div> <!-- header --><div class=\"aio-icon-description ult-responsive\"  data-ultimate-target='#Info-box-wrap-4551 .aio-icon-description'  data-responsive-json-new='{\"font-size\":\"\",\"line-height\":\"\"}'  style=\"\"><\/p>\n<div class=\"porto-sicon-box style_1 default-icon flex-wrap\">\n<div class=\"porto-sicon-description\">Constitucions inicials<br \/>\nLegalitzacions llibres oficials.Sol\u00b7licituds NIF<br \/>\nAlta serveis comuns<br \/>\nGesti\u00f3 administrativa i comptable<br \/>\n\u2026<\/div>\n<\/div>\n<div class=\"porto-btn-ctn-left \"><\/div>\n<p><\/div> <!-- description --><\/div> <!-- aio-icon-box --><\/div> <!-- aio-icon-component --><div class=\" ubtn-ctn-left \"><a class=\"ubtn-link ult-adjust-bottom-margin ubtn-left ubtn-custom \" href=\"https:\/\/comunitaria.panelserver.org\/ca\/altres-serveis\/\" ><button type=\"button\" id=\"ubtn-9266\"  class=\"ubtn ult-adjust-bottom-margin ult-responsive ubtn-custom ubtn-fade-bg  none  ubtn-left   tooltip-6a968a5f9306c\"  data-hover=\"#ffffff\" data-border-color=\"\" data-bg=\"#a4afd4\" data-hover-bg=\"#c9d1e0\" data-border-hover=\"\" data-shadow-hover=\"\" data-shadow-click=\"none\" data-shadow=\"\" data-shd-shadow=\"\"  data-ultimate-target='#ubtn-9266'  data-responsive-json-new='{\"font-size\":\"\",\"line-height\":\"\"}'  style=\"font-weight:normal;width:150px;min-height:50px;padding:px 0px;border:none;background: #a4afd4;color: #ffffff;\"><span class=\"ubtn-hover\" style=\"background-color:#c9d1e0\"><\/span><span class=\"ubtn-data ubtn-text \" >Llegir Mes<\/span><\/button><\/a><\/div>[\/vc_column][\/vc_row][vc_row][vc_column][vc_empty_space height=&#8221;15px&#8221;][\/vc_column][\/vc_row][vc_row css=&#8221;.vc_custom_1591862452281{padding-top: 20px !important;padding-bottom: 20px !important;}&#8221;][vc_column][vc_column_text]<strong>Potser estaves buscant:<\/strong><br \/>\nAdministrador de finques a Lleida, serveis immobiliaris, gesti\u00f3 de comunitats de propietaris, administraci\u00f3 de finques, consultors immobiliaris, assessorament immobiliari Lleida.[\/vc_column_text][\/vc_column][\/vc_row][vc_row full_width=&#8221;stretch_row&#8221; equal_height=&#8221;yes&#8221; bg_type=&#8221;image&#8221; bg_override=&#8221;full&#8221; css=&#8221;.vc_custom_1594120291223{padding-bottom: -40px !important;background-image: url(https:\/\/comunitaria.es\/wp-content\/uploads\/2020\/06\/fondo-contacto-footer-2.jpg?id=4061) !important;background-position: center !important;background-repeat: no-repeat !important;background-size: cover !important;}&#8221;][vc_column width=&#8221;1\/2&#8243;][\/vc_column][vc_column width=&#8221;1\/2&#8243;][vc_custom_heading text=&#8221;Sol\u00b7licitar informaci\u00f3&#8221; use_theme_fonts=&#8221;yes&#8221; el_class=&#8221;m-t-lg m-b-none&#8221;][vc_column_text el_class=&#8221;m-b-none&#8221;]Consulta sobre els nostres serveis o demana pressupost sense comprom\u00eds.[\/vc_column_text]\n<div class=\"wpcf7 no-js\" id=\"wpcf7-f3500-o1\" lang=\"es-ES\" dir=\"ltr\" data-wpcf7-id=\"3500\">\n<div class=\"screen-reader-response\"><p role=\"status\" aria-live=\"polite\" aria-atomic=\"true\"><\/p> <ul><\/ul><\/div>\n<form action=\"\/ca\/wp-json\/wp\/v2\/pages\/3509#wpcf7-f3500-o1\" method=\"post\" class=\"wpcf7-form init\" aria-label=\"Contact form\" novalidate=\"novalidate\" data-status=\"init\">\n<fieldset class=\"hidden-fields-container\"><input type=\"hidden\" name=\"_wpcf7\" value=\"3500\" \/><input type=\"hidden\" name=\"_wpcf7_version\" value=\"6.1.7\" \/><input type=\"hidden\" name=\"_wpcf7_locale\" value=\"es_ES\" \/><input type=\"hidden\" name=\"_wpcf7_unit_tag\" value=\"wpcf7-f3500-o1\" \/><input type=\"hidden\" name=\"_wpcf7_container_post\" value=\"0\" \/><input type=\"hidden\" name=\"_wpcf7_posted_data_hash\" value=\"\" \/><input type=\"hidden\" name=\"_wpcf7_recaptcha_response\" value=\"\" \/>\n<\/fieldset>\n<p><span class=\"wpcf7-form-control-wrap\" data-name=\"your-name\"><input size=\"40\" maxlength=\"400\" class=\"wpcf7-form-control wpcf7-text wpcf7-validates-as-required w-100\" aria-required=\"true\" aria-invalid=\"false\" placeholder=\"Nom i Cognoms*\" value=\"\" type=\"text\" name=\"your-name\" \/><\/span><br \/>\n<span class=\"wpcf7-form-control-wrap\" data-name=\"your-email\"><input size=\"40\" maxlength=\"400\" class=\"wpcf7-form-control wpcf7-email wpcf7-validates-as-required wpcf7-text wpcf7-validates-as-email w-100\" aria-required=\"true\" aria-invalid=\"false\" placeholder=\"Email*\" value=\"\" type=\"email\" name=\"your-email\" \/><\/span><br \/>\n<span class=\"wpcf7-form-control-wrap\" data-name=\"your-tel\"><input size=\"40\" maxlength=\"400\" class=\"wpcf7-form-control wpcf7-text wpcf7-validates-as-required w-100\" aria-required=\"true\" aria-invalid=\"false\" placeholder=\"Tel\u00e8fon*\" value=\"\" type=\"text\" name=\"your-tel\" \/><\/span><br \/>\n<span class=\"wpcf7-form-control-wrap\" data-name=\"your-message\"><textarea cols=\"40\" rows=\"4\" maxlength=\"2000\" class=\"wpcf7-form-control wpcf7-textarea w-100\" aria-invalid=\"false\" placeholder=\"Missatge...\" name=\"your-message\"><\/textarea><\/span>\n<\/p>\n<p><input class=\"wpcf7-form-control wpcf7-submit has-spinner btn btn-lg btn-full-rounded py-3 w-100\" type=\"submit\" value=\"Sol\u00b7licitar Informaci\u00f3\" \/>\n<\/p>\n<p><span class=\"wpcf7-form-control-wrap\" data-name=\"rgpd\"><span class=\"wpcf7-form-control wpcf7-acceptance\"><span class=\"wpcf7-list-item\"><label><input type=\"checkbox\" name=\"rgpd\" value=\"1\" aria-invalid=\"false\" \/><span class=\"wpcf7-list-item-label\"><span style=\"color:#000; text-shadow: 1px 1px 2px #fff;\"> He llegit i accepto la <\/span><a style=\"color:#000; text-shadow: 1px 1px 2px #fff;\" href=\"https:\/\/comunitaria.es\/ca\/politica-de-privacitat-avis-legal\/\">pol\u00edtica de privacitat.<\/a><\/span><\/label><\/span><\/span><\/span>\n<\/p><div class=\"wpcf7-response-output\" aria-hidden=\"true\"><\/div>\n<\/form>\n<\/div>\n[vc_empty_space][\/vc_column][\/vc_row]<\/p>\n<\/div>","protected":false},"excerpt":{"rendered":"<p>[vc_row full_width=&#8221;stretch_row&#8221; bg_type=&#8221;image&#8221; css=&#8221;.vc_custom_1593590438682{margin-top: -70px !important;padding-top: 100px !important;padding-bottom: 50px !important;background-image: url(https:\/\/comunitaria.es\/wp-content\/uploads\/2020\/06\/fondocomunitats.jpg?id=4006) !important;}&#8221;][vc_column][vc_row_inner][vc_column_inner width=&#8221;1\/6&#8243;][\/vc_column_inner][vc_column_inner width=&#8221;1\/6&#8243;][\/vc_column_inner][vc_column_inner width=&#8221;1\/6&#8243;][\/vc_column_inner][vc_column_inner width=&#8221;3\/6&#8243;][\/vc_column_inner][\/vc_row_inner][\/vc_column][\/vc_row][vc_row full_width=&#8221;stretch_row&#8221; css=&#8221;.vc_custom_1585738445002{padding-top: 40px !important;padding-bottom: 40px !important;}&#8221;][vc_column][vc_custom_heading text=&#8221;Altres Serveis&#8221; font_container=&#8221;tag:h2|font_size:42|text_align:center|line_height:1&#8243; use_theme_fonts=&#8221;yes&#8221; el_class=&#8221;mb-3&#8243;][vc_separator style=&#8221;solid&#8221; el_width=&#8221;20&#8243;][\/vc_column][\/vc_row][vc_row full_width=&#8221;stretch_row&#8221; equal_height=&#8221;yes&#8221; css=&#8221;.vc_custom_1593594695412{padding-bottom: -40px !important;}&#8221;][vc_column width=&#8221;1\/2&#8243;][\/vc_column][vc_column width=&#8221;1\/2&#8243;][\/vc_column][\/vc_row][vc_row][vc_column][vc_empty_space height=&#8221;15px&#8221;][\/vc_column][\/vc_row][vc_row full_width=&#8221;stretch_row&#8221; equal_height=&#8221;yes&#8221; css=&#8221;.vc_custom_1594119040733{padding-bottom: -40px !important;background-position: center !important;background-repeat: no-repeat !important;background-size: cover !important;}&#8221;][vc_column width=&#8221;1\/2&#8243;][\/vc_column][vc_column width=&#8221;1\/2&#8243;][\/vc_column][\/vc_row][vc_row][vc_column][vc_empty_space height=&#8221;15px&#8221;][\/vc_column][\/vc_row][vc_row css=&#8221;.vc_custom_1591862452281{padding-top: 20px !important;padding-bottom: 20px&hellip;<\/p>\n","protected":false},"author":2,"featured_media":0,"parent":0,"menu_order":300,"comment_status":"closed","ping_status":"closed","template":"","meta":{"_joinchat":[],"footnotes":""},"class_list":["post-3509","page","type-page","status-publish","hentry","description-off"],"yoast_head":"<!-- This site is optimized with the Yoast SEO plugin v28.3 - https:\/\/yoast.com\/product\/yoast-seo-wordpress\/ -->\n<title>Comunitats de Propietaris Lleida<\/title>\n<meta name=\"description\" content=\"Administraci\u00f3 de finques a Lleida i Vielha. Gesti\u00f3 de comunitats de propietaris. Assessorament legal, gestions fiscals, assemblees, llibres d&#039;actes.\" \/>\n<meta name=\"robots\" content=\"index, follow, max-snippet:-1, max-image-preview:large, max-video-preview:-1\" \/>\n<link rel=\"canonical\" href=\"https:\/\/comunitaria.es\/ca\/comunitats\/\" \/>\n<meta property=\"og:locale\" content=\"ca_ES\" \/>\n<meta property=\"og:type\" content=\"article\" \/>\n<meta property=\"og:title\" content=\"Comunitats de Propietaris Lleida\" \/>\n<meta property=\"og:description\" content=\"Administraci\u00f3 de finques a Lleida i Vielha. Gesti\u00f3 de comunitats de propietaris. Assessorament legal, gestions fiscals, assemblees, llibres d&#039;actes.\" \/>\n<meta property=\"og:url\" content=\"https:\/\/comunitaria.es\/ca\/comunitats\/\" \/>\n<meta property=\"og:site_name\" content=\"Comunit\u00e0ria - Administraci\u00f3 i Serveis\" \/>\n<meta property=\"article:modified_time\" content=\"2020-07-07T11:11:34+00:00\" \/>\n<meta name=\"twitter:card\" content=\"summary_large_image\" \/>\n<meta name=\"twitter:label1\" content=\"Est. reading time\" \/>\n\t<meta name=\"twitter:data1\" content=\"5 minutes\" \/>\n<script type=\"application\/ld+json\" class=\"yoast-schema-graph\">{\"@context\":\"https:\\\/\\\/schema.org\",\"@graph\":[{\"@type\":\"WebPage\",\"@id\":\"https:\\\/\\\/comunitaria.es\\\/ca\\\/comunitats\\\/\",\"url\":\"https:\\\/\\\/comunitaria.es\\\/ca\\\/comunitats\\\/\",\"name\":\"Comunitats de Propietaris Lleida\",\"isPartOf\":{\"@id\":\"https:\\\/\\\/comunitaria.es\\\/ca\\\/#website\"},\"datePublished\":\"2020-03-30T11:25:49+00:00\",\"dateModified\":\"2020-07-07T11:11:34+00:00\",\"description\":\"Administraci\u00f3 de finques a Lleida i Vielha. Gesti\u00f3 de comunitats de propietaris. Assessorament legal, gestions fiscals, assemblees, llibres d'actes.\",\"breadcrumb\":{\"@id\":\"https:\\\/\\\/comunitaria.es\\\/ca\\\/comunitats\\\/#breadcrumb\"},\"inLanguage\":\"ca\",\"potentialAction\":[{\"@type\":\"ReadAction\",\"target\":[\"https:\\\/\\\/comunitaria.es\\\/ca\\\/comunitats\\\/\"]}]},{\"@type\":\"BreadcrumbList\",\"@id\":\"https:\\\/\\\/comunitaria.es\\\/ca\\\/comunitats\\\/#breadcrumb\",\"itemListElement\":[{\"@type\":\"ListItem\",\"position\":1,\"name\":\"Portada\",\"item\":\"https:\\\/\\\/comunitaria.es\\\/ca\\\/\"},{\"@type\":\"ListItem\",\"position\":2,\"name\":\"Comunitats\"}]},{\"@type\":\"WebSite\",\"@id\":\"https:\\\/\\\/comunitaria.es\\\/ca\\\/#website\",\"url\":\"https:\\\/\\\/comunitaria.es\\\/ca\\\/\",\"name\":\"Comunit\u00e0ria - Administraci\u00f3 i Serveis\",\"description\":\"\",\"publisher\":{\"@id\":\"https:\\\/\\\/comunitaria.es\\\/ca\\\/#organization\"},\"potentialAction\":[{\"@type\":\"SearchAction\",\"target\":{\"@type\":\"EntryPoint\",\"urlTemplate\":\"https:\\\/\\\/comunitaria.es\\\/ca\\\/?s={search_term_string}\"},\"query-input\":{\"@type\":\"PropertyValueSpecification\",\"valueRequired\":true,\"valueName\":\"search_term_string\"}}],\"inLanguage\":\"ca\"},{\"@type\":\"Organization\",\"@id\":\"https:\\\/\\\/comunitaria.es\\\/ca\\\/#organization\",\"name\":\"Comunitaria Administraci\u00f3 i Serveis SL\",\"url\":\"https:\\\/\\\/comunitaria.es\\\/ca\\\/\",\"logo\":{\"@type\":\"ImageObject\",\"inLanguage\":\"ca\",\"@id\":\"https:\\\/\\\/comunitaria.es\\\/ca\\\/#\\\/schema\\\/logo\\\/image\\\/\",\"url\":\"https:\\\/\\\/www.comunitaria.es\\\/wp-content\\\/uploads\\\/2020\\\/05\\\/logo-comunitaria-25.png\",\"contentUrl\":\"https:\\\/\\\/www.comunitaria.es\\\/wp-content\\\/uploads\\\/2020\\\/05\\\/logo-comunitaria-25.png\",\"width\":225,\"height\":104,\"caption\":\"Comunitaria Administraci\u00f3 i Serveis SL\"},\"image\":{\"@id\":\"https:\\\/\\\/comunitaria.es\\\/ca\\\/#\\\/schema\\\/logo\\\/image\\\/\"}}]}<\/script>\n<!-- \/ Yoast SEO plugin. -->","yoast_head_json":{"title":"Comunitats de Propietaris Lleida","description":"Administraci\u00f3 de finques a Lleida i Vielha. Gesti\u00f3 de comunitats de propietaris. Assessorament legal, gestions fiscals, assemblees, llibres d'actes.","robots":{"index":"index","follow":"follow","max-snippet":"max-snippet:-1","max-image-preview":"max-image-preview:large","max-video-preview":"max-video-preview:-1"},"canonical":"https:\/\/comunitaria.es\/ca\/comunitats\/","og_locale":"ca_ES","og_type":"article","og_title":"Comunitats de Propietaris Lleida","og_description":"Administraci\u00f3 de finques a Lleida i Vielha. Gesti\u00f3 de comunitats de propietaris. Assessorament legal, gestions fiscals, assemblees, llibres d'actes.","og_url":"https:\/\/comunitaria.es\/ca\/comunitats\/","og_site_name":"Comunit\u00e0ria - Administraci\u00f3 i Serveis","article_modified_time":"2020-07-07T11:11:34+00:00","twitter_card":"summary_large_image","twitter_misc":{"Est. reading time":"5 minutes"},"schema":{"@context":"https:\/\/schema.org","@graph":[{"@type":"WebPage","@id":"https:\/\/comunitaria.es\/ca\/comunitats\/","url":"https:\/\/comunitaria.es\/ca\/comunitats\/","name":"Comunitats de Propietaris Lleida","isPartOf":{"@id":"https:\/\/comunitaria.es\/ca\/#website"},"datePublished":"2020-03-30T11:25:49+00:00","dateModified":"2020-07-07T11:11:34+00:00","description":"Administraci\u00f3 de finques a Lleida i Vielha. Gesti\u00f3 de comunitats de propietaris. Assessorament legal, gestions fiscals, assemblees, llibres d'actes.","breadcrumb":{"@id":"https:\/\/comunitaria.es\/ca\/comunitats\/#breadcrumb"},"inLanguage":"ca","potentialAction":[{"@type":"ReadAction","target":["https:\/\/comunitaria.es\/ca\/comunitats\/"]}]},{"@type":"BreadcrumbList","@id":"https:\/\/comunitaria.es\/ca\/comunitats\/#breadcrumb","itemListElement":[{"@type":"ListItem","position":1,"name":"Portada","item":"https:\/\/comunitaria.es\/ca\/"},{"@type":"ListItem","position":2,"name":"Comunitats"}]},{"@type":"WebSite","@id":"https:\/\/comunitaria.es\/ca\/#website","url":"https:\/\/comunitaria.es\/ca\/","name":"Comunit\u00e0ria - Administraci\u00f3 i Serveis","description":"","publisher":{"@id":"https:\/\/comunitaria.es\/ca\/#organization"},"potentialAction":[{"@type":"SearchAction","target":{"@type":"EntryPoint","urlTemplate":"https:\/\/comunitaria.es\/ca\/?s={search_term_string}"},"query-input":{"@type":"PropertyValueSpecification","valueRequired":true,"valueName":"search_term_string"}}],"inLanguage":"ca"},{"@type":"Organization","@id":"https:\/\/comunitaria.es\/ca\/#organization","name":"Comunitaria Administraci\u00f3 i Serveis SL","url":"https:\/\/comunitaria.es\/ca\/","logo":{"@type":"ImageObject","inLanguage":"ca","@id":"https:\/\/comunitaria.es\/ca\/#\/schema\/logo\/image\/","url":"https:\/\/www.comunitaria.es\/wp-content\/uploads\/2020\/05\/logo-comunitaria-25.png","contentUrl":"https:\/\/www.comunitaria.es\/wp-content\/uploads\/2020\/05\/logo-comunitaria-25.png","width":225,"height":104,"caption":"Comunitaria Administraci\u00f3 i Serveis SL"},"image":{"@id":"https:\/\/comunitaria.es\/ca\/#\/schema\/logo\/image\/"}}]}},"_links":{"self":[{"href":"https:\/\/comunitaria.es\/ca\/wp-json\/wp\/v2\/pages\/3509","targetHints":{"allow":["GET"]}}],"collection":[{"href":"https:\/\/comunitaria.es\/ca\/wp-json\/wp\/v2\/pages"}],"about":[{"href":"https:\/\/comunitaria.es\/ca\/wp-json\/wp\/v2\/types\/page"}],"author":[{"embeddable":true,"href":"https:\/\/comunitaria.es\/ca\/wp-json\/wp\/v2\/users\/2"}],"replies":[{"embeddable":true,"href":"https:\/\/comunitaria.es\/ca\/wp-json\/wp\/v2\/comments?post=3509"}],"version-history":[{"count":30,"href":"https:\/\/comunitaria.es\/ca\/wp-json\/wp\/v2\/pages\/3509\/revisions"}],"predecessor-version":[{"id":4666,"href":"https:\/\/comunitaria.es\/ca\/wp-json\/wp\/v2\/pages\/3509\/revisions\/4666"}],"wp:attachment":[{"href":"https:\/\/comunitaria.es\/ca\/wp-json\/wp\/v2\/media?parent=3509"}],"curies":[{"name":"wp","href":"https:\/\/api.w.org\/{rel}","templated":true}]}}